{"id":9050,"date":"2025-01-20T16:22:55","date_gmt":"2025-01-20T15:22:55","guid":{"rendered":"https:\/\/www.lemasdeslavandes.fr\/campsite-services-herault\/"},"modified":"2026-05-01T15:30:44","modified_gmt":"2026-05-01T13:30:44","slug":"campsite-services-herault","status":"publish","type":"page","link":"https:\/\/www.lemasdeslavandes.fr\/en\/campsite-services-herault\/","title":{"rendered":"Services"},"content":{"rendered":"\n<section class=\"wp-block-group page-one has-link-color wp-elements-ec38dd0c89eb2bbaa64d3c08e2fa8be0 is-layout-flow wp-block-group-is-layout-flow\" style=\"margin-top:var(--wp--preset--spacing--50);margin-bottom:var(--wp--preset--spacing--50)\">\n<h1 class=\"wp-block-heading has-text-align-center\">4-star family Campsite with services<br \/><span><mark class=\"has-inline-color has-custom-color-5-color\">near Valras-Plage<\/mark><\/span><\/h1>\n\n\n\n<p class=\"has-text-align-center\" style=\"padding-top:var(--wp--preset--spacing--40);padding-right:30rem;padding-left:30rem\">At the 4-star <strong>Mas des Lavandes<\/strong> Campsite, we do our utmost to offer you the many <strong>services you need<\/strong> for a pleasant stay just a stone&#8217;s throw from the <a href=\"https:\/\/www.lemasdeslavandes.fr\/en\/tourism-herault\/tourism-valras-beach\/\" data-type=\"page\" data-id=\"63\">seaside resort of Valras-Plage<\/a>. To offer you an ever-improving welcome and services, we have been awarded the <strong>Qualit\u00e9 Tourisme Occitanie<\/strong> label. <\/p>\n<\/section>\n\n<section class=\"wp-block-group home-third page-two is-layout-flow wp-block-group-is-layout-flow\" style=\"margin-top:var(--wp--preset--spacing--50);margin-bottom:var(--wp--preset--spacing--50)\">\n<div class=\"wp-block-columns has-custom-color-2-background-color has-background is-layout-flex wp-container-core-columns-is-layout-28f84493 wp-block-columns-is-layout-flex\">\n<div class=\"wp-block-column is-layout-flow wp-block-column-is-layout-flow\" style=\"flex-basis:50%\">\n<div data-swiper=\"{&quot;speed&quot;:400,&quot;spaceBetween&quot;:15,&quot;slidesPerView&quot;:1,&quot;createElements&quot;:true,&quot;loop&quot;:true,&quot;freemode&quot;:true,&quot;navigation&quot;:{&quot;nextEl&quot;:&quot;buttonNext&quot;,&quot;prevEl&quot;:&quot;buttonPrev&quot;},&quot;breakpoints&quot;:[{&quot;slidesPerView&quot;:1}],&quot;pagination&quot;:false,&quot;parallax&quot;:true}\" class=\"wp-block-group left gt-is-slider gt-is-slider-desktop has-global-padding is-content-justification-left is-layout-constrained wp-container-core-group-is-layout-16a8afda wp-block-group-is-layout-constrained\" style=\"padding-top:0;padding-bottom:0\">\n<figure class=\"wp-block-image size-full\"><img loading=\"lazy\" decoding=\"async\" width=\"1000\" height=\"700\" src=\"https:\/\/www.lemasdeslavandes.fr\/wp-content\/uploads\/sites\/2\/2025\/02\/camping-avec-service-conciergerie-herault.jpg\" alt=\"Campsite with concierge service herault\" class=\"wp-image-2490\" srcset=\"https:\/\/www.lemasdeslavandes.fr\/wp-content\/uploads\/sites\/2\/2025\/02\/camping-avec-service-conciergerie-herault.jpg 1000w, https:\/\/www.lemasdeslavandes.fr\/wp-content\/uploads\/sites\/2\/2025\/02\/camping-avec-service-conciergerie-herault-300x210.jpg 300w, https:\/\/www.lemasdeslavandes.fr\/wp-content\/uploads\/sites\/2\/2025\/02\/camping-avec-service-conciergerie-herault-768x538.jpg 768w\" sizes=\"auto, (max-width: 1000px) 100vw, 1000px\" \/><\/figure>\n\n\n\n<figure class=\"wp-block-image size-full\"><img loading=\"lazy\" decoding=\"async\" width=\"1000\" height=\"700\" src=\"https:\/\/www.lemasdeslavandes.fr\/wp-content\/uploads\/sites\/2\/2025\/02\/camping-valras-famille.jpg\" alt=\"Campsite valras family\" class=\"wp-image-6362\" srcset=\"https:\/\/www.lemasdeslavandes.fr\/wp-content\/uploads\/sites\/2\/2025\/02\/camping-valras-famille.jpg 1000w, https:\/\/www.lemasdeslavandes.fr\/wp-content\/uploads\/sites\/2\/2025\/02\/camping-valras-famille-300x210.jpg 300w, https:\/\/www.lemasdeslavandes.fr\/wp-content\/uploads\/sites\/2\/2025\/02\/camping-valras-famille-768x538.jpg 768w\" sizes=\"auto, (max-width: 1000px) 100vw, 1000px\" \/><\/figure>\n<\/div>\n<\/div>\n\n\n\n<div class=\"wp-block-column is-layout-flow wp-block-column-is-layout-flow\" style=\"flex-basis:50%\">\n<div class=\"wp-block-group right has-global-padding is-content-justification-left is-layout-constrained wp-container-core-group-is-layout-12dd3699 wp-block-group-is-layout-constrained\">\n<div class=\"wp-block-group h2-container has-global-padding is-layout-constrained wp-block-group-is-layout-constrained\">\n<h2 class=\"wp-block-heading has-base-2-background-color has-background\" style=\"padding-top:var(--wp--preset--spacing--50);padding-bottom:0;padding-left:var(--wp--preset--spacing--50)\"><br \/> <mark class=\"has-inline-color has-custom-color-5-color\">Welcome to Mas des Lavandes<\/mark> in H\u00e9rault<\/h2>\n<\/div>\n\n\n\n<div class=\"wp-block-group bottom has-link-color wp-elements-8a52c85ae3d766ac78edcac66e913d6e has-global-padding is-layout-constrained wp-container-core-group-is-layout-5608bdc5 wp-block-group-is-layout-constrained\" style=\"padding-top:var(--wp--preset--spacing--30);padding-right:15rem;padding-bottom:0;padding-left:var(--wp--preset--spacing--50)\">\n<p>Welcome to our <strong>year-round<\/strong> Campsite Mas des Lavandes in the H\u00e9rault region, set in a <strong>6-hectare wooded estate<\/strong>. We&#8217;ll be happy to welcome you at reception on your arrival, and throughout your stay with us.   <\/p>\n\n\n\n<p>Our Campsite has also developed a <strong>concierge service<\/strong> designed to enhance your vacation by meeting your every need: loans (sports equipment, hairdryers, etc.), bookings (activities, restaurants, visits, cabs, etc.), luggage storage, souvenir store, local information, bike hire, etc.<\/p>\n<\/div>\n<\/div>\n<\/div>\n<\/div>\n\n\n\n<p class=\"h1-like\"><span>comfort<\/span> services<\/p>\n<\/section>\n\n<section class=\"wp-block-group home-third page-two reverse is-layout-flow wp-block-group-is-layout-flow\">\n<div class=\"wp-block-columns has-custom-color-2-background-color has-background is-layout-flex wp-container-core-columns-is-layout-e477a36d wp-block-columns-is-layout-flex\" style=\"padding-bottom:var(--wp--preset--spacing--60)\">\n<div class=\"wp-block-column is-layout-flow wp-block-column-is-layout-flow\" style=\"flex-basis:50%\">\n<div class=\"wp-block-group right has-global-padding is-content-justification-center is-layout-constrained wp-block-group-is-layout-constrained\">\n<div class=\"wp-block-group h2-container has-global-padding is-layout-constrained wp-block-group-is-layout-constrained\">\n<h2 class=\"wp-block-heading has-base-2-background-color has-background\" style=\"padding-top:var(--wp--preset--spacing--50);padding-right:var(--wp--preset--spacing--10);padding-bottom:0;padding-left:var(--wp--preset--spacing--50)\"><mark class=\"has-inline-color has-custom-color-5-color\">Comprehensive services <\/mark>for your comfort<\/h2>\n<\/div>\n\n\n\n<div class=\"wp-block-group bottom has-link-color wp-elements-202b615ca650a4c0a3780d50a85a20b2 has-global-padding is-layout-constrained wp-container-core-group-is-layout-e8e1b2be wp-block-group-is-layout-constrained\" style=\"padding-top:var(--wp--preset--spacing--30);padding-right:10rem;padding-bottom:0;padding-left:var(--wp--preset--spacing--50)\">\n<p>Dear holidaymakers, we offer you a <strong>full range of services<\/strong> to make your stay at our Campsite in S\u00e9rignan as pleasant as possible:  <\/p>\n\n\n\n<ul style=\"padding-left:var(--wp--preset--spacing--40)\" class=\"wp-block-list\">\n<li>In addition to washing machines, the <strong>laundry<\/strong> has a tumble dryer, ironing board and iron,<\/li>\n\n\n\n<li><strong>additional rentals<\/strong> are available for towels, sheets and baby equipment,<\/li>\n\n\n\n<li><strong>BBQ<\/strong> rental available,<\/li>\n\n\n\n<li><strong>wifi<\/strong> is available throughout the estate (subject to charges).<\/li>\n<\/ul>\n\n\n\n<p>For further information, we invite you to find all the details and pricing on <a href=\"https:\/\/www.lemasdeslavandes.fr\/en\/frequently-asked-questions\/\" data-type=\"page\" data-id=\"191\">our dedicated FAQ page<\/a>.<\/p>\n\n\n\n<p>What&#8217;s more, a host of activities and a large water park await you for a fun-filled family vacation in the H\u00e9rault!<\/p>\n<\/div>\n<\/div>\n<\/div>\n\n\n\n<div class=\"wp-block-column is-layout-flow wp-block-column-is-layout-flow\" style=\"flex-basis:50%\">\n<div class=\"wp-block-group left is-layout-flow wp-block-group-is-layout-flow\" style=\"padding-top:0;padding-bottom:0\">\n<figure class=\"wp-block-image size-full has-custom-border\"><img loading=\"lazy\" decoding=\"async\" width=\"1000\" height=\"700\" src=\"https:\/\/www.lemasdeslavandes.fr\/wp-content\/uploads\/sites\/2\/2025\/02\/location-linge-de-toilette-camping-herault.jpg\" alt=\"bathroom linen rental Campsite herault\" class=\"wp-image-2494\" style=\"border-bottom-left-radius:150px;object-fit:cover\" srcset=\"https:\/\/www.lemasdeslavandes.fr\/wp-content\/uploads\/sites\/2\/2025\/02\/location-linge-de-toilette-camping-herault.jpg 1000w, https:\/\/www.lemasdeslavandes.fr\/wp-content\/uploads\/sites\/2\/2025\/02\/location-linge-de-toilette-camping-herault-300x210.jpg 300w, https:\/\/www.lemasdeslavandes.fr\/wp-content\/uploads\/sites\/2\/2025\/02\/location-linge-de-toilette-camping-herault-768x538.jpg 768w\" sizes=\"auto, (max-width: 1000px) 100vw, 1000px\" \/><\/figure>\n<\/div>\n<\/div>\n<\/div>\n\n\n\n<div class=\"wp-block-columns has-custom-color-2-background-color has-background is-layout-flex wp-container-core-columns-is-layout-616294e8 wp-block-columns-is-layout-flex\" style=\"margin-top:0px;padding-top:0\">\n<div class=\"wp-block-column is-layout-flow wp-block-column-is-layout-flow\" style=\"flex-basis:50%\">\n<div data-swiper=\"{&quot;speed&quot;:400,&quot;spaceBetween&quot;:15,&quot;slidesPerView&quot;:1,&quot;createElements&quot;:true,&quot;loop&quot;:true,&quot;freemode&quot;:true,&quot;navigation&quot;:{&quot;nextEl&quot;:&quot;buttonNext&quot;,&quot;prevEl&quot;:&quot;buttonPrev&quot;},&quot;breakpoints&quot;:[{&quot;slidesPerView&quot;:1}],&quot;pagination&quot;:false,&quot;parallax&quot;:true}\" class=\"wp-block-group left gt-is-slider gt-is-slider-desktop has-global-padding is-content-justification-center is-layout-constrained wp-block-group-is-layout-constrained\" style=\"padding-top:0;padding-bottom:0\">\n<figure class=\"wp-block-image size-full has-custom-border\"><img loading=\"lazy\" decoding=\"async\" width=\"1000\" height=\"700\" src=\"https:\/\/www.lemasdeslavandes.fr\/wp-content\/uploads\/sites\/2\/2025\/02\/camping-avec-espace-bien-etre-en-herault.jpg\" alt=\"Campsite with wellness area in Herault\" class=\"wp-image-2498\" style=\"border-top-right-radius:150px\" srcset=\"https:\/\/www.lemasdeslavandes.fr\/wp-content\/uploads\/sites\/2\/2025\/02\/camping-avec-espace-bien-etre-en-herault.jpg 1000w, https:\/\/www.lemasdeslavandes.fr\/wp-content\/uploads\/sites\/2\/2025\/02\/camping-avec-espace-bien-etre-en-herault-300x210.jpg 300w, https:\/\/www.lemasdeslavandes.fr\/wp-content\/uploads\/sites\/2\/2025\/02\/camping-avec-espace-bien-etre-en-herault-768x538.jpg 768w\" sizes=\"auto, (max-width: 1000px) 100vw, 1000px\" \/><\/figure>\n\n\n\n<figure class=\"wp-block-image size-full has-custom-border\"><img loading=\"lazy\" decoding=\"async\" width=\"1000\" height=\"700\" src=\"https:\/\/www.lemasdeslavandes.fr\/wp-content\/uploads\/sites\/2\/2025\/02\/esapce-massage-en-camping-herault.jpg\" alt=\"esapce massage en camping herault\" class=\"wp-image-2502\" style=\"border-top-right-radius:150px\" srcset=\"https:\/\/www.lemasdeslavandes.fr\/wp-content\/uploads\/sites\/2\/2025\/02\/esapce-massage-en-camping-herault.jpg 1000w, https:\/\/www.lemasdeslavandes.fr\/wp-content\/uploads\/sites\/2\/2025\/02\/esapce-massage-en-camping-herault-300x210.jpg 300w, https:\/\/www.lemasdeslavandes.fr\/wp-content\/uploads\/sites\/2\/2025\/02\/esapce-massage-en-camping-herault-768x538.jpg 768w\" sizes=\"auto, (max-width: 1000px) 100vw, 1000px\" \/><\/figure>\n<\/div>\n<\/div>\n\n\n\n<div class=\"wp-block-column is-vertically-aligned-center is-layout-flow wp-block-column-is-layout-flow\" style=\"flex-basis:50%\">\n<div class=\"wp-block-group right has-global-padding is-content-justification-left is-layout-constrained wp-container-core-group-is-layout-12dd3699 wp-block-group-is-layout-constrained\">\n<div class=\"wp-block-group h2-container has-global-padding is-layout-constrained wp-block-group-is-layout-constrained\">\n<h2 class=\"wp-block-heading\" style=\"padding-top:var(--wp--preset--spacing--50);padding-right:var(--wp--preset--spacing--10);padding-bottom:0;padding-left:var(--wp--preset--spacing--50)\"><mark class=\"has-inline-color has-custom-color-5-color\">Wellness and massage area: <\/mark>L&#8217;Or d&#8217;\u00c9gypte<\/h2>\n<\/div>\n\n\n\n<div class=\"wp-block-group bottom has-link-color wp-elements-bdadb0ff25dd16b3c04b399077a5b73d has-global-padding is-layout-constrained wp-container-core-group-is-layout-e8e1b2be wp-block-group-is-layout-constrained\" style=\"padding-top:var(--wp--preset--spacing--30);padding-right:10rem;padding-bottom:0;padding-left:var(--wp--preset--spacing--50)\">    <div id=\"gt-fse-lire-plus-69f58fc2bd80c\" class=\"gt-fse-lire-plus\" data-min-height=\"130\" style=\"background-color: #f7f4f1;\">\n        <input id=\"gt-fse-lire-plus-69f58fc2bd80c-toggle\" type=\"checkbox\" class=\"gt-fse-lire-plus__toggle\" \/>\n        <label for=\"gt-fse-lire-plus-69f58fc2bd80c-toggle\" class=\"gt-fse-lire-plus__toggle-label\">\n            <span>Read more<\/span>\n            <span>Read less<\/span>\n        <\/label>\n        <div class=\"gt-fse-lire-plus__content\" style=\"height: 130px;\">\n            \n\n<p>During your vacation at our<strong> 4-star Campsite in S\u00e9rignan<\/strong>, on the road to the beaches, Sandrine welcomes you to the L&#8217;Or d&#8217;\u00c9gypte relaxation area. She offers <strong>escapism rituals<\/strong>, <strong>holistic treatments (magnetism and dowsing)<\/strong> and all types of <strong>well-being treatments.<\/strong> <\/p>\n\n\n\n<p>Vacations are the perfect time to take time for yourself. After a massage, relax in our whirlpool baths in the aquatic area. <\/p>\n\n            <div class=\"gt-fse-lire-plus__gradient\" style=\"background: linear-gradient(to bottom,rgba(247,244,241,0) 0%,rgba(247,244,241,1) 100%);\"><\/div>\n        <\/div>\n    <\/div>\n    <\/div>\n<\/div>\n<\/div>\n<\/div>\n<\/section>\n\n<section class=\"wp-block-group is-layout-flow wp-block-group-is-layout-flow\">\n<p class=\"h1-like\">holidays <span>wellness<\/span><\/p>\n<\/section>\n\n<section id=\"location-velo\" class=\"wp-block-group home-third page-two is-layout-flow wp-block-group-is-layout-flow\" style=\"margin-top:var(--wp--preset--spacing--50);margin-bottom:var(--wp--preset--spacing--50)\">\n<div class=\"wp-block-columns has-custom-color-2-background-color has-background is-layout-flex wp-container-core-columns-is-layout-28f84493 wp-block-columns-is-layout-flex\">\n<div class=\"wp-block-column is-layout-flow wp-block-column-is-layout-flow\" style=\"flex-basis:50%\">\n<div data-swiper=\"{&quot;speed&quot;:400,&quot;spaceBetween&quot;:15,&quot;slidesPerView&quot;:1,&quot;createElements&quot;:true,&quot;loop&quot;:true,&quot;freemode&quot;:true,&quot;navigation&quot;:{&quot;nextEl&quot;:&quot;buttonNext&quot;,&quot;prevEl&quot;:&quot;buttonPrev&quot;},&quot;breakpoints&quot;:[{&quot;slidesPerView&quot;:1}],&quot;pagination&quot;:false,&quot;parallax&quot;:true,&quot;autoplay&quot;:{&quot;delay&quot;:3500}}\" class=\"wp-block-group left gt-is-slider gt-is-slider-desktop has-global-padding is-content-justification-left is-layout-constrained wp-container-core-group-is-layout-16a8afda wp-block-group-is-layout-constrained\" style=\"padding-top:0;padding-bottom:0\">\n<figure class=\"wp-block-image size-full has-custom-border\"><img loading=\"lazy\" decoding=\"async\" width=\"1000\" height=\"700\" src=\"https:\/\/www.lemasdeslavandes.fr\/wp-content\/uploads\/sites\/2\/2025\/02\/camping-avec-location-de-velo-en-herault.jpg\" alt=\"Campsite with bike rental in Herault\" class=\"wp-image-2506\" style=\"border-bottom-left-radius:0px\" srcset=\"https:\/\/www.lemasdeslavandes.fr\/wp-content\/uploads\/sites\/2\/2025\/02\/camping-avec-location-de-velo-en-herault.jpg 1000w, https:\/\/www.lemasdeslavandes.fr\/wp-content\/uploads\/sites\/2\/2025\/02\/camping-avec-location-de-velo-en-herault-300x210.jpg 300w, https:\/\/www.lemasdeslavandes.fr\/wp-content\/uploads\/sites\/2\/2025\/02\/camping-avec-location-de-velo-en-herault-768x538.jpg 768w\" sizes=\"auto, (max-width: 1000px) 100vw, 1000px\" \/><\/figure>\n\n\n\n<figure class=\"wp-block-image size-full has-custom-border\"><img loading=\"lazy\" decoding=\"async\" width=\"1000\" height=\"700\" src=\"https:\/\/www.lemasdeslavandes.fr\/wp-content\/uploads\/sites\/2\/2025\/02\/louer-un-velo-en-herault.jpg\" alt=\"rent a bike in herault\" class=\"wp-image-2510\" style=\"border-bottom-left-radius:0px\" srcset=\"https:\/\/www.lemasdeslavandes.fr\/wp-content\/uploads\/sites\/2\/2025\/02\/louer-un-velo-en-herault.jpg 1000w, https:\/\/www.lemasdeslavandes.fr\/wp-content\/uploads\/sites\/2\/2025\/02\/louer-un-velo-en-herault-300x210.jpg 300w, https:\/\/www.lemasdeslavandes.fr\/wp-content\/uploads\/sites\/2\/2025\/02\/louer-un-velo-en-herault-768x538.jpg 768w\" sizes=\"auto, (max-width: 1000px) 100vw, 1000px\" \/><\/figure>\n<\/div>\n<\/div>\n\n\n\n<div class=\"wp-block-column is-layout-flow wp-block-column-is-layout-flow\" style=\"flex-basis:50%\">\n<div class=\"wp-block-group right has-global-padding is-content-justification-left is-layout-constrained wp-container-core-group-is-layout-12dd3699 wp-block-group-is-layout-constrained\">\n<div class=\"wp-block-group h2-container has-global-padding is-layout-constrained wp-block-group-is-layout-constrained\">\n<h2 class=\"wp-block-heading has-base-2-background-color has-background\" style=\"padding-top:var(--wp--preset--spacing--50);padding-bottom:0;padding-left:var(--wp--preset--spacing--50)\"><br \/><mark class=\"has-inline-color has-custom-color-5-color\">Rent a bike for rides<\/mark> around S\u00e9rignan<\/h2>\n<\/div>\n\n\n\n<div class=\"wp-block-group bottom has-link-color wp-elements-27683c7c0ee9590a30bde5b60436b5fd has-global-padding is-layout-constrained wp-container-core-group-is-layout-5608bdc5 wp-block-group-is-layout-constrained\" style=\"padding-top:var(--wp--preset--spacing--30);padding-right:15rem;padding-bottom:0;padding-left:var(--wp--preset--spacing--50)\">\n<p>Saddle up for your family vacation! It&#8217;s child&#8217;s play to discover the <strong>Mediterranean seaside by bike<\/strong>. To make the most of the <strong>cycle paths in<\/strong> and around <strong>Valras-Plage<\/strong> and <a href=\"https:\/\/www.lemasdeslavandes.fr\/en\/tourism-herault\/visit-serignan\/\" data-type=\"page\" data-id=\"55\">S\u00e9rignan<\/a>, which has many suitable cycle paths, we invite you to meet us directly at reception.  <\/p>\n\n\n\n<p><strong>Three types of bikes are available:<\/strong> <\/p>\n\n\n\n<ul style=\"padding-left:var(--wp--preset--spacing--40)\" class=\"wp-block-list\">\n<li>children&#8217;s bikes (5-8 years),  <\/li>\n\n\n\n<li>junior bike (8-12 years),  <\/li>\n\n\n\n<li>adult bikes.<\/li>\n<\/ul>\n\n\n\n<p>Accessories are also available to complete your equipment (child seat, helmets).<\/p>\n<\/div>\n<\/div>\n<\/div>\n<\/div>\n<\/section>\n\n<section class=\"wp-block-group page-one has-link-color wp-elements-56c55be37e462e48e7bdf9e72f3ca94a is-layout-flow wp-block-group-is-layout-flow\" style=\"margin-top:var(--wp--preset--spacing--60);margin-bottom:var(--wp--preset--spacing--60)\">\n<div class=\"wp-block-group h2-container has-global-padding is-content-justification-center is-layout-constrained wp-block-group-is-layout-constrained\">\n<h2 class=\"wp-block-heading has-text-align-center\"><span>Stay connected<\/span><br \/>with wifi and mobile app<\/h2>\n<\/div>\n\n\n\n<div data-swiper=\"{&quot;speed&quot;:400,&quot;spaceBetween&quot;:30,&quot;slidesPerView&quot;:2,&quot;loop&quot;:true,&quot;breakpoints&quot;:{&quot;0&quot;:{&quot;slidesPerView&quot;:1,&quot;centeredSlides&quot;:true},&quot;380&quot;:{&quot;slidesPerView&quot;:2,&quot;centeredSlides&quot;:true}},&quot;navigation&quot;:{&quot;nextEl&quot;:&quot;buttonNext&quot;,&quot;prevEl&quot;:&quot;buttonPrev&quot;},&quot;pagination&quot;:false,&quot;centeredSlides&quot;:true,&quot;parallax&quot;:true,&quot;autoplay&quot;:{&quot;delay&quot;:3500}}\" class=\"wp-block-group slider-container gt-is-slider gt-is-slider-desktop is-layout-flow wp-block-group-is-layout-flow\">\n<div data-swiper=\"{&quot;speed&quot;:1000,&quot;autoplay&quot;:{&quot;delay&quot;:5000,&quot;disableOnInteraction&quot;:false},&quot;spaceBetween&quot;:0,&quot;slidesPerView&quot;:1,&quot;pagination&quot;:{&quot;el&quot;:&quot;.swiper-pagination&quot;,&quot;dynamicBullets&quot;:true,&quot;clickable&quot;:true,&quot;type&quot;:&quot;bullets&quot;},&quot;navigation&quot;:{&quot;nextEl&quot;:&quot;.swiper-button-next&quot;,&quot;prevEl&quot;:&quot;.swiper-button-prev&quot;},&quot;breakpoints&quot;:[{&quot;slidesPerView&quot;:1}]}\" class=\"wp-block-cover is-light has-custom-content-position is-position-bottom-center\" style=\"border-top-right-radius:150px;min-height:700px;aspect-ratio:unset;\"><span aria-hidden=\"true\" class=\"wp-block-cover__background has-background-dim-0 has-background-dim\" style=\"background-color:#868e9d\"><\/span><img loading=\"lazy\" decoding=\"async\" width=\"840\" height=\"700\" class=\"wp-block-cover__image-background wp-image-1623\" alt=\"location mh mas des lavandes herault\" src=\"https:\/\/www.lemasdeslavandes.fr\/wp-content\/uploads\/sites\/2\/2025\/01\/location-mh-mas-des-lavandes-herault.jpg\" data-object-fit=\"cover\" srcset=\"https:\/\/www.lemasdeslavandes.fr\/wp-content\/uploads\/sites\/2\/2025\/01\/location-mh-mas-des-lavandes-herault.jpg 840w, https:\/\/www.lemasdeslavandes.fr\/wp-content\/uploads\/sites\/2\/2025\/01\/location-mh-mas-des-lavandes-herault-300x250.jpg 300w, https:\/\/www.lemasdeslavandes.fr\/wp-content\/uploads\/sites\/2\/2025\/01\/location-mh-mas-des-lavandes-herault-768x640.jpg 768w\" sizes=\"auto, (max-width: 840px) 100vw, 840px\" \/><div class=\"wp-block-cover__inner-container has-global-padding is-layout-constrained wp-block-cover-is-layout-constrained\">\n<p class=\"has-text-align-center has-base-2-color has-text-color has-link-color has-josefin-sans-font-family wp-elements-4c651948a3c203fb419b261bd38fcf52\" style=\"font-size:clamp(0.875rem, 0.875rem + ((1vw - 0.2rem) * 0.576), 1.3rem);letter-spacing:1px\"><\/p>\n<\/div><\/div>\n\n\n\n<div data-swiper=\"{&quot;speed&quot;:1000,&quot;autoplay&quot;:{&quot;delay&quot;:5000,&quot;disableOnInteraction&quot;:false},&quot;spaceBetween&quot;:0,&quot;slidesPerView&quot;:1,&quot;pagination&quot;:{&quot;el&quot;:&quot;.swiper-pagination&quot;,&quot;dynamicBullets&quot;:true,&quot;clickable&quot;:true,&quot;type&quot;:&quot;bullets&quot;},&quot;navigation&quot;:{&quot;nextEl&quot;:&quot;.swiper-button-next&quot;,&quot;prevEl&quot;:&quot;.swiper-button-prev&quot;},&quot;breakpoints&quot;:[{&quot;slidesPerView&quot;:1}]}\" class=\"wp-block-cover has-custom-content-position is-position-bottom-center\" style=\"border-top-right-radius:150px;min-height:700px;aspect-ratio:unset;\"><span aria-hidden=\"true\" class=\"wp-block-cover__background has-background-dim-0 has-background-dim\" style=\"background-color:#5d829a\"><\/span><img loading=\"lazy\" decoding=\"async\" width=\"2048\" height=\"1333\" class=\"wp-block-cover__image-background wp-image-1627\" alt=\"parc aquatique camping mas des lavandes\" src=\"https:\/\/www.lemasdeslavandes.fr\/wp-content\/uploads\/sites\/2\/2025\/01\/parc-aquatique-camping-mas-des-lavandes.jpg\" data-object-fit=\"cover\" srcset=\"https:\/\/www.lemasdeslavandes.fr\/wp-content\/uploads\/sites\/2\/2025\/01\/parc-aquatique-camping-mas-des-lavandes.jpg 2048w, https:\/\/www.lemasdeslavandes.fr\/wp-content\/uploads\/sites\/2\/2025\/01\/parc-aquatique-camping-mas-des-lavandes-300x195.jpg 300w, https:\/\/www.lemasdeslavandes.fr\/wp-content\/uploads\/sites\/2\/2025\/01\/parc-aquatique-camping-mas-des-lavandes-1024x667.jpg 1024w, https:\/\/www.lemasdeslavandes.fr\/wp-content\/uploads\/sites\/2\/2025\/01\/parc-aquatique-camping-mas-des-lavandes-768x500.jpg 768w, https:\/\/www.lemasdeslavandes.fr\/wp-content\/uploads\/sites\/2\/2025\/01\/parc-aquatique-camping-mas-des-lavandes-1536x1000.jpg 1536w\" sizes=\"auto, (max-width: 2048px) 100vw, 2048px\" \/><div class=\"wp-block-cover__inner-container has-global-padding is-layout-constrained wp-block-cover-is-layout-constrained\">\n<p class=\"has-text-align-center has-base-2-color has-text-color has-link-color has-josefin-sans-font-family wp-elements-4c651948a3c203fb419b261bd38fcf52\" style=\"font-size:clamp(0.875rem, 0.875rem + ((1vw - 0.2rem) * 0.576), 1.3rem);letter-spacing:1px\"><\/p>\n<\/div><\/div>\n\n\n\n<div data-swiper=\"{&quot;speed&quot;:1000,&quot;autoplay&quot;:{&quot;delay&quot;:5000,&quot;disableOnInteraction&quot;:false},&quot;spaceBetween&quot;:0,&quot;slidesPerView&quot;:1,&quot;pagination&quot;:{&quot;el&quot;:&quot;.swiper-pagination&quot;,&quot;dynamicBullets&quot;:true,&quot;clickable&quot;:true,&quot;type&quot;:&quot;bullets&quot;},&quot;navigation&quot;:{&quot;nextEl&quot;:&quot;.swiper-button-next&quot;,&quot;prevEl&quot;:&quot;.swiper-button-prev&quot;},&quot;breakpoints&quot;:[{&quot;slidesPerView&quot;:1}]}\" class=\"wp-block-cover is-light has-custom-content-position is-position-bottom-center\" style=\"border-top-right-radius:150px;min-height:700px;aspect-ratio:unset;\"><span aria-hidden=\"true\" class=\"wp-block-cover__background has-background-dim-0 has-background-dim\" style=\"background-color:#d99c70\"><\/span><img loading=\"lazy\" decoding=\"async\" width=\"840\" height=\"700\" class=\"wp-block-cover__image-background wp-image-1935\" alt=\"restaurant camping mas des lavandes serignan\" src=\"https:\/\/www.lemasdeslavandes.fr\/wp-content\/uploads\/sites\/2\/2025\/01\/restaurant-camping-mas-des-lavandes-serignan.jpg\" data-object-fit=\"cover\" srcset=\"https:\/\/www.lemasdeslavandes.fr\/wp-content\/uploads\/sites\/2\/2025\/01\/restaurant-camping-mas-des-lavandes-serignan.jpg 840w, https:\/\/www.lemasdeslavandes.fr\/wp-content\/uploads\/sites\/2\/2025\/01\/restaurant-camping-mas-des-lavandes-serignan-300x250.jpg 300w, https:\/\/www.lemasdeslavandes.fr\/wp-content\/uploads\/sites\/2\/2025\/01\/restaurant-camping-mas-des-lavandes-serignan-768x640.jpg 768w\" sizes=\"auto, (max-width: 840px) 100vw, 840px\" \/><div class=\"wp-block-cover__inner-container has-global-padding is-layout-constrained wp-block-cover-is-layout-constrained\">\n<p class=\"has-text-align-center has-base-2-color has-text-color has-link-color has-josefin-sans-font-family wp-elements-4c651948a3c203fb419b261bd38fcf52\" style=\"font-size:clamp(0.875rem, 0.875rem + ((1vw - 0.2rem) * 0.576), 1.3rem);letter-spacing:1px\"><\/p>\n<\/div><\/div>\n\n\n\n<div data-swiper=\"{&quot;speed&quot;:1000,&quot;autoplay&quot;:{&quot;delay&quot;:5000,&quot;disableOnInteraction&quot;:false},&quot;spaceBetween&quot;:0,&quot;slidesPerView&quot;:1,&quot;pagination&quot;:{&quot;el&quot;:&quot;.swiper-pagination&quot;,&quot;dynamicBullets&quot;:true,&quot;clickable&quot;:true,&quot;type&quot;:&quot;bullets&quot;},&quot;navigation&quot;:{&quot;nextEl&quot;:&quot;.swiper-button-next&quot;,&quot;prevEl&quot;:&quot;.swiper-button-prev&quot;},&quot;breakpoints&quot;:[{&quot;slidesPerView&quot;:1}]}\" class=\"wp-block-cover is-light has-custom-content-position is-position-bottom-center\" style=\"border-top-right-radius:150px;min-height:700px;aspect-ratio:unset;\"><span aria-hidden=\"true\" class=\"wp-block-cover__background has-background-dim-0 has-background-dim\" style=\"background-color:#8b8a85\"><\/span><img loading=\"lazy\" decoding=\"async\" width=\"1000\" height=\"700\" class=\"wp-block-cover__image-background wp-image-6366\" alt=\"camping securise valras\" src=\"https:\/\/www.lemasdeslavandes.fr\/wp-content\/uploads\/sites\/2\/2025\/02\/camping-securise-valras.jpg\" data-object-fit=\"cover\" srcset=\"https:\/\/www.lemasdeslavandes.fr\/wp-content\/uploads\/sites\/2\/2025\/02\/camping-securise-valras.jpg 1000w, https:\/\/www.lemasdeslavandes.fr\/wp-content\/uploads\/sites\/2\/2025\/02\/camping-securise-valras-300x210.jpg 300w, https:\/\/www.lemasdeslavandes.fr\/wp-content\/uploads\/sites\/2\/2025\/02\/camping-securise-valras-768x538.jpg 768w\" sizes=\"auto, (max-width: 1000px) 100vw, 1000px\" \/><div class=\"wp-block-cover__inner-container has-global-padding is-layout-constrained wp-block-cover-is-layout-constrained\">\n<p class=\"has-text-align-center has-base-2-color has-text-color has-link-color has-josefin-sans-font-family wp-elements-4c651948a3c203fb419b261bd38fcf52\" style=\"font-size:clamp(0.875rem, 0.875rem + ((1vw - 0.2rem) * 0.576), 1.3rem);letter-spacing:1px\"><\/p>\n<\/div><\/div>\n<\/div>\n\n\n\n<p class=\"has-text-align-center\" style=\"padding-top:var(--wp--preset--spacing--40);padding-right:30rem;padding-left:30rem\">Whether on the terrace of your mobile home or by the pool, you&#8217;ll never run out of network! Among our many services, you&#8217;ll find <strong>a secure Internet connection<\/strong> thanks to wifi access <strong>throughout the Campsite<\/strong>. <strong>For a fee, <\/strong>this is provided by an external service provider. You can purchase your access code <strong>at reception<\/strong> or directly <strong>online<\/strong> from your accommodation.<br \/>We have also developed a <strong>free application<\/strong> to accompany you throughout your stay, where you can find the Campsite&#8217;s services and shops, entertainment program, tourist tips, useful numbers and weather forecast. A real plus to make your stay with us easier!    <\/p>\n<\/section>\n\n<section class=\"wp-block-group home-third page-two reverse is-layout-flow wp-block-group-is-layout-flow\">\n<div class=\"wp-block-columns has-custom-color-2-background-color has-background is-layout-flex wp-container-core-columns-is-layout-e477a36d wp-block-columns-is-layout-flex\" style=\"padding-bottom:var(--wp--preset--spacing--60)\">\n<div class=\"wp-block-column is-layout-flow wp-block-column-is-layout-flow\" style=\"flex-basis:50%\">\n<div class=\"wp-block-group right has-global-padding is-content-justification-center is-layout-constrained wp-block-group-is-layout-constrained\">\n<div class=\"wp-block-group h2-container has-global-padding is-layout-constrained wp-block-group-is-layout-constrained\">\n<h2 class=\"wp-block-heading has-base-2-background-color has-background\" style=\"padding-top:var(--wp--preset--spacing--50);padding-right:var(--wp--preset--spacing--10);padding-bottom:0;padding-left:var(--wp--preset--spacing--50)\"><mark class=\"has-inline-color has-custom-color-5-color\">Your dog is welcome<\/mark> <br \/>in our Campsite<\/h2>\n<\/div>\n\n\n\n<div class=\"wp-block-group bottom has-global-padding is-layout-constrained wp-container-core-group-is-layout-e8e1b2be wp-block-group-is-layout-constrained\" style=\"padding-top:var(--wp--preset--spacing--30);padding-right:10rem;padding-bottom:0;padding-left:var(--wp--preset--spacing--50)\">\n<p>Your 4-legged friend is welcome <strong>at Campsite Mas des Lavandes<\/strong>!<\/p>\n\n\n\n<p><strong>Near the Campsite in S\u00e9rignan<\/strong>, your dog will be able to walk with you on the public beach of Portiragnes-Plage, where dogs are accepted. It&#8217;s a continuation of Valras-Plage and S\u00e9rignan Plage towards Vias. <\/p>\n\n\n\n<p>Here are a few rules you&#8217;ll need to observe on the Campsite: we accept dogs <strong>except those of category 1<\/strong>, with a limit of 1 dog per accommodation. A supplement of <strong>\u20ac6 per day<\/strong> will be charged. Please mention this when booking.   <\/p>\n\n\n\n<p>Your pet must be tattooed and vaccinated (vaccinations up to date), and must be kept on a leash within the Campsite grounds, but may not be allowed in the aquatic area. Pets must not be left locked in your accommodation or vehicle in your absence. <\/p>\n<\/div>\n<\/div>\n<\/div>\n\n\n\n<div class=\"wp-block-column is-layout-flow wp-block-column-is-layout-flow\" style=\"flex-basis:50%\">\n<div class=\"wp-block-group left is-layout-flow wp-block-group-is-layout-flow\" style=\"padding-top:0;padding-bottom:0\">\n<figure class=\"wp-block-image size-full has-custom-border\"><img loading=\"lazy\" decoding=\"async\" width=\"1000\" height=\"700\" src=\"https:\/\/www.lemasdeslavandes.fr\/wp-content\/uploads\/sites\/2\/2025\/02\/camping-acceptant-les-animaux-en-herault.jpg\" alt=\"pet-friendly Campsites in Herault\" class=\"wp-image-2516\" style=\"border-bottom-left-radius:150px;object-fit:cover\" srcset=\"https:\/\/www.lemasdeslavandes.fr\/wp-content\/uploads\/sites\/2\/2025\/02\/camping-acceptant-les-animaux-en-herault.jpg 1000w, https:\/\/www.lemasdeslavandes.fr\/wp-content\/uploads\/sites\/2\/2025\/02\/camping-acceptant-les-animaux-en-herault-300x210.jpg 300w, https:\/\/www.lemasdeslavandes.fr\/wp-content\/uploads\/sites\/2\/2025\/02\/camping-acceptant-les-animaux-en-herault-768x538.jpg 768w\" sizes=\"auto, (max-width: 1000px) 100vw, 1000px\" \/><\/figure>\n<\/div>\n<\/div>\n<\/div>\n\n\n\n<div class=\"wp-block-columns has-custom-color-2-background-color has-background is-layout-flex wp-container-core-columns-is-layout-616294e8 wp-block-columns-is-layout-flex\" style=\"margin-top:0px;padding-top:0\">\n<div class=\"wp-block-column is-layout-flow wp-block-column-is-layout-flow\" style=\"flex-basis:50%\">\n<div data-swiper=\"{&quot;speed&quot;:400,&quot;spaceBetween&quot;:15,&quot;slidesPerView&quot;:1,&quot;createElements&quot;:true,&quot;loop&quot;:true,&quot;freemode&quot;:true,&quot;navigation&quot;:{&quot;nextEl&quot;:&quot;buttonNext&quot;,&quot;prevEl&quot;:&quot;buttonPrev&quot;},&quot;breakpoints&quot;:[{&quot;slidesPerView&quot;:1}],&quot;pagination&quot;:false,&quot;parallax&quot;:true,&quot;autoplay&quot;:{&quot;delay&quot;:3500}}\" class=\"wp-block-group left gt-is-slider gt-is-slider-desktop has-global-padding is-content-justification-center is-layout-constrained wp-block-group-is-layout-constrained\" style=\"padding-top:0;padding-bottom:0\">\n<figure class=\"wp-block-image size-full has-custom-border\"><img loading=\"lazy\" decoding=\"async\" width=\"1000\" height=\"700\" src=\"https:\/\/www.lemasdeslavandes.fr\/wp-content\/uploads\/sites\/2\/2025\/02\/commerces-a-proximite-de-serignan.jpg\" alt=\"shops near serignan\" class=\"wp-image-2520\" style=\"border-top-right-radius:150px\" srcset=\"https:\/\/www.lemasdeslavandes.fr\/wp-content\/uploads\/sites\/2\/2025\/02\/commerces-a-proximite-de-serignan.jpg 1000w, https:\/\/www.lemasdeslavandes.fr\/wp-content\/uploads\/sites\/2\/2025\/02\/commerces-a-proximite-de-serignan-300x210.jpg 300w, https:\/\/www.lemasdeslavandes.fr\/wp-content\/uploads\/sites\/2\/2025\/02\/commerces-a-proximite-de-serignan-768x538.jpg 768w\" sizes=\"auto, (max-width: 1000px) 100vw, 1000px\" \/><\/figure>\n<\/div>\n<\/div>\n\n\n\n<div class=\"wp-block-column is-vertically-aligned-center is-layout-flow wp-block-column-is-layout-flow\" style=\"flex-basis:50%\">\n<div class=\"wp-block-group right has-global-padding is-content-justification-left is-layout-constrained wp-container-core-group-is-layout-12dd3699 wp-block-group-is-layout-constrained\">\n<div class=\"wp-block-group h2-container has-global-padding is-layout-constrained wp-block-group-is-layout-constrained\">\n<h2 class=\"wp-block-heading\" style=\"padding-top:var(--wp--preset--spacing--50);padding-right:var(--wp--preset--spacing--10);padding-bottom:0;padding-left:var(--wp--preset--spacing--50)\"><mark class=\"has-inline-color has-custom-color-5-color\">Nearby shops<\/mark> <br \/>S\u00e9rignan Campsite<\/h2>\n<\/div>\n\n\n\n<div class=\"wp-block-group bottom has-link-color wp-elements-4c90706242482fa5fe31451d92135bb7 has-global-padding is-layout-constrained wp-container-core-group-is-layout-a796f9df wp-block-group-is-layout-constrained\" style=\"padding-top:0;padding-right:10rem;padding-bottom:0;padding-left:var(--wp--preset--spacing--50)\">\n<p>Our <a href=\"https:\/\/www.lemasdeslavandes.fr\/en\/\" data-type=\"page\" data-id=\"9\">Campsite in S\u00e9rignan<\/a> is close to supermarkets (Carrefour, Lidl, Gifi, Action) less than 1 km away, accessible by foot, car or bus. You&#8217;ll also find a gas station within easy reach. <\/p>\n<\/div>\n<\/div>\n<\/div>\n<\/div>\n<\/section>\n\n<section class=\"wp-block-group alignfull home-intro home-fifth page-three has-custom-color-2-background-color has-background is-layout-flow wp-block-group-is-layout-flow\" style=\"margin-top:0;margin-bottom:0;padding-bottom:var(--wp--preset--spacing--60)\">\n<div class=\"wp-block-group is-layout-flow wp-block-group-is-layout-flow\" style=\"padding-top:10rem\">\n<div data-swiper=\"{&quot;speed&quot;:1000,&quot;autoplay&quot;:{&quot;delay&quot;:5000,&quot;disableOnInteraction&quot;:false},&quot;spaceBetween&quot;:0,&quot;slidesPerView&quot;:1,&quot;pagination&quot;:{&quot;el&quot;:&quot;.swiper-pagination&quot;,&quot;dynamicBullets&quot;:true,&quot;clickable&quot;:true,&quot;type&quot;:&quot;bullets&quot;},&quot;navigation&quot;:{&quot;nextEl&quot;:&quot;.swiper-button-next&quot;,&quot;prevEl&quot;:&quot;.swiper-button-prev&quot;},&quot;breakpoints&quot;:[{&quot;slidesPerView&quot;:1}]}\" class=\"wp-block-cover has-custom-content-position is-position-top-center\" style=\"min-height:800px;aspect-ratio:unset;\"><span aria-hidden=\"true\" class=\"wp-block-cover__background has-background-dim-100 has-background-dim wp-block-cover__gradient-background has-background-gradient\" style=\"background:linear-gradient(180deg,rgb(247,244,241) 16%,rgba(247,245,242,0.91) 31%,rgba(247,245,242,0.44) 49%)\"><\/span><img loading=\"lazy\" decoding=\"async\" width=\"2000\" height=\"800\" class=\"wp-block-cover__image-background wp-image-248\" alt=\"camping valras faq\" src=\"https:\/\/www.lemasdeslavandes.fr\/wp-content\/uploads\/sites\/2\/2025\/01\/camping-valras-faq.jpg\" data-object-fit=\"cover\" srcset=\"https:\/\/www.lemasdeslavandes.fr\/wp-content\/uploads\/sites\/2\/2025\/01\/camping-valras-faq.jpg 2000w, https:\/\/www.lemasdeslavandes.fr\/wp-content\/uploads\/sites\/2\/2025\/01\/camping-valras-faq-300x120.jpg 300w, https:\/\/www.lemasdeslavandes.fr\/wp-content\/uploads\/sites\/2\/2025\/01\/camping-valras-faq-1024x410.jpg 1024w, https:\/\/www.lemasdeslavandes.fr\/wp-content\/uploads\/sites\/2\/2025\/01\/camping-valras-faq-768x307.jpg 768w, https:\/\/www.lemasdeslavandes.fr\/wp-content\/uploads\/sites\/2\/2025\/01\/camping-valras-faq-1536x614.jpg 1536w\" sizes=\"auto, (max-width: 2000px) 100vw, 2000px\" \/><div class=\"wp-block-cover__inner-container has-global-padding is-layout-constrained wp-block-cover-is-layout-constrained\">\n<div class=\"wp-block-group h2-container has-global-padding is-layout-constrained wp-block-group-is-layout-constrained\">\n<p class=\"has-text-align-center has-josefin-sans-font-family\" style=\"margin-top:0rem;font-size:clamp(3.35rem, 3.35rem + ((1vw - 0.2rem) * 4.678), 6.8rem);line-height:1.2\"><strong><mark class=\"has-inline-color has-custom-color-5-color\">  Discover<\/mark><\/strong><\/p>\n\n\n\n<p class=\"has-text-align-center has-josefin-sans-font-family\" style=\"margin-top:0rem;font-size:clamp(1.743rem, 1.743rem + ((1vw - 0.2rem) * 1.704), 3rem);line-height:1.2\">our aquatic area, restaurant and activities<\/p>\n<\/div>\n<\/div><\/div>\n\n\n\n<div class=\"wp-block-columns middle is-layout-flex wp-container-core-columns-is-layout-a92e52df wp-block-columns-is-layout-flex\" style=\"padding-top:0rem;padding-right:22rem;padding-left:22rem\">\n<div class=\"wp-block-column is-layout-flow wp-block-column-is-layout-flow\"><a href=\"https:\/\/www.lemasdeslavandes.fr\/camping-parc-aquatique-herault\/\"    class=\"aligncenter campsite-item wp-block-tiptip-hyperlink-group-block\" >\n<div data-swiper=\"{&quot;speed&quot;:1000,&quot;autoplay&quot;:{&quot;delay&quot;:5000,&quot;disableOnInteraction&quot;:false},&quot;spaceBetween&quot;:0,&quot;slidesPerView&quot;:1,&quot;pagination&quot;:{&quot;el&quot;:&quot;.swiper-pagination&quot;,&quot;dynamicBullets&quot;:true,&quot;clickable&quot;:true,&quot;type&quot;:&quot;bullets&quot;},&quot;navigation&quot;:{&quot;nextEl&quot;:&quot;.swiper-button-next&quot;,&quot;prevEl&quot;:&quot;.swiper-button-prev&quot;},&quot;breakpoints&quot;:[{&quot;slidesPerView&quot;:1}]}\" class=\"wp-block-cover is-light banner-campsite\" style=\"border-top-left-radius:200px;border-top-right-radius:200px;border-bottom-right-radius:200px;padding-right:var(--wp--preset--spacing--10);padding-left:var(--wp--preset--spacing--10);min-height:550px;aspect-ratio:unset;\"><span aria-hidden=\"true\" class=\"wp-block-cover__background has-custom-color-5-background-color has-background-dim-0 has-background-dim\"><\/span><img loading=\"lazy\" decoding=\"async\" width=\"400\" height=\"640\" class=\"wp-block-cover__image-background wp-image-2532\" alt=\"parc aquatique camping en herault\" src=\"https:\/\/www.lemasdeslavandes.fr\/wp-content\/uploads\/sites\/2\/2025\/02\/parc-aquatique-camping-en-herault.jpg\" data-object-fit=\"cover\" srcset=\"https:\/\/www.lemasdeslavandes.fr\/wp-content\/uploads\/sites\/2\/2025\/02\/parc-aquatique-camping-en-herault.jpg 400w, https:\/\/www.lemasdeslavandes.fr\/wp-content\/uploads\/sites\/2\/2025\/02\/parc-aquatique-camping-en-herault-188x300.jpg 188w\" sizes=\"auto, (max-width: 400px) 100vw, 400px\" \/><div class=\"wp-block-cover__inner-container has-global-padding is-layout-constrained wp-container-core-cover-is-layout-b13d32f8 wp-block-cover-is-layout-constrained\">\n<p class=\"has-text-align-center has-base-2-color has-text-color has-link-color has-josefin-sans-font-family wp-elements-5427f562ce6ccc03912efe522fec0f30\" style=\"font-size:clamp(1.198rem, 1.198rem + ((1vw - 0.2rem) * 0.952), 1.9rem);font-style:normal;font-weight:400;line-height:1.2\">Our water park<\/p>\n<\/div><\/div>\n<\/a><\/div>\n\n\n\n<div class=\"wp-block-column is-layout-flow wp-block-column-is-layout-flow\"><a href=\"https:\/\/www.lemasdeslavandes.fr\/restaurant-valras\/\"    class=\"campsite-item wp-block-tiptip-hyperlink-group-block\" >\n<div data-swiper=\"{&quot;speed&quot;:1000,&quot;autoplay&quot;:{&quot;delay&quot;:5000,&quot;disableOnInteraction&quot;:false},&quot;spaceBetween&quot;:0,&quot;slidesPerView&quot;:1,&quot;pagination&quot;:{&quot;el&quot;:&quot;.swiper-pagination&quot;,&quot;dynamicBullets&quot;:true,&quot;clickable&quot;:true,&quot;type&quot;:&quot;bullets&quot;},&quot;navigation&quot;:{&quot;nextEl&quot;:&quot;.swiper-button-next&quot;,&quot;prevEl&quot;:&quot;.swiper-button-prev&quot;},&quot;breakpoints&quot;:[{&quot;slidesPerView&quot;:1}]}\" class=\"wp-block-cover is-light banner-campsite\" style=\"border-top-left-radius:200px;border-top-right-radius:198px;border-bottom-right-radius:200px;padding-right:var(--wp--preset--spacing--10);padding-left:var(--wp--preset--spacing--10);min-height:550px;aspect-ratio:unset;\"><span aria-hidden=\"true\" class=\"wp-block-cover__background has-custom-color-5-background-color has-background-dim-0 has-background-dim\"><\/span><img loading=\"lazy\" decoding=\"async\" width=\"400\" height=\"640\" class=\"wp-block-cover__image-background wp-image-2536\" alt=\"camping avec espace restauration en herault\" src=\"https:\/\/www.lemasdeslavandes.fr\/wp-content\/uploads\/sites\/2\/2025\/02\/camping-avec-espace-restauration-en-herault.jpg\" data-object-fit=\"cover\" srcset=\"https:\/\/www.lemasdeslavandes.fr\/wp-content\/uploads\/sites\/2\/2025\/02\/camping-avec-espace-restauration-en-herault.jpg 400w, https:\/\/www.lemasdeslavandes.fr\/wp-content\/uploads\/sites\/2\/2025\/02\/camping-avec-espace-restauration-en-herault-188x300.jpg 188w\" sizes=\"auto, (max-width: 400px) 100vw, 400px\" \/><div class=\"wp-block-cover__inner-container has-global-padding is-layout-constrained wp-container-core-cover-is-layout-b13d32f8 wp-block-cover-is-layout-constrained\">\n<p class=\"has-text-align-center has-base-2-color has-text-color has-link-color has-josefin-sans-font-family wp-elements-24af211d9f00c2e64fecde5cd2bb3f5b\" style=\"font-size:clamp(1.198rem, 1.198rem + ((1vw - 0.2rem) * 0.952), 1.9rem);font-style:normal;font-weight:400;line-height:1.2\">Our restaurant<\/p>\n<\/div><\/div>\n<\/a><\/div>\n\n\n\n<div class=\"wp-block-column is-layout-flow wp-block-column-is-layout-flow\"><a href=\"https:\/\/www.lemasdeslavandes.fr\/camping-animations-herault\/\"    class=\"campsite-item wp-block-tiptip-hyperlink-group-block\" >\n<div data-swiper=\"{&quot;speed&quot;:1000,&quot;autoplay&quot;:{&quot;delay&quot;:5000,&quot;disableOnInteraction&quot;:false},&quot;spaceBetween&quot;:0,&quot;slidesPerView&quot;:1,&quot;pagination&quot;:{&quot;el&quot;:&quot;.swiper-pagination&quot;,&quot;dynamicBullets&quot;:true,&quot;clickable&quot;:true,&quot;type&quot;:&quot;bullets&quot;},&quot;navigation&quot;:{&quot;nextEl&quot;:&quot;.swiper-button-next&quot;,&quot;prevEl&quot;:&quot;.swiper-button-prev&quot;},&quot;breakpoints&quot;:[{&quot;slidesPerView&quot;:1}]}\" class=\"wp-block-cover is-light banner-campsite\" style=\"border-top-left-radius:200px;border-top-right-radius:200px;border-bottom-right-radius:200px;padding-right:var(--wp--preset--spacing--10);padding-left:var(--wp--preset--spacing--10);min-height:550px;aspect-ratio:unset;\"><span aria-hidden=\"true\" class=\"wp-block-cover__background has-custom-color-5-background-color has-background-dim-0 has-background-dim\"><\/span><img loading=\"lazy\" decoding=\"async\" width=\"400\" height=\"640\" class=\"wp-block-cover__image-background wp-image-2540\" alt=\"camping avec animations en herault\" src=\"https:\/\/www.lemasdeslavandes.fr\/wp-content\/uploads\/sites\/2\/2025\/02\/camping-avec-animations-en-herault.jpg\" data-object-fit=\"cover\" srcset=\"https:\/\/www.lemasdeslavandes.fr\/wp-content\/uploads\/sites\/2\/2025\/02\/camping-avec-animations-en-herault.jpg 400w, https:\/\/www.lemasdeslavandes.fr\/wp-content\/uploads\/sites\/2\/2025\/02\/camping-avec-animations-en-herault-188x300.jpg 188w\" sizes=\"auto, (max-width: 400px) 100vw, 400px\" \/><div class=\"wp-block-cover__inner-container has-global-padding is-layout-constrained wp-container-core-cover-is-layout-b13d32f8 wp-block-cover-is-layout-constrained\">\n<p class=\"has-text-align-center has-base-2-color has-text-color has-link-color has-josefin-sans-font-family wp-elements-83f5b68946c1124f2c54d6c1516d302b\" style=\"font-size:clamp(1.198rem, 1.198rem + ((1vw - 0.2rem) * 0.952), 1.9rem);line-height:1.3\">Our activities and events<\/p>\n<\/div><\/div>\n<\/a><\/div>\n<\/div>\n<\/div>\n<\/section>\n","protected":false},"excerpt":{"rendered":"<p>4-star family Campsite with servicesnear Valras-Plage At the 4-star Mas des Lavandes Campsite, we do our utmost to offer you the many services you need for a pleasant stay just a stone&#8217;s throw from the seaside resort of Valras-Plage. To offer you an ever-improving welcome and services, we have been awarded the Qualit\u00e9 Tourisme Occitanie [&hellip;]<\/p>\n","protected":false},"author":1,"featured_media":6360,"parent":0,"menu_order":58,"comment_status":"closed","ping_status":"closed","template":"","meta":{"_acf_changed":false,"_seopress_robots_primary_cat":"","_seopress_titles_title":"Services 4 \u00e9toiles du camping | Location v\u00e9los, Espace bien-\u00eatre, Laverie\u2026","_seopress_titles_desc":"Le Camping le Mas des Lavandes proche de Valras, vous propose un large choix de services afin de vous permettre de passer un s\u00e9jour en toute s\u00e9r\u00e9nit\u00e9.","_seopress_robots_index":"","inline_featured_image":false,"gt_fse_maillage_image":"https:\/\/www.lemasdeslavandes.fr\/wp-content\/uploads\/sites\/2\/2025\/01\/services-camping-mas-des-lavandes-herault.jpg","gt_fse_maillage_titre":"Brouillon auto","gt_fse_maillage_alt":"Services","gt_fse_maillage_resume":"","footnotes":""},"categories":[],"tags":[],"class_list":["post-9050","page","type-page","status-publish","has-post-thumbnail","hentry"],"acf":[],"_links":{"self":[{"href":"https:\/\/www.lemasdeslavandes.fr\/en\/wp-json\/wp\/v2\/pages\/9050","targetHints":{"allow":["GET"]}}],"collection":[{"href":"https:\/\/www.lemasdeslavandes.fr\/en\/wp-json\/wp\/v2\/pages"}],"about":[{"href":"https:\/\/www.lemasdeslavandes.fr\/en\/wp-json\/wp\/v2\/types\/page"}],"author":[{"embeddable":true,"href":"https:\/\/www.lemasdeslavandes.fr\/en\/wp-json\/wp\/v2\/users\/1"}],"replies":[{"embeddable":true,"href":"https:\/\/www.lemasdeslavandes.fr\/en\/wp-json\/wp\/v2\/comments?post=9050"}],"version-history":[{"count":38,"href":"https:\/\/www.lemasdeslavandes.fr\/en\/wp-json\/wp\/v2\/pages\/9050\/revisions"}],"predecessor-version":[{"id":11378,"href":"https:\/\/www.lemasdeslavandes.fr\/en\/wp-json\/wp\/v2\/pages\/9050\/revisions\/11378"}],"wp:featuredmedia":[{"embeddable":true,"href":"https:\/\/www.lemasdeslavandes.fr\/en\/wp-json\/wp\/v2\/media\/6360"}],"wp:attachment":[{"href":"https:\/\/www.lemasdeslavandes.fr\/en\/wp-json\/wp\/v2\/media?parent=9050"}],"wp:term":[{"taxonomy":"category","embeddable":true,"href":"https:\/\/www.lemasdeslavandes.fr\/en\/wp-json\/wp\/v2\/categories?post=9050"},{"taxonomy":"post_tag","embeddable":true,"href":"https:\/\/www.lemasdeslavandes.fr\/en\/wp-json\/wp\/v2\/tags?post=9050"}],"curies":[{"name":"wp","href":"https:\/\/api.w.org\/{rel}","templated":true}]}}