{"id":9090,"date":"2025-01-20T16:24:42","date_gmt":"2025-01-20T15:24:42","guid":{"rendered":"https:\/\/www.lemasdeslavandes.fr\/tourism-herault\/markets-in-and-around-serignan\/"},"modified":"2026-04-29T07:30:41","modified_gmt":"2026-04-29T05:30:41","slug":"markets-in-and-around-serignan","status":"publish","type":"page","link":"https:\/\/www.lemasdeslavandes.fr\/en\/tourism-herault\/markets-in-and-around-serignan\/","title":{"rendered":"Markets in and around S\u00e9rignan"},"content":{"rendered":"\n<section class=\"wp-block-group page-one has-link-color wp-elements-f298ea366e804224ce727445cd7636b7 is-layout-flow wp-block-group-is-layout-flow\" style=\"margin-top:var(--wp--preset--spacing--50);margin-bottom:var(--wp--preset--spacing--50)\">\n<h1 class=\"wp-block-heading has-text-align-center\"><span><mark class=\"has-inline-color has-custom-color-5-color\">The markets<\/mark><\/span> <br \/>in and around S\u00e9rignan<\/h1>\n\n\n\n<p class=\"has-text-align-center\" style=\"padding-top:var(--wp--preset--spacing--40);padding-right:30rem;padding-left:30rem\">S\u00e9rignan propose, comme toutes les grandes villes du sud, des march\u00e9s color\u00e9s o\u00f9 se r\u00e9unissent tous les villageois autour de bons produits r\u00e9gionaux. La ville propose en saison estivale des march\u00e9s suppl\u00e9mentaires sur sa promenade centrale, d\u2019une tr\u00e8s bonne renomm\u00e9e. Profitez \u00e9galement des <strong>march\u00e9s autour de S\u00e9rignan<\/strong> pour vous impr\u00e9gner de l\u2019atmosph\u00e8re chaleureuse de la vie languedocienne. Des rendez-vous incontournables aussi bien pour les locaux que pour les visiteurs de passages \u00e0 d\u00e9couvrir depuis notre <a href=\"https:\/\/www.lemasdeslavandes.fr\/\" data-type=\"page\" data-id=\"9\">camping \u00e0 S\u00e9rignan<\/a>.<\/p>\n<\/section>\n\n<section class=\"wp-block-group home-third page-two is-layout-flow wp-block-group-is-layout-flow\" style=\"margin-top:var(--wp--preset--spacing--50);margin-bottom:var(--wp--preset--spacing--50)\">\n<div class=\"wp-block-columns has-custom-color-2-background-color has-background is-layout-flex wp-container-core-columns-is-layout-28f84493 wp-block-columns-is-layout-flex\">\n<div class=\"wp-block-column is-vertically-aligned-top is-layout-flow wp-block-column-is-layout-flow\" style=\"flex-basis:50%\">\n<div data-swiper=\"{&quot;speed&quot;:400,&quot;spaceBetween&quot;:15,&quot;slidesPerView&quot;:1,&quot;createElements&quot;:true,&quot;loop&quot;:true,&quot;freemode&quot;:true,&quot;navigation&quot;:{&quot;nextEl&quot;:&quot;buttonNext&quot;,&quot;prevEl&quot;:&quot;buttonPrev&quot;},&quot;breakpoints&quot;:[{&quot;slidesPerView&quot;:1}],&quot;pagination&quot;:false,&quot;parallax&quot;:true,&quot;autoplay&quot;:{&quot;delay&quot;:3500}}\" class=\"wp-block-group left gt-is-slider gt-is-slider-desktop has-global-padding is-content-justification-left is-layout-constrained wp-container-core-group-is-layout-16a8afda wp-block-group-is-layout-constrained\" style=\"padding-top:0;padding-bottom:0\">\n<figure class=\"wp-block-image size-full has-custom-border\"><img loading=\"lazy\" decoding=\"async\" width=\"1200\" height=\"800\" src=\"https:\/\/www.lemasdeslavandes.fr\/wp-content\/uploads\/sites\/2\/2025\/01\/patrimoine-de-serignan.jpg\" alt=\"serignan heritage\" class=\"wp-image-1195\" style=\"border-bottom-left-radius:0px;border-bottom-right-radius:150px;aspect-ratio:4\/3;object-fit:cover\" srcset=\"https:\/\/www.lemasdeslavandes.fr\/wp-content\/uploads\/sites\/2\/2025\/01\/patrimoine-de-serignan.jpg 1200w, https:\/\/www.lemasdeslavandes.fr\/wp-content\/uploads\/sites\/2\/2025\/01\/patrimoine-de-serignan-300x200.jpg 300w, https:\/\/www.lemasdeslavandes.fr\/wp-content\/uploads\/sites\/2\/2025\/01\/patrimoine-de-serignan-1024x683.jpg 1024w, https:\/\/www.lemasdeslavandes.fr\/wp-content\/uploads\/sites\/2\/2025\/01\/patrimoine-de-serignan-768x512.jpg 768w\" sizes=\"auto, (max-width: 1200px) 100vw, 1200px\" \/><\/figure>\n<\/div>\n<\/div>\n\n\n\n<div class=\"wp-block-column is-vertically-aligned-top is-layout-flow wp-block-column-is-layout-flow\" style=\"flex-basis:50%\">\n<div class=\"wp-block-group right has-global-padding is-content-justification-left is-layout-constrained wp-container-core-group-is-layout-12dd3699 wp-block-group-is-layout-constrained\">\n<div class=\"wp-block-group h2-container has-global-padding is-layout-constrained wp-block-group-is-layout-constrained\">\n<h2 class=\"wp-block-heading has-base-2-background-color has-background\" style=\"padding-top:var(--wp--preset--spacing--50);padding-bottom:var(--wp--preset--spacing--40);padding-left:var(--wp--preset--spacing--50)\"><br \/> <span><mark class=\"has-inline-color has-custom-color-5-color\">The 3 markets<\/mark><\/span> in S\u00e9rignan<\/h2>\n<\/div>\n\n\n\n<div class=\"wp-block-group bottom has-global-padding is-layout-constrained wp-container-core-group-is-layout-18c45ae5 wp-block-group-is-layout-constrained\" style=\"padding-top:0;padding-right:15rem;padding-bottom:0;padding-left:var(--wp--preset--spacing--50)\">\n<p class=\"has-link-color wp-elements-5ef257399f397d3963a9e4bfb0d0831a\">Whatever the season, you&#8217;ll find S\u00e9rignan&#8217; <a href=\"https:\/\/www.ville-serignan.fr\/services-vie-pratique\/dynamisme-economique\/jours-de-marche\/\" data-type=\"link\" data-id=\"https:\/\/www.ville-serignan.fr\/services-vie-pratique\/dynamisme-economique\/jours-de-marche\/\" target=\"_blank\" rel=\"noreferrer noopener nofollow\">s traditional fruit and vegetable markets<\/a> every Monday, Wednesday and Friday on the All\u00e9es de la R\u00e9publique (7.30 a.m. to 1 p.m.). If you&#8217;re visiting during the summer season from July to August, you&#8217;ll find <strong>two of the region&#8217;s major markets:<\/strong> <\/p>\n\n\n\n<ul style=\"padding-left:var(--wp--preset--spacing--40)\" class=\"wp-block-list\">\n<li><strong>The Producers&#8217; Night Market:<\/strong> a treasure trove for the taste buds! Discover a wide selection of gourmet products from local farmers in a festive atmosphere. Catering on site. Every Thursday from 6 p.m. Place des Anciens Combattants near the Promenade.   <\/li>\n\n\n\n<li>Les Mardis des <strong>Arts<\/strong> is a craft market where some fifty exhibitors showcase their skills. Every Tuesday from 6 p.m. on the Promenade All\u00e9es de la R\u00e9publique. <\/li>\n<\/ul>\n<\/div>\n<\/div>\n<\/div>\n<\/div>\n\n\n\n<p class=\"h1-like\"><span>family<\/span> shopping  <\/p>\n<\/section>\n\n<section class=\"wp-block-group home-third page-two reverse is-layout-flow wp-block-group-is-layout-flow\">\n<div class=\"wp-block-columns has-custom-color-2-background-color has-background is-layout-flex wp-container-core-columns-is-layout-e477a36d wp-block-columns-is-layout-flex\" style=\"padding-bottom:var(--wp--preset--spacing--60)\">\n<div class=\"wp-block-column is-layout-flow wp-block-column-is-layout-flow\" style=\"flex-basis:50%\">\n<div class=\"wp-block-group right has-global-padding is-content-justification-center is-layout-constrained wp-block-group-is-layout-constrained\">\n<div class=\"wp-block-group h2-container has-global-padding is-layout-constrained wp-block-group-is-layout-constrained\">\n<h2 class=\"wp-block-heading has-base-2-background-color has-background\" style=\"padding-top:var(--wp--preset--spacing--50);padding-right:var(--wp--preset--spacing--10);padding-bottom:var(--wp--preset--spacing--40);padding-left:var(--wp--preset--spacing--50)\"><span>Other markets<\/span> in the H\u00e9rault region<\/h2>\n<\/div>\n\n\n\n<div class=\"wp-block-group bottom has-global-padding is-layout-constrained wp-container-core-group-is-layout-a796f9df wp-block-group-is-layout-constrained\" style=\"padding-top:0;padding-right:10rem;padding-bottom:0;padding-left:var(--wp--preset--spacing--50)\">\n<h3 class=\"wp-block-heading has-custom-color-5-color has-text-color has-link-color has-large-font-size wp-elements-77edf285cddf25514e5d32c08bb4e334\" style=\"font-style:normal;font-weight:100\">Valras market<\/h3>\n\n\n\n<p><strong>Valras-Plage market:<\/strong> Halles Marty, rue Charles Thomas, Tuesdays to Sundays out of season, and every day in summer, from 8 a.m. to 1 p.m. In addition, <strong>the open-air market<\/strong> complements the traditional market stalls with a wider choice of products (clothing, local produce, etc.).  <\/p>\n\n\n\n<p>Popular with holidaymakers, the open-air market expands in summer to the Valras port parking lot. You&#8217;ll find it every Monday and Friday, at the same times as the classic market. <\/p>\n<\/div>\n<\/div>\n<\/div>\n\n\n\n<div class=\"wp-block-column is-layout-flow wp-block-column-is-layout-flow\" style=\"flex-basis:50%\">\n<div data-swiper=\"{&quot;speed&quot;:400,&quot;spaceBetween&quot;:15,&quot;slidesPerView&quot;:1,&quot;createElements&quot;:true,&quot;loop&quot;:true,&quot;freemode&quot;:true,&quot;navigation&quot;:{&quot;nextEl&quot;:&quot;buttonNext&quot;,&quot;prevEl&quot;:&quot;buttonPrev&quot;},&quot;breakpoints&quot;:[{&quot;slidesPerView&quot;:1}],&quot;pagination&quot;:false,&quot;parallax&quot;:true,&quot;autoplay&quot;:{&quot;delay&quot;:3500}}\" class=\"wp-block-group left gt-is-slider gt-is-slider-desktop has-global-padding is-content-justification-left is-layout-constrained wp-container-core-group-is-layout-16a8afda wp-block-group-is-layout-constrained\" style=\"padding-top:0;padding-bottom:0\">\n<figure class=\"wp-block-image size-full has-custom-border\"><img loading=\"lazy\" decoding=\"async\" width=\"1024\" height=\"640\" src=\"https:\/\/www.lemasdeslavandes.fr\/wp-content\/uploads\/sites\/2\/2025\/01\/marche-de-valras-herault.jpg\" alt=\"valras herault market\" class=\"wp-image-1319\" style=\"border-bottom-left-radius:150px;aspect-ratio:4\/3;object-fit:cover\" srcset=\"https:\/\/www.lemasdeslavandes.fr\/wp-content\/uploads\/sites\/2\/2025\/01\/marche-de-valras-herault.jpg 1024w, https:\/\/www.lemasdeslavandes.fr\/wp-content\/uploads\/sites\/2\/2025\/01\/marche-de-valras-herault-300x188.jpg 300w, https:\/\/www.lemasdeslavandes.fr\/wp-content\/uploads\/sites\/2\/2025\/01\/marche-de-valras-herault-768x480.jpg 768w\" sizes=\"auto, (max-width: 1024px) 100vw, 1024px\" \/><\/figure>\n\n\n\n<figure class=\"wp-block-image size-full has-custom-border\"><img loading=\"lazy\" decoding=\"async\" width=\"1024\" height=\"640\" src=\"https:\/\/www.lemasdeslavandes.fr\/wp-content\/uploads\/sites\/2\/2025\/01\/marches-de-serignan.jpg\" alt=\"marches de serignan\" class=\"wp-image-1327\" style=\"border-bottom-left-radius:150px;aspect-ratio:4\/3;object-fit:cover\" srcset=\"https:\/\/www.lemasdeslavandes.fr\/wp-content\/uploads\/sites\/2\/2025\/01\/marches-de-serignan.jpg 1024w, https:\/\/www.lemasdeslavandes.fr\/wp-content\/uploads\/sites\/2\/2025\/01\/marches-de-serignan-300x188.jpg 300w, https:\/\/www.lemasdeslavandes.fr\/wp-content\/uploads\/sites\/2\/2025\/01\/marches-de-serignan-768x480.jpg 768w\" sizes=\"auto, (max-width: 1024px) 100vw, 1024px\" \/><\/figure>\n<\/div>\n<\/div>\n<\/div>\n\n\n\n<div class=\"wp-block-columns has-custom-color-2-background-color has-background is-layout-flex wp-container-core-columns-is-layout-616294e8 wp-block-columns-is-layout-flex\" style=\"margin-top:0px;padding-top:0\">\n<div class=\"wp-block-column is-layout-flow wp-block-column-is-layout-flow\" style=\"flex-basis:50%\">\n<div data-swiper=\"{&quot;speed&quot;:400,&quot;spaceBetween&quot;:15,&quot;slidesPerView&quot;:1,&quot;createElements&quot;:true,&quot;loop&quot;:true,&quot;freemode&quot;:true,&quot;navigation&quot;:{&quot;nextEl&quot;:&quot;buttonNext&quot;,&quot;prevEl&quot;:&quot;buttonPrev&quot;},&quot;breakpoints&quot;:[{&quot;slidesPerView&quot;:1}],&quot;pagination&quot;:false,&quot;parallax&quot;:true,&quot;autoplay&quot;:{&quot;delay&quot;:3500}}\" class=\"wp-block-group left gt-is-slider gt-is-slider-desktop has-global-padding is-content-justification-center is-layout-constrained wp-block-group-is-layout-constrained\" style=\"padding-top:0;padding-bottom:0\">\n<figure class=\"wp-block-image size-full has-custom-border\"><img loading=\"lazy\" decoding=\"async\" width=\"1024\" height=\"640\" src=\"https:\/\/www.lemasdeslavandes.fr\/wp-content\/uploads\/sites\/2\/2025\/01\/faire-le-marche-en-herault.jpg\" alt=\"the herault market\" class=\"wp-image-1340\" style=\"border-top-right-radius:150px\" srcset=\"https:\/\/www.lemasdeslavandes.fr\/wp-content\/uploads\/sites\/2\/2025\/01\/faire-le-marche-en-herault.jpg 1024w, https:\/\/www.lemasdeslavandes.fr\/wp-content\/uploads\/sites\/2\/2025\/01\/faire-le-marche-en-herault-300x188.jpg 300w, https:\/\/www.lemasdeslavandes.fr\/wp-content\/uploads\/sites\/2\/2025\/01\/faire-le-marche-en-herault-768x480.jpg 768w\" sizes=\"auto, (max-width: 1024px) 100vw, 1024px\" \/><\/figure>\n<\/div>\n<\/div>\n\n\n\n<div class=\"wp-block-column is-vertically-aligned-center is-layout-flow wp-block-column-is-layout-flow\" style=\"flex-basis:50%\">\n<div class=\"wp-block-group right has-global-padding is-content-justification-left is-layout-constrained wp-container-core-group-is-layout-12dd3699 wp-block-group-is-layout-constrained\">\n<div class=\"wp-block-group h2-container has-global-padding is-layout-constrained wp-block-group-is-layout-constrained\">\n<h3 class=\"wp-block-heading has-custom-color-5-color has-text-color has-link-color has-large-font-size wp-elements-0674412dc0eb51db6d5e1d6ea203ab47\" style=\"padding-top:var(--wp--preset--spacing--50);padding-right:var(--wp--preset--spacing--10);padding-bottom:0;padding-left:var(--wp--preset--spacing--50);font-style:normal;font-weight:100\">Cap d&#8217;Agde market<\/h3>\n<\/div>\n\n\n\n<div class=\"wp-block-group bottom has-global-padding is-layout-constrained wp-container-core-group-is-layout-a796f9df wp-block-group-is-layout-constrained\" style=\"padding-top:0;padding-right:10rem;padding-bottom:0;padding-left:var(--wp--preset--spacing--50)\">\n<p>With its different atmospheres, the town of Agde is full of markets of all kinds.<\/p>\n\n\n\n<ul style=\"padding-left:var(--wp--preset--spacing--40)\" class=\"wp-block-list\">\n<li><strong>The Cap d&#8217;Agde food markets<\/strong> are open in the mornings from June to September. The best is the Tuesday market in the old port area, where you can find fresh fish and seafood directly from the local fishery. <\/li>\n\n\n\n<li><strong>Agde&#8217;s markets<\/strong> are diverse and varied. All year round, on Thursday mornings, various food, clothing and flower markets are held in the town&#8217;s squares. In summer, head for the <strong>Tamarissi\u00e8re<\/strong> area, which hosts two lovely markets on Wednesdays, one in the morning and the second in the evening from 6 pm.  <\/li>\n\n\n\n<li><strong>Grau d&#8217;Agde&#8217;s traditional market<\/strong> is held year-round on Place de la R\u00e9publique, on Thursday and Sunday mornings, and every day from April to September. In high season, it moves to the seafront with another market, <strong>the Grau d&#8217;Agde night craft market<\/strong>. The latter only takes place on Monday evenings in summer.  <\/li>\n<\/ul>\n<\/div>\n<\/div>\n<\/div>\n<\/div>\n<\/section>\n\n<section class=\"wp-block-group alignfull home-intro home-fifth page-three is-layout-flow wp-block-group-is-layout-flow\" style=\"margin-top:0;margin-bottom:var(--wp--preset--spacing--60)\">\n<div class=\"wp-block-group is-layout-flow wp-block-group-is-layout-flow\" style=\"padding-top:0rem\">\n<div data-swiper=\"{&quot;speed&quot;:1000,&quot;autoplay&quot;:{&quot;delay&quot;:5000,&quot;disableOnInteraction&quot;:false},&quot;spaceBetween&quot;:0,&quot;slidesPerView&quot;:1,&quot;pagination&quot;:{&quot;el&quot;:&quot;.swiper-pagination&quot;,&quot;dynamicBullets&quot;:true,&quot;clickable&quot;:true,&quot;type&quot;:&quot;bullets&quot;},&quot;navigation&quot;:{&quot;nextEl&quot;:&quot;.swiper-button-next&quot;,&quot;prevEl&quot;:&quot;.swiper-button-prev&quot;},&quot;breakpoints&quot;:[{&quot;slidesPerView&quot;:1}]}\" class=\"wp-block-cover has-custom-content-position is-position-top-center\" style=\"min-height:800px;aspect-ratio:unset;\"><span aria-hidden=\"true\" class=\"wp-block-cover__background has-background-dim-100 has-background-dim wp-block-cover__gradient-background has-background-gradient\" style=\"background:linear-gradient(180deg,rgb(247,244,241) 16%,rgba(247,245,242,0.91) 31%,rgba(247,245,242,0.44) 49%)\"><\/span><img loading=\"lazy\" decoding=\"async\" width=\"2000\" height=\"800\" class=\"wp-block-cover__image-background wp-image-1346\" alt=\"la region des halles herault\" src=\"https:\/\/www.lemasdeslavandes.fr\/wp-content\/uploads\/sites\/2\/2025\/01\/la-region-des-halles-herault.jpg\" data-object-fit=\"cover\" srcset=\"https:\/\/www.lemasdeslavandes.fr\/wp-content\/uploads\/sites\/2\/2025\/01\/la-region-des-halles-herault.jpg 2000w, https:\/\/www.lemasdeslavandes.fr\/wp-content\/uploads\/sites\/2\/2025\/01\/la-region-des-halles-herault-300x120.jpg 300w, https:\/\/www.lemasdeslavandes.fr\/wp-content\/uploads\/sites\/2\/2025\/01\/la-region-des-halles-herault-1024x410.jpg 1024w, https:\/\/www.lemasdeslavandes.fr\/wp-content\/uploads\/sites\/2\/2025\/01\/la-region-des-halles-herault-768x307.jpg 768w, https:\/\/www.lemasdeslavandes.fr\/wp-content\/uploads\/sites\/2\/2025\/01\/la-region-des-halles-herault-1536x614.jpg 1536w\" sizes=\"auto, (max-width: 2000px) 100vw, 2000px\" \/><div class=\"wp-block-cover__inner-container has-global-padding is-layout-constrained wp-block-cover-is-layout-constrained\">\n<div class=\"wp-block-group h2-container has-global-padding is-layout-constrained wp-block-group-is-layout-constrained\">\n<p class=\"has-text-align-center has-josefin-sans-font-family\" style=\"margin-top:8rem;margin-bottom:0px;font-size:clamp(1.743rem, 1.743rem + ((1vw - 0.2rem) * 1.704), 3rem);line-height:1.2\"><strong>Discover<\/strong><\/p>\n\n\n\n<p class=\"has-text-align-center has-josefin-sans-font-family\" style=\"margin-top:0rem;font-size:clamp(3.35rem, 3.35rem + ((1vw - 0.2rem) * 4.678), 6.8rem);line-height:1.2\"><strong><mark class=\"has-inline-color has-custom-color-5-color\">the surroundings<\/mark><\/strong><\/p>\n<\/div>\n<\/div><\/div>\n\n\n\n<div class=\"wp-block-columns middle is-layout-flex wp-container-core-columns-is-layout-a92e52df wp-block-columns-is-layout-flex\" style=\"padding-top:0rem;padding-right:22rem;padding-left:22rem\">\n<div class=\"wp-block-column is-layout-flow wp-block-column-is-layout-flow\"><a href=\"https:\/\/www.lemasdeslavandes.fr\/tourisme-herault\/montpellier\/\"    class=\"aligncenter campsite-item wp-block-tiptip-hyperlink-group-block\" >\n<div data-swiper=\"{&quot;speed&quot;:1000,&quot;autoplay&quot;:{&quot;delay&quot;:5000,&quot;disableOnInteraction&quot;:false},&quot;spaceBetween&quot;:0,&quot;slidesPerView&quot;:1,&quot;pagination&quot;:{&quot;el&quot;:&quot;.swiper-pagination&quot;,&quot;dynamicBullets&quot;:true,&quot;clickable&quot;:true,&quot;type&quot;:&quot;bullets&quot;},&quot;navigation&quot;:{&quot;nextEl&quot;:&quot;.swiper-button-next&quot;,&quot;prevEl&quot;:&quot;.swiper-button-prev&quot;},&quot;breakpoints&quot;:[{&quot;slidesPerView&quot;:1}]}\" class=\"wp-block-cover banner-campsite\" style=\"border-top-left-radius:200px;border-top-right-radius:200px;border-bottom-right-radius:200px;padding-right:var(--wp--preset--spacing--10);padding-left:var(--wp--preset--spacing--10);min-height:550px;aspect-ratio:unset;\"><span aria-hidden=\"true\" class=\"wp-block-cover__background has-custom-color-5-background-color has-background-dim-0 has-background-dim\"><\/span><img loading=\"lazy\" decoding=\"async\" width=\"1024\" height=\"640\" class=\"wp-block-cover__image-background wp-image-530\" alt=\"cathedrale saint pierre a montpellier\" src=\"https:\/\/www.lemasdeslavandes.fr\/wp-content\/uploads\/sites\/2\/2025\/01\/cathedrale-saint-pierre-a-montpellier.jpg\" data-object-fit=\"cover\" srcset=\"https:\/\/www.lemasdeslavandes.fr\/wp-content\/uploads\/sites\/2\/2025\/01\/cathedrale-saint-pierre-a-montpellier.jpg 1024w, https:\/\/www.lemasdeslavandes.fr\/wp-content\/uploads\/sites\/2\/2025\/01\/cathedrale-saint-pierre-a-montpellier-300x188.jpg 300w, https:\/\/www.lemasdeslavandes.fr\/wp-content\/uploads\/sites\/2\/2025\/01\/cathedrale-saint-pierre-a-montpellier-768x480.jpg 768w\" sizes=\"auto, (max-width: 1024px) 100vw, 1024px\" \/><div class=\"wp-block-cover__inner-container has-global-padding is-layout-constrained wp-container-core-cover-is-layout-b13d32f8 wp-block-cover-is-layout-constrained\">\n<p class=\"has-text-align-center has-base-2-color has-text-color has-link-color has-josefin-sans-font-family wp-elements-37d8ba288209547d5ee18763966629bc\" style=\"font-size:clamp(1.198rem, 1.198rem + ((1vw - 0.2rem) * 0.952), 1.9rem);font-style:normal;font-weight:400;line-height:1.2\">Montpellier<\/p>\n<\/div><\/div>\n<\/a><\/div>\n\n\n\n<div class=\"wp-block-column is-layout-flow wp-block-column-is-layout-flow\"><a href=\"https:\/\/www.lemasdeslavandes.fr\/tourisme-herault\/vendres\/\"    class=\"campsite-item wp-block-tiptip-hyperlink-group-block\" >\n<div data-swiper=\"{&quot;speed&quot;:1000,&quot;autoplay&quot;:{&quot;delay&quot;:5000,&quot;disableOnInteraction&quot;:false},&quot;spaceBetween&quot;:0,&quot;slidesPerView&quot;:1,&quot;pagination&quot;:{&quot;el&quot;:&quot;.swiper-pagination&quot;,&quot;dynamicBullets&quot;:true,&quot;clickable&quot;:true,&quot;type&quot;:&quot;bullets&quot;},&quot;navigation&quot;:{&quot;nextEl&quot;:&quot;.swiper-button-next&quot;,&quot;prevEl&quot;:&quot;.swiper-button-prev&quot;},&quot;breakpoints&quot;:[{&quot;slidesPerView&quot;:1}]}\" class=\"wp-block-cover is-light banner-campsite\" style=\"border-top-left-radius:200px;border-top-right-radius:198px;border-bottom-right-radius:200px;padding-right:var(--wp--preset--spacing--10);padding-left:var(--wp--preset--spacing--10);min-height:550px;aspect-ratio:unset;\"><span aria-hidden=\"true\" class=\"wp-block-cover__background has-custom-color-5-background-color has-background-dim-0 has-background-dim\"><\/span><img loading=\"lazy\" decoding=\"async\" width=\"400\" height=\"640\" class=\"wp-block-cover__image-background wp-image-579\" alt=\"tourisme vendres\" src=\"https:\/\/www.lemasdeslavandes.fr\/wp-content\/uploads\/sites\/2\/2025\/01\/tourisme-vendres.jpg\" data-object-fit=\"cover\" srcset=\"https:\/\/www.lemasdeslavandes.fr\/wp-content\/uploads\/sites\/2\/2025\/01\/tourisme-vendres.jpg 400w, https:\/\/www.lemasdeslavandes.fr\/wp-content\/uploads\/sites\/2\/2025\/01\/tourisme-vendres-188x300.jpg 188w\" sizes=\"auto, (max-width: 400px) 100vw, 400px\" \/><div class=\"wp-block-cover__inner-container has-global-padding is-layout-constrained wp-container-core-cover-is-layout-b13d32f8 wp-block-cover-is-layout-constrained\">\n<p class=\"has-text-align-center has-base-2-color has-text-color has-link-color has-josefin-sans-font-family wp-elements-8c0480b8763bcc373b7407e0823573d3\" style=\"font-size:clamp(1.198rem, 1.198rem + ((1vw - 0.2rem) * 0.952), 1.9rem);font-style:normal;font-weight:400;line-height:1.2\">Vendres<\/p>\n<\/div><\/div>\n<\/a><\/div>\n\n\n\n<div class=\"wp-block-column is-layout-flow wp-block-column-is-layout-flow\"><a href=\"https:\/\/www.lemasdeslavandes.fr\/tourisme-herault\/pezenas\/\"    class=\"campsite-item wp-block-tiptip-hyperlink-group-block\" >\n<div data-swiper=\"{&quot;speed&quot;:1000,&quot;autoplay&quot;:{&quot;delay&quot;:5000,&quot;disableOnInteraction&quot;:false},&quot;spaceBetween&quot;:0,&quot;slidesPerView&quot;:1,&quot;pagination&quot;:{&quot;el&quot;:&quot;.swiper-pagination&quot;,&quot;dynamicBullets&quot;:true,&quot;clickable&quot;:true,&quot;type&quot;:&quot;bullets&quot;},&quot;navigation&quot;:{&quot;nextEl&quot;:&quot;.swiper-button-next&quot;,&quot;prevEl&quot;:&quot;.swiper-button-prev&quot;},&quot;breakpoints&quot;:[{&quot;slidesPerView&quot;:1}]}\" class=\"wp-block-cover banner-campsite\" style=\"border-top-left-radius:200px;border-top-right-radius:200px;border-bottom-right-radius:200px;padding-right:var(--wp--preset--spacing--10);padding-left:var(--wp--preset--spacing--10);min-height:550px;aspect-ratio:unset;\"><span aria-hidden=\"true\" class=\"wp-block-cover__background has-custom-color-5-background-color has-background-dim-0 has-background-dim\"><\/span><img loading=\"lazy\" decoding=\"async\" width=\"400\" height=\"640\" class=\"wp-block-cover__image-background wp-image-576\" alt=\"tourisme pezenas\" src=\"https:\/\/www.lemasdeslavandes.fr\/wp-content\/uploads\/sites\/2\/2025\/01\/tourisme-pezenas.jpg\" data-object-fit=\"cover\" srcset=\"https:\/\/www.lemasdeslavandes.fr\/wp-content\/uploads\/sites\/2\/2025\/01\/tourisme-pezenas.jpg 400w, https:\/\/www.lemasdeslavandes.fr\/wp-content\/uploads\/sites\/2\/2025\/01\/tourisme-pezenas-188x300.jpg 188w\" sizes=\"auto, (max-width: 400px) 100vw, 400px\" \/><div class=\"wp-block-cover__inner-container has-global-padding is-layout-constrained wp-container-core-cover-is-layout-b13d32f8 wp-block-cover-is-layout-constrained\">\n<p class=\"has-text-align-center has-base-2-color has-text-color has-link-color has-josefin-sans-font-family wp-elements-ed8bb5c09d018d2b765119b360595c36\" style=\"font-size:clamp(1.198rem, 1.198rem + ((1vw - 0.2rem) * 0.952), 1.9rem);line-height:1.3\">P\u00e9zenas<\/p>\n<\/div><\/div>\n<\/a><\/div>\n<\/div>\n<\/div>\n<\/section>\n","protected":false},"excerpt":{"rendered":"<p>The markets in and around S\u00e9rignan S\u00e9rignan propose, comme toutes les grandes villes du sud, des march\u00e9s color\u00e9s o\u00f9 se r\u00e9unissent tous les villageois autour de bons produits r\u00e9gionaux. La ville propose en saison estivale des march\u00e9s suppl\u00e9mentaires sur sa promenade centrale, d\u2019une tr\u00e8s bonne renomm\u00e9e. Profitez \u00e9galement des march\u00e9s autour de S\u00e9rignan pour vous [&hellip;]<\/p>\n","protected":false},"author":1,"featured_media":1338,"parent":9080,"menu_order":27,"comment_status":"closed","ping_status":"closed","template":"","meta":{"_acf_changed":false,"_seopress_robots_primary_cat":"","_seopress_titles_title":"Markets in S\u00e9rignan | Markets in H\u00e9rault","_seopress_titles_desc":"Visit the markets of S\u00e9rignan! Our Campsite provides you with the best places to buy typical products from the Occitanie region. ","_seopress_robots_index":"","inline_featured_image":false,"gt_fse_maillage_image":"https:\/\/www.lemasdeslavandes.fr\/wp-content\/uploads\/sites\/2\/2025\/01\/les-marches-aux-alentours-herault.webp","gt_fse_maillage_titre":"Les march\u00e9s de S\u00e9rignan et alentours","gt_fse_maillage_alt":"Markets in and around S\u00e9rignan","gt_fse_maillage_resume":"","footnotes":""},"categories":[],"tags":[],"class_list":["post-9090","page","type-page","status-publish","has-post-thumbnail","hentry"],"acf":[],"_links":{"self":[{"href":"https:\/\/www.lemasdeslavandes.fr\/en\/wp-json\/wp\/v2\/pages\/9090","targetHints":{"allow":["GET"]}}],"collection":[{"href":"https:\/\/www.lemasdeslavandes.fr\/en\/wp-json\/wp\/v2\/pages"}],"about":[{"href":"https:\/\/www.lemasdeslavandes.fr\/en\/wp-json\/wp\/v2\/types\/page"}],"author":[{"embeddable":true,"href":"https:\/\/www.lemasdeslavandes.fr\/en\/wp-json\/wp\/v2\/users\/1"}],"replies":[{"embeddable":true,"href":"https:\/\/www.lemasdeslavandes.fr\/en\/wp-json\/wp\/v2\/comments?post=9090"}],"version-history":[{"count":6,"href":"https:\/\/www.lemasdeslavandes.fr\/en\/wp-json\/wp\/v2\/pages\/9090\/revisions"}],"predecessor-version":[{"id":11283,"href":"https:\/\/www.lemasdeslavandes.fr\/en\/wp-json\/wp\/v2\/pages\/9090\/revisions\/11283"}],"up":[{"embeddable":true,"href":"https:\/\/www.lemasdeslavandes.fr\/en\/wp-json\/wp\/v2\/pages\/9080"}],"wp:featuredmedia":[{"embeddable":true,"href":"https:\/\/www.lemasdeslavandes.fr\/en\/wp-json\/wp\/v2\/media\/1338"}],"wp:attachment":[{"href":"https:\/\/www.lemasdeslavandes.fr\/en\/wp-json\/wp\/v2\/media?parent=9090"}],"wp:term":[{"taxonomy":"category","embeddable":true,"href":"https:\/\/www.lemasdeslavandes.fr\/en\/wp-json\/wp\/v2\/categories?post=9090"},{"taxonomy":"post_tag","embeddable":true,"href":"https:\/\/www.lemasdeslavandes.fr\/en\/wp-json\/wp\/v2\/tags?post=9090"}],"curies":[{"name":"wp","href":"https:\/\/api.w.org\/{rel}","templated":true}]}}