{"id":9124,"date":"2025-01-20T16:25:54","date_gmt":"2025-01-20T15:25:54","guid":{"rendered":"https:\/\/www.lemasdeslavandes.fr\/tourism-herault\/tourism-pezenas\/"},"modified":"2026-04-30T16:00:56","modified_gmt":"2026-04-30T14:00:56","slug":"tourism-pezenas","status":"publish","type":"page","link":"https:\/\/www.lemasdeslavandes.fr\/en\/tourism-herault\/tourism-pezenas\/","title":{"rendered":"P\u00e9zenas"},"content":{"rendered":"\n<section class=\"wp-block-group page-one is-layout-flow wp-block-group-is-layout-flow\" style=\"margin-top:var(--wp--preset--spacing--50);margin-bottom:var(--wp--preset--spacing--50)\">\n<h1 class=\"wp-block-heading has-text-align-center\"><span><mark class=\"has-inline-color has-custom-color-5-color\">P\u00e9zenas, the medieval town,<\/mark><\/span> <br \/>from our Campsite<\/h1>\n<\/section>\n\n<section class=\"wp-block-group home-third page-two is-layout-flow wp-block-group-is-layout-flow\" style=\"margin-top:var(--wp--preset--spacing--50);margin-bottom:var(--wp--preset--spacing--50)\">\n<div class=\"wp-block-columns has-custom-color-2-background-color has-background is-layout-flex wp-container-core-columns-is-layout-28f84493 wp-block-columns-is-layout-flex\">\n<div class=\"wp-block-column is-layout-flow wp-block-column-is-layout-flow\" style=\"flex-basis:50%\">\n<div data-swiper=\"{&quot;speed&quot;:400,&quot;spaceBetween&quot;:15,&quot;slidesPerView&quot;:1,&quot;createElements&quot;:true,&quot;loop&quot;:true,&quot;freemode&quot;:true,&quot;navigation&quot;:{&quot;nextEl&quot;:&quot;buttonNext&quot;,&quot;prevEl&quot;:&quot;buttonPrev&quot;},&quot;breakpoints&quot;:[{&quot;slidesPerView&quot;:1}],&quot;pagination&quot;:false,&quot;parallax&quot;:true,&quot;autoplay&quot;:{&quot;delay&quot;:3500}}\" class=\"wp-block-group left gt-is-slider gt-is-slider-desktop has-global-padding is-content-justification-left is-layout-constrained wp-container-core-group-is-layout-16a8afda wp-block-group-is-layout-constrained\" style=\"padding-top:0;padding-bottom:0\">\n<figure class=\"wp-block-image size-full has-custom-border\"><img loading=\"lazy\" decoding=\"async\" width=\"1024\" height=\"640\" src=\"https:\/\/www.lemasdeslavandes.fr\/wp-content\/uploads\/sites\/2\/2025\/01\/tourisme-famille-pezenas.jpg\" alt=\"family tourism pezenas\" class=\"wp-image-815\" style=\"border-bottom-left-radius:0px;aspect-ratio:4\/3;object-fit:cover\" srcset=\"https:\/\/www.lemasdeslavandes.fr\/wp-content\/uploads\/sites\/2\/2025\/01\/tourisme-famille-pezenas.jpg 1024w, https:\/\/www.lemasdeslavandes.fr\/wp-content\/uploads\/sites\/2\/2025\/01\/tourisme-famille-pezenas-300x188.jpg 300w, https:\/\/www.lemasdeslavandes.fr\/wp-content\/uploads\/sites\/2\/2025\/01\/tourisme-famille-pezenas-768x480.jpg 768w\" sizes=\"auto, (max-width: 1024px) 100vw, 1024px\" \/><\/figure>\n\n\n\n<figure class=\"wp-block-image size-full has-custom-border\"><img loading=\"lazy\" decoding=\"async\" width=\"1024\" height=\"640\" src=\"https:\/\/www.lemasdeslavandes.fr\/wp-content\/uploads\/sites\/2\/2025\/01\/visiter-pezenas.jpg\" alt=\"visit pezenas\" class=\"wp-image-818\" style=\"border-bottom-left-radius:0px;aspect-ratio:4\/3;object-fit:cover\" srcset=\"https:\/\/www.lemasdeslavandes.fr\/wp-content\/uploads\/sites\/2\/2025\/01\/visiter-pezenas.jpg 1024w, https:\/\/www.lemasdeslavandes.fr\/wp-content\/uploads\/sites\/2\/2025\/01\/visiter-pezenas-300x188.jpg 300w, https:\/\/www.lemasdeslavandes.fr\/wp-content\/uploads\/sites\/2\/2025\/01\/visiter-pezenas-768x480.jpg 768w\" sizes=\"auto, (max-width: 1024px) 100vw, 1024px\" \/><\/figure>\n<\/div>\n<\/div>\n\n\n\n<div class=\"wp-block-column is-layout-flow wp-block-column-is-layout-flow\" style=\"flex-basis:50%\">\n<div class=\"wp-block-group right has-global-padding is-content-justification-left is-layout-constrained wp-container-core-group-is-layout-12dd3699 wp-block-group-is-layout-constrained\">\n<div class=\"wp-block-group h2-container has-global-padding is-layout-constrained wp-block-group-is-layout-constrained\">\n<h2 class=\"wp-block-heading has-base-2-background-color has-background\" style=\"padding-top:var(--wp--preset--spacing--50);padding-bottom:var(--wp--preset--spacing--40);padding-left:var(--wp--preset--spacing--50)\"><br \/><mark class=\"has-inline-color has-custom-color-5-color\">P\u00e9zenas,<\/mark> awarded the Ville d&#8217;art et d&#8217;histoire label<\/h2>\n<\/div>\n\n\n\n<div class=\"wp-block-group bottom has-link-color wp-elements-61c92560089b7c355dd20e2fdeac0452 has-global-padding is-layout-constrained wp-container-core-group-is-layout-36453ffe wp-block-group-is-layout-constrained\" style=\"padding-top:var(--wp--preset--spacing--20);padding-right:15rem;padding-bottom:0;padding-left:var(--wp--preset--spacing--50)\">\n<p>Au c\u0153ur du d\u00e9partement de <a href=\"https:\/\/www.lemasdeslavandes.fr\/tourisme-herault\/\" data-type=\"page\" data-id=\"51\">l\u2019H\u00e9rault<\/a>, cette ancienne cit\u00e9 m\u00e9di\u00e9vale est non seulement un joyau d\u2019histoire, mais aussi une ville moderne riche en culture, art et patrimoine. Le <a href=\"https:\/\/www.lemasdeslavandes.fr\/\" data-type=\"page\" data-id=\"9\">camping <\/a><a href=\"https:\/\/www.lemasdeslavandes.fr\/\" data-type=\"page\" data-id=\"9\">\u00e0 Valras-Plage<\/a> Le Mas des Lavandes, vous emm\u00e8ne \u00e0 la d\u00e9couverte de cette cit\u00e9 de <strong>l\u2019arri\u00e8re-pays montpelli\u00e9rain,<\/strong> qui a vu na\u00eetre de grands hommes de l\u2019histoire.<\/p>\n\n\n\n<p>Just 29 km from <strong>Campsite Valras<\/strong>, <strong>P\u00e9zenas<\/strong> is home to a number of arts and crafts that are the pride of its inhabitants. The town that saw the birth of <strong>Moli\u00e8re<\/strong>, a man of the theater, and <strong>Boby Lapointe<\/strong>, a songwriter, still knows how to combine their memories. <\/p>\n<\/div>\n<\/div>\n<\/div>\n<\/div>\n\n\n\n<p class=\"h1-like\"><span>p\u00e9zenas<\/span> discover  <\/p>\n<\/section>\n\n<section class=\"wp-block-group home-third page-two reverse is-layout-flow wp-block-group-is-layout-flow\">\n<div class=\"wp-block-columns has-custom-color-2-background-color has-background is-layout-flex wp-container-core-columns-is-layout-e477a36d wp-block-columns-is-layout-flex\" style=\"padding-bottom:var(--wp--preset--spacing--60)\">\n<div class=\"wp-block-column is-layout-flow wp-block-column-is-layout-flow\" style=\"flex-basis:50%\">\n<div class=\"wp-block-group right has-global-padding is-content-justification-center is-layout-constrained wp-block-group-is-layout-constrained\">\n<div class=\"wp-block-group h2-container has-global-padding is-layout-constrained wp-block-group-is-layout-constrained\">\n<h2 class=\"wp-block-heading has-base-2-background-color has-background\" style=\"padding-top:var(--wp--preset--spacing--50);padding-right:var(--wp--preset--spacing--10);padding-bottom:var(--wp--preset--spacing--40);padding-left:var(--wp--preset--spacing--50)\"><span>What to see<\/span> in P\u00e9zenas<\/h2>\n<\/div>\n\n\n\n<div class=\"wp-block-group bottom has-link-color wp-elements-4663c721e063bff25da974a1ae01112b has-global-padding is-layout-constrained wp-container-core-group-is-layout-0a497845 wp-block-group-is-layout-constrained\" style=\"padding-top:var(--wp--preset--spacing--20);padding-right:10rem;padding-bottom:0;padding-left:var(--wp--preset--spacing--50)\">\n<p>P\u00e9zenas fait partie des<strong> plus beaux villages de l\u2019H\u00e9rault<\/strong>. Il est situ\u00e9 dans la r\u00e9gion Occitanie, ex Languedoc-Roussillon, entre <a href=\"https:\/\/www.lemasdeslavandes.fr\/tourisme-herault\/montpellier\/\" data-type=\"page\" data-id=\"87\">Montpellier<\/a> et <a href=\"https:\/\/www.lemasdeslavandes.fr\/tourisme-herault\/beziers-canal-du-midi\/\" data-type=\"page\" data-id=\"83\">B\u00e9ziers<\/a>. Cette commune abrite d\u2019importants b\u00e2timents <strong>class\u00e9s aux monuments historiques<\/strong>, ainsi que des mus\u00e9es et des galeries. Les <strong>h\u00f4tels particuliers <\/strong>sont un endroit agr\u00e9able pour se promener tout en admirant l\u2019histoire de ce beau village avec un centre enti\u00e8rement pi\u00e9ton. <\/p>\n\n\n\n<p>The Maison Consulaire is a fine example of P\u00e9zenas&#8217; architectural charm, and don&#8217;t miss <strong>the artists&#8217; stalls<\/strong> and the Maison des M\u00e9tiers d&#8217;Art to discover local crafts, one of the village&#8217;s specialties. See a play or take part in the Printival festival. These are must-sees during your stay in the footsteps of Moli\u00e8re and Boby Lapointe.  <\/p>\n<\/div>\n<\/div>\n<\/div>\n\n\n\n<div class=\"wp-block-column is-layout-flow wp-block-column-is-layout-flow\" style=\"flex-basis:50%\">\n<div data-swiper=\"{&quot;speed&quot;:400,&quot;spaceBetween&quot;:15,&quot;slidesPerView&quot;:1,&quot;createElements&quot;:true,&quot;loop&quot;:true,&quot;freemode&quot;:true,&quot;navigation&quot;:{&quot;nextEl&quot;:&quot;buttonNext&quot;,&quot;prevEl&quot;:&quot;buttonPrev&quot;},&quot;breakpoints&quot;:[{&quot;slidesPerView&quot;:1}],&quot;pagination&quot;:false,&quot;parallax&quot;:true,&quot;autoplay&quot;:{&quot;delay&quot;:3500}}\" class=\"wp-block-group left gt-is-slider gt-is-slider-desktop has-global-padding is-content-justification-left is-layout-constrained wp-container-core-group-is-layout-16a8afda wp-block-group-is-layout-constrained\" style=\"padding-top:0;padding-bottom:0\">\n<figure class=\"wp-block-image size-full has-custom-border\"><img loading=\"lazy\" decoding=\"async\" width=\"1024\" height=\"640\" src=\"https:\/\/www.lemasdeslavandes.fr\/wp-content\/uploads\/sites\/2\/2025\/01\/maison-consulaire-pezenas.jpg\" alt=\"maison consulaire pezenas\" class=\"wp-image-823\" style=\"border-bottom-left-radius:150px;object-fit:cover\" srcset=\"https:\/\/www.lemasdeslavandes.fr\/wp-content\/uploads\/sites\/2\/2025\/01\/maison-consulaire-pezenas.jpg 1024w, https:\/\/www.lemasdeslavandes.fr\/wp-content\/uploads\/sites\/2\/2025\/01\/maison-consulaire-pezenas-300x188.jpg 300w, https:\/\/www.lemasdeslavandes.fr\/wp-content\/uploads\/sites\/2\/2025\/01\/maison-consulaire-pezenas-768x480.jpg 768w\" sizes=\"auto, (max-width: 1024px) 100vw, 1024px\" \/><figcaption class=\"wp-element-caption\">The Consular House<\/figcaption><\/figure>\n\n\n\n<figure class=\"wp-block-image size-full has-custom-border\"><img loading=\"lazy\" decoding=\"async\" width=\"1024\" height=\"640\" src=\"https:\/\/www.lemasdeslavandes.fr\/wp-content\/uploads\/sites\/2\/2025\/01\/ville-de-pezenas-occitanie.jpg\" alt=\"ville de pezenas occitanie\" class=\"wp-image-827\" style=\"border-bottom-left-radius:150px;object-fit:cover\" srcset=\"https:\/\/www.lemasdeslavandes.fr\/wp-content\/uploads\/sites\/2\/2025\/01\/ville-de-pezenas-occitanie.jpg 1024w, https:\/\/www.lemasdeslavandes.fr\/wp-content\/uploads\/sites\/2\/2025\/01\/ville-de-pezenas-occitanie-300x188.jpg 300w, https:\/\/www.lemasdeslavandes.fr\/wp-content\/uploads\/sites\/2\/2025\/01\/ville-de-pezenas-occitanie-768x480.jpg 768w\" sizes=\"auto, (max-width: 1024px) 100vw, 1024px\" \/><\/figure>\n<\/div>\n<\/div>\n<\/div>\n\n\n\n<div class=\"wp-block-columns has-custom-color-2-background-color has-background is-layout-flex wp-container-core-columns-is-layout-616294e8 wp-block-columns-is-layout-flex\" style=\"margin-top:0px;padding-top:0\">\n<div class=\"wp-block-column is-layout-flow wp-block-column-is-layout-flow\" style=\"flex-basis:50%\">\n<div data-swiper=\"{&quot;speed&quot;:400,&quot;spaceBetween&quot;:15,&quot;slidesPerView&quot;:1,&quot;createElements&quot;:true,&quot;loop&quot;:true,&quot;freemode&quot;:true,&quot;navigation&quot;:{&quot;nextEl&quot;:&quot;buttonNext&quot;,&quot;prevEl&quot;:&quot;buttonPrev&quot;},&quot;breakpoints&quot;:[{&quot;slidesPerView&quot;:1}],&quot;pagination&quot;:false,&quot;parallax&quot;:true,&quot;autoplay&quot;:{&quot;delay&quot;:3500}}\" class=\"wp-block-group left gt-is-slider gt-is-slider-desktop has-global-padding is-content-justification-center is-layout-constrained wp-block-group-is-layout-constrained\" style=\"padding-top:0;padding-bottom:0\">\n<figure class=\"wp-block-image size-full has-custom-border\"><img loading=\"lazy\" decoding=\"async\" width=\"1024\" height=\"640\" src=\"https:\/\/www.lemasdeslavandes.fr\/wp-content\/uploads\/sites\/2\/2025\/01\/location-camping-pres-de-pezenas.jpg\" alt=\"Campsite rental near pezenas\" class=\"wp-image-831\" style=\"border-top-right-radius:150px\" srcset=\"https:\/\/www.lemasdeslavandes.fr\/wp-content\/uploads\/sites\/2\/2025\/01\/location-camping-pres-de-pezenas.jpg 1024w, https:\/\/www.lemasdeslavandes.fr\/wp-content\/uploads\/sites\/2\/2025\/01\/location-camping-pres-de-pezenas-300x188.jpg 300w, https:\/\/www.lemasdeslavandes.fr\/wp-content\/uploads\/sites\/2\/2025\/01\/location-camping-pres-de-pezenas-768x480.jpg 768w\" sizes=\"auto, (max-width: 1024px) 100vw, 1024px\" \/><\/figure>\n<\/div>\n<\/div>\n\n\n\n<div class=\"wp-block-column is-vertically-aligned-center is-layout-flow wp-block-column-is-layout-flow\" style=\"flex-basis:50%\">\n<div class=\"wp-block-group right has-global-padding is-content-justification-left is-layout-constrained wp-container-core-group-is-layout-12dd3699 wp-block-group-is-layout-constrained\">\n<div class=\"wp-block-group h2-container has-global-padding is-layout-constrained wp-block-group-is-layout-constrained\">\n<h2 class=\"wp-block-heading\" style=\"padding-top:var(--wp--preset--spacing--50);padding-right:var(--wp--preset--spacing--10);padding-bottom:var(--wp--preset--spacing--40);padding-left:var(--wp--preset--spacing--50)\">Our Campsite <mark class=\"has-inline-color has-custom-color-5-color\">30 km from P\u00e9zenas<\/mark><\/h2>\n<\/div>\n\n\n\n<div class=\"wp-block-group bottom has-global-padding is-layout-constrained wp-container-core-group-is-layout-a796f9df wp-block-group-is-layout-constrained\" style=\"padding-top:0;padding-right:10rem;padding-bottom:0;padding-left:var(--wp--preset--spacing--50)\">\n<p>Are you looking for a rental during your stay in P\u00e9zenas? Our <strong>Campsite in Valras, near P\u00e9zenas,<\/strong> welcomes you all year round to our huge water park.   <\/p>\n\n\n\n<p>You&#8217;ll have the opportunity to visit the most beautiful sites in southern Occitania.<\/p>\n<\/div>\n<\/div>\n<\/div>\n<\/div>\n<\/section>\n\n<section class=\"wp-block-group alignfull home-intro home-fifth page-three is-layout-flow wp-block-group-is-layout-flow\" style=\"margin-top:0;margin-bottom:var(--wp--preset--spacing--60)\">\n<div class=\"wp-block-group is-layout-flow wp-block-group-is-layout-flow\" style=\"padding-top:0rem\">\n<div data-swiper=\"{&quot;speed&quot;:1000,&quot;autoplay&quot;:{&quot;delay&quot;:5000,&quot;disableOnInteraction&quot;:false},&quot;spaceBetween&quot;:0,&quot;slidesPerView&quot;:1,&quot;pagination&quot;:{&quot;el&quot;:&quot;.swiper-pagination&quot;,&quot;dynamicBullets&quot;:true,&quot;clickable&quot;:true,&quot;type&quot;:&quot;bullets&quot;},&quot;navigation&quot;:{&quot;nextEl&quot;:&quot;.swiper-button-next&quot;,&quot;prevEl&quot;:&quot;.swiper-button-prev&quot;},&quot;breakpoints&quot;:[{&quot;slidesPerView&quot;:1}]}\" class=\"wp-block-cover has-custom-content-position is-position-top-center\" style=\"min-height:800px;aspect-ratio:unset;\"><span aria-hidden=\"true\" class=\"wp-block-cover__background has-background-dim-100 has-background-dim wp-block-cover__gradient-background has-background-gradient\" style=\"background:linear-gradient(180deg,rgb(247,244,241) 16%,rgba(247,245,242,0.91) 31%,rgba(247,245,242,0.44) 49%)\"><\/span><img loading=\"lazy\" decoding=\"async\" width=\"1024\" height=\"410\" class=\"wp-block-cover__image-background wp-image-844\" alt=\"visiter la ville de pezenas occitanie\" src=\"https:\/\/www.lemasdeslavandes.fr\/wp-content\/uploads\/sites\/2\/2025\/01\/visiter-la-ville-de-pezenas-occitanie-1024x410.jpg\" data-object-fit=\"cover\" srcset=\"https:\/\/www.lemasdeslavandes.fr\/wp-content\/uploads\/sites\/2\/2025\/01\/visiter-la-ville-de-pezenas-occitanie-1024x410.jpg 1024w, https:\/\/www.lemasdeslavandes.fr\/wp-content\/uploads\/sites\/2\/2025\/01\/visiter-la-ville-de-pezenas-occitanie-300x120.jpg 300w, https:\/\/www.lemasdeslavandes.fr\/wp-content\/uploads\/sites\/2\/2025\/01\/visiter-la-ville-de-pezenas-occitanie-768x307.jpg 768w, https:\/\/www.lemasdeslavandes.fr\/wp-content\/uploads\/sites\/2\/2025\/01\/visiter-la-ville-de-pezenas-occitanie-1536x614.jpg 1536w, https:\/\/www.lemasdeslavandes.fr\/wp-content\/uploads\/sites\/2\/2025\/01\/visiter-la-ville-de-pezenas-occitanie.jpg 2000w\" sizes=\"auto, (max-width: 1024px) 100vw, 1024px\" \/><div class=\"wp-block-cover__inner-container has-global-padding is-layout-constrained wp-block-cover-is-layout-constrained\">\n<div class=\"wp-block-group h2-container has-global-padding is-layout-constrained wp-block-group-is-layout-constrained\">\n<p class=\"has-text-align-center has-josefin-sans-font-family\" style=\"margin-top:8rem;margin-bottom:0px;font-size:clamp(1.743rem, 1.743rem + ((1vw - 0.2rem) * 1.704), 3rem);line-height:1.2\"><strong>Discover<\/strong><\/p>\n\n\n\n<p class=\"has-text-align-center has-josefin-sans-font-family\" style=\"margin-top:0rem;font-size:clamp(3.35rem, 3.35rem + ((1vw - 0.2rem) * 4.678), 6.8rem);line-height:1.2\"><strong><mark class=\"has-inline-color has-custom-color-5-color\">the surroundings<\/mark><\/strong><\/p>\n<\/div>\n<\/div><\/div>\n\n\n\n<div class=\"wp-block-columns middle is-layout-flex wp-container-core-columns-is-layout-a92e52df wp-block-columns-is-layout-flex\" style=\"padding-top:0rem;padding-right:22rem;padding-left:22rem\">\n<div class=\"wp-block-column is-layout-flow wp-block-column-is-layout-flow\"><a href=\"https:\/\/www.lemasdeslavandes.fr\/tourisme-herault\/beziers-canal-du-midi\/\"    class=\"aligncenter campsite-item wp-block-tiptip-hyperlink-group-block\" >\n<div data-swiper=\"{&quot;speed&quot;:1000,&quot;autoplay&quot;:{&quot;delay&quot;:5000,&quot;disableOnInteraction&quot;:false},&quot;spaceBetween&quot;:0,&quot;slidesPerView&quot;:1,&quot;pagination&quot;:{&quot;el&quot;:&quot;.swiper-pagination&quot;,&quot;dynamicBullets&quot;:true,&quot;clickable&quot;:true,&quot;type&quot;:&quot;bullets&quot;},&quot;navigation&quot;:{&quot;nextEl&quot;:&quot;.swiper-button-next&quot;,&quot;prevEl&quot;:&quot;.swiper-button-prev&quot;},&quot;breakpoints&quot;:[{&quot;slidesPerView&quot;:1}]}\" class=\"wp-block-cover banner-campsite\" style=\"border-top-left-radius:200px;border-top-right-radius:200px;border-bottom-right-radius:200px;padding-right:var(--wp--preset--spacing--10);padding-left:var(--wp--preset--spacing--10);min-height:550px;aspect-ratio:unset;\"><span aria-hidden=\"true\" class=\"wp-block-cover__background has-custom-color-5-background-color has-background-dim-0 has-background-dim\"><\/span><img loading=\"lazy\" decoding=\"async\" width=\"840\" height=\"700\" class=\"wp-block-cover__image-background wp-image-752\" alt=\"tunnel de malpas beziers\" src=\"https:\/\/www.lemasdeslavandes.fr\/wp-content\/uploads\/sites\/2\/2025\/01\/tunnel-de-malpas-beziers.jpg\" style=\"object-position:56% 62%\" data-object-fit=\"cover\" data-object-position=\"56% 62%\" srcset=\"https:\/\/www.lemasdeslavandes.fr\/wp-content\/uploads\/sites\/2\/2025\/01\/tunnel-de-malpas-beziers.jpg 840w, https:\/\/www.lemasdeslavandes.fr\/wp-content\/uploads\/sites\/2\/2025\/01\/tunnel-de-malpas-beziers-300x250.jpg 300w, https:\/\/www.lemasdeslavandes.fr\/wp-content\/uploads\/sites\/2\/2025\/01\/tunnel-de-malpas-beziers-768x640.jpg 768w\" sizes=\"auto, (max-width: 840px) 100vw, 840px\" \/><div class=\"wp-block-cover__inner-container has-global-padding is-layout-constrained wp-container-core-cover-is-layout-b13d32f8 wp-block-cover-is-layout-constrained\">\n<p class=\"has-text-align-center has-base-2-color has-text-color has-link-color has-josefin-sans-font-family wp-elements-b383e5e34f1bdfd1fc1f88e32238bb8c\" style=\"font-size:clamp(1.198rem, 1.198rem + ((1vw - 0.2rem) * 0.952), 1.9rem);font-style:normal;font-weight:400;line-height:1.2\">B\u00e9ziers and the Canal du Midi<\/p>\n<\/div><\/div>\n<\/a><\/div>\n\n\n\n<div class=\"wp-block-column is-layout-flow wp-block-column-is-layout-flow\"><a href=\"https:\/\/www.lemasdeslavandes.fr\/tourisme-herault\/montpellier\/\"    class=\"campsite-item wp-block-tiptip-hyperlink-group-block\" >\n<div data-swiper=\"{&quot;speed&quot;:1000,&quot;autoplay&quot;:{&quot;delay&quot;:5000,&quot;disableOnInteraction&quot;:false},&quot;spaceBetween&quot;:0,&quot;slidesPerView&quot;:1,&quot;pagination&quot;:{&quot;el&quot;:&quot;.swiper-pagination&quot;,&quot;dynamicBullets&quot;:true,&quot;clickable&quot;:true,&quot;type&quot;:&quot;bullets&quot;},&quot;navigation&quot;:{&quot;nextEl&quot;:&quot;.swiper-button-next&quot;,&quot;prevEl&quot;:&quot;.swiper-button-prev&quot;},&quot;breakpoints&quot;:[{&quot;slidesPerView&quot;:1}]}\" class=\"wp-block-cover is-light banner-campsite\" style=\"border-top-left-radius:200px;border-top-right-radius:198px;border-bottom-right-radius:200px;padding-right:var(--wp--preset--spacing--10);padding-left:var(--wp--preset--spacing--10);min-height:550px;aspect-ratio:unset;\"><span aria-hidden=\"true\" class=\"wp-block-cover__background has-custom-color-5-background-color has-background-dim-0 has-background-dim\"><\/span><img loading=\"lazy\" decoding=\"async\" width=\"1024\" height=\"640\" class=\"wp-block-cover__image-background wp-image-547\" alt=\"musee montpellier\" src=\"https:\/\/www.lemasdeslavandes.fr\/wp-content\/uploads\/sites\/2\/2025\/01\/musee-montpellier.jpg\" data-object-fit=\"cover\" srcset=\"https:\/\/www.lemasdeslavandes.fr\/wp-content\/uploads\/sites\/2\/2025\/01\/musee-montpellier.jpg 1024w, https:\/\/www.lemasdeslavandes.fr\/wp-content\/uploads\/sites\/2\/2025\/01\/musee-montpellier-300x188.jpg 300w, https:\/\/www.lemasdeslavandes.fr\/wp-content\/uploads\/sites\/2\/2025\/01\/musee-montpellier-768x480.jpg 768w\" sizes=\"auto, (max-width: 1024px) 100vw, 1024px\" \/><div class=\"wp-block-cover__inner-container has-global-padding is-layout-constrained wp-container-core-cover-is-layout-b13d32f8 wp-block-cover-is-layout-constrained\">\n<p class=\"has-text-align-center has-base-2-color has-text-color has-link-color has-josefin-sans-font-family wp-elements-37d8ba288209547d5ee18763966629bc\" style=\"font-size:clamp(1.198rem, 1.198rem + ((1vw - 0.2rem) * 0.952), 1.9rem);font-style:normal;font-weight:400;line-height:1.2\">Montpellier<\/p>\n<\/div><\/div>\n<\/a><\/div>\n\n\n\n<div class=\"wp-block-column is-layout-flow wp-block-column-is-layout-flow\"><a href=\"https:\/\/www.lemasdeslavandes.fr\/tourisme-herault\/villeneuve-les-beziers\/\"    class=\"campsite-item wp-block-tiptip-hyperlink-group-block\" >\n<div data-swiper=\"{&quot;speed&quot;:1000,&quot;autoplay&quot;:{&quot;delay&quot;:5000,&quot;disableOnInteraction&quot;:false},&quot;spaceBetween&quot;:0,&quot;slidesPerView&quot;:1,&quot;pagination&quot;:{&quot;el&quot;:&quot;.swiper-pagination&quot;,&quot;dynamicBullets&quot;:true,&quot;clickable&quot;:true,&quot;type&quot;:&quot;bullets&quot;},&quot;navigation&quot;:{&quot;nextEl&quot;:&quot;.swiper-button-next&quot;,&quot;prevEl&quot;:&quot;.swiper-button-prev&quot;},&quot;breakpoints&quot;:[{&quot;slidesPerView&quot;:1}]}\" class=\"wp-block-cover banner-campsite\" style=\"border-top-left-radius:200px;border-top-right-radius:200px;border-bottom-right-radius:200px;padding-right:var(--wp--preset--spacing--10);padding-left:var(--wp--preset--spacing--10);min-height:550px;aspect-ratio:unset;\"><span aria-hidden=\"true\" class=\"wp-block-cover__background has-custom-color-5-background-color has-background-dim-0 has-background-dim\"><\/span><img loading=\"lazy\" decoding=\"async\" width=\"400\" height=\"640\" class=\"wp-block-cover__image-background wp-image-855\" alt=\"visiter Villeneuve le\u0300s Be\u0301ziers\" src=\"https:\/\/www.lemasdeslavandes.fr\/wp-content\/uploads\/sites\/2\/2025\/01\/visiter-Villeneuve-les-Beziers.jpg\" data-object-fit=\"cover\" srcset=\"https:\/\/www.lemasdeslavandes.fr\/wp-content\/uploads\/sites\/2\/2025\/01\/visiter-Villeneuve-les-Beziers.jpg 400w, https:\/\/www.lemasdeslavandes.fr\/wp-content\/uploads\/sites\/2\/2025\/01\/visiter-Villeneuve-les-Beziers-188x300.jpg 188w\" sizes=\"auto, (max-width: 400px) 100vw, 400px\" \/><div class=\"wp-block-cover__inner-container has-global-padding is-layout-constrained wp-container-core-cover-is-layout-b13d32f8 wp-block-cover-is-layout-constrained\">\n<p class=\"has-text-align-center has-base-2-color has-text-color has-link-color has-josefin-sans-font-family wp-elements-6e57fc1c5ea89e3baf1448b73f5ba24c\" style=\"font-size:clamp(1.198rem, 1.198rem + ((1vw - 0.2rem) * 0.952), 1.9rem);line-height:1.3\"><strong>Villeneuve-l\u00e8s-B\u00e9ziers<\/strong><\/p>\n<\/div><\/div>\n<\/a><\/div>\n<\/div>\n<\/div>\n<\/section>\n\n<p><\/p>\n","protected":false},"excerpt":{"rendered":"<p>P\u00e9zenas, the medieval town, from our Campsite P\u00e9zenas, awarded the Ville d&#8217;art et d&#8217;histoire label Au c\u0153ur du d\u00e9partement de l\u2019H\u00e9rault, cette ancienne cit\u00e9 m\u00e9di\u00e9vale est non seulement un joyau d\u2019histoire, mais aussi une ville moderne riche en culture, art et patrimoine. Le camping \u00e0 Valras-Plage Le Mas des Lavandes, vous emm\u00e8ne \u00e0 la d\u00e9couverte [&hellip;]<\/p>\n","protected":false},"author":1,"featured_media":1104,"parent":9080,"menu_order":45,"comment_status":"closed","ping_status":"closed","template":"","meta":{"_acf_changed":false,"_seopress_robots_primary_cat":"","_seopress_titles_title":"Discover P\u00e9zenas | Activities and visits in P\u00e9zenas","_seopress_titles_desc":"Our Campsite in Valras is the ideal starting point for visiting P\u00e9zenas, the town of Moli\u00e8re and a medieval city with many tourist attractions.","_seopress_robots_index":"","inline_featured_image":false,"gt_fse_maillage_image":"https:\/\/www.lemasdeslavandes.fr\/wp-content\/uploads\/sites\/2\/2025\/01\/pezenas-la-medievale.jpg","gt_fse_maillage_titre":"P\u00e9zenas","gt_fse_maillage_alt":"P\u00e9zenas","gt_fse_maillage_resume":"","footnotes":""},"categories":[],"tags":[],"class_list":["post-9124","page","type-page","status-publish","has-post-thumbnail","hentry"],"acf":[],"_links":{"self":[{"href":"https:\/\/www.lemasdeslavandes.fr\/en\/wp-json\/wp\/v2\/pages\/9124","targetHints":{"allow":["GET"]}}],"collection":[{"href":"https:\/\/www.lemasdeslavandes.fr\/en\/wp-json\/wp\/v2\/pages"}],"about":[{"href":"https:\/\/www.lemasdeslavandes.fr\/en\/wp-json\/wp\/v2\/types\/page"}],"author":[{"embeddable":true,"href":"https:\/\/www.lemasdeslavandes.fr\/en\/wp-json\/wp\/v2\/users\/1"}],"replies":[{"embeddable":true,"href":"https:\/\/www.lemasdeslavandes.fr\/en\/wp-json\/wp\/v2\/comments?post=9124"}],"version-history":[{"count":6,"href":"https:\/\/www.lemasdeslavandes.fr\/en\/wp-json\/wp\/v2\/pages\/9124\/revisions"}],"predecessor-version":[{"id":11261,"href":"https:\/\/www.lemasdeslavandes.fr\/en\/wp-json\/wp\/v2\/pages\/9124\/revisions\/11261"}],"up":[{"embeddable":true,"href":"https:\/\/www.lemasdeslavandes.fr\/en\/wp-json\/wp\/v2\/pages\/9080"}],"wp:featuredmedia":[{"embeddable":true,"href":"https:\/\/www.lemasdeslavandes.fr\/en\/wp-json\/wp\/v2\/media\/1104"}],"wp:attachment":[{"href":"https:\/\/www.lemasdeslavandes.fr\/en\/wp-json\/wp\/v2\/media?parent=9124"}],"wp:term":[{"taxonomy":"category","embeddable":true,"href":"https:\/\/www.lemasdeslavandes.fr\/en\/wp-json\/wp\/v2\/categories?post=9124"},{"taxonomy":"post_tag","embeddable":true,"href":"https:\/\/www.lemasdeslavandes.fr\/en\/wp-json\/wp\/v2\/tags?post=9124"}],"curies":[{"name":"wp","href":"https:\/\/api.w.org\/{rel}","templated":true}]}}