{"id":9082,"date":"2025-01-20T16:24:04","date_gmt":"2025-01-20T15:24:04","guid":{"rendered":"https:\/\/www.lemasdeslavandes.fr\/toerisme-herault\/"},"modified":"2026-04-30T22:00:43","modified_gmt":"2026-04-30T20:00:43","slug":"toerisme-herault","status":"publish","type":"page","link":"https:\/\/www.lemasdeslavandes.fr\/nl\/toerisme-herault\/","title":{"rendered":"Toerisme"},"content":{"rendered":"\n<section class=\"wp-block-group page-one is-layout-flow wp-block-group-is-layout-flow\" style=\"margin-top:var(--wp--preset--spacing--50);margin-bottom:var(--wp--preset--spacing--50)\">\n<h1 class=\"wp-block-heading has-text-align-center\">Ontdek de charmes <br \/><span><mark class=\"has-inline-color has-custom-color-5-color\">van de H\u00e9rault<\/mark><\/span><\/h1>\n\n\n\n<div class=\"wp-block-group maillage-tourisme is-layout-flow wp-block-group-is-layout-flow\" style=\"padding-top:4rem\">\n<div class=\"wp-block-query has-global-padding is-layout-constrained wp-block-query-is-layout-constrained\"><ul class=\"columns-4 campsite-item wp-block-post-template is-layout-grid wp-container-core-post-template-is-layout-e7fd85f5 wp-block-post-template-is-layout-grid\"><li class=\"wp-block-post post-9087 page type-page status-publish has-post-thumbnail hentry\">\n<figure style=\"aspect-ratio:3\/4;\" class=\"wp-block-post-featured-image\"><a href=\"https:\/\/www.lemasdeslavandes.fr\/nl\/toerisme-herault\/bezoek-serignan\/\" target=\"_self\"  ><img loading=\"lazy\" decoding=\"async\" width=\"2000\" height=\"1450\" src=\"https:\/\/www.lemasdeslavandes.fr\/wp-content\/uploads\/sites\/2\/2025\/01\/visiter-serignan-en-herault.webp\" class=\"attachment-post-thumbnail size-post-thumbnail wp-post-image\" alt=\"S\u00e9rignan\" style=\"border-bottom-left-radius:0px;border-top-left-radius:200px;border-top-right-radius:200px;border-bottom-right-radius:200px;width:100%;height:100%;object-fit:cover;\" srcset=\"https:\/\/www.lemasdeslavandes.fr\/wp-content\/uploads\/sites\/2\/2025\/01\/visiter-serignan-en-herault.webp 2000w, https:\/\/www.lemasdeslavandes.fr\/wp-content\/uploads\/sites\/2\/2025\/01\/visiter-serignan-en-herault-300x218.webp 300w, https:\/\/www.lemasdeslavandes.fr\/wp-content\/uploads\/sites\/2\/2025\/01\/visiter-serignan-en-herault-1024x742.webp 1024w, https:\/\/www.lemasdeslavandes.fr\/wp-content\/uploads\/sites\/2\/2025\/01\/visiter-serignan-en-herault-768x557.webp 768w, https:\/\/www.lemasdeslavandes.fr\/wp-content\/uploads\/sites\/2\/2025\/01\/visiter-serignan-en-herault-1536x1114.webp 1536w\" sizes=\"auto, (max-width: 2000px) 100vw, 2000px\" \/><span class=\"wp-block-post-featured-image__overlay has-background-dim has-background-dim-20 has-custom-color-5-background-color\" style=\"border-bottom-left-radius:0px;border-top-left-radius:200px;border-top-right-radius:200px;border-bottom-right-radius:200px\" aria-hidden=\"true\"><\/span><\/a><\/figure>\n\n<p class=\"has-text-align-center has-base-2-color has-text-color has-link-color has-josefin-sans-font-family wp-elements-99b060f440e77f054d300614587a717e\" style=\"margin-top:0px;font-size:clamp(1.092rem, 1.092rem + ((1vw - 0.2rem) * 0.824), 1.7rem);font-style:normal;font-weight:400;line-height:1\">S\u00e9rignan<\/p>\n\n<a style=\"font-size:0rem;font-style:normal;font-weight:400;line-height:1; padding-right:var(--wp--preset--spacing--30);padding-left:var(--wp--preset--spacing--30);padding-top:var(--wp--preset--spacing--50);margin-top:0px;\" class=\"is-style-lien-cover wp-elements-44177c36591ec1f6183ef0a3a4a1ac10 wp-block-read-more has-text-color has-base-2-color has-josefin-sans-font-family\" href=\"https:\/\/www.lemasdeslavandes.fr\/nl\/toerisme-herault\/bezoek-serignan\/\" target=\"_self\">Lees verder<span class=\"screen-reader-text\">: S\u00e9rignan<\/span><\/a>\n<\/li><li class=\"wp-block-post post-9092 page type-page status-publish has-post-thumbnail hentry\">\n<figure style=\"aspect-ratio:3\/4;\" class=\"wp-block-post-featured-image\"><a href=\"https:\/\/www.lemasdeslavandes.fr\/nl\/toerisme-herault\/markten-in-en-rond-serignan\/\" target=\"_self\"  ><img loading=\"lazy\" decoding=\"async\" width=\"2000\" height=\"1450\" src=\"https:\/\/www.lemasdeslavandes.fr\/wp-content\/uploads\/sites\/2\/2025\/01\/les-marches-aux-alentours-herault.webp\" class=\"attachment-post-thumbnail size-post-thumbnail wp-post-image\" alt=\"Markten in en rond S\u00e9rignan\" style=\"border-bottom-left-radius:0px;border-top-left-radius:200px;border-top-right-radius:200px;border-bottom-right-radius:200px;width:100%;height:100%;object-fit:cover;\" srcset=\"https:\/\/www.lemasdeslavandes.fr\/wp-content\/uploads\/sites\/2\/2025\/01\/les-marches-aux-alentours-herault.webp 2000w, https:\/\/www.lemasdeslavandes.fr\/wp-content\/uploads\/sites\/2\/2025\/01\/les-marches-aux-alentours-herault-300x218.webp 300w, https:\/\/www.lemasdeslavandes.fr\/wp-content\/uploads\/sites\/2\/2025\/01\/les-marches-aux-alentours-herault-1024x742.webp 1024w, https:\/\/www.lemasdeslavandes.fr\/wp-content\/uploads\/sites\/2\/2025\/01\/les-marches-aux-alentours-herault-768x557.webp 768w, https:\/\/www.lemasdeslavandes.fr\/wp-content\/uploads\/sites\/2\/2025\/01\/les-marches-aux-alentours-herault-1536x1114.webp 1536w\" sizes=\"auto, (max-width: 2000px) 100vw, 2000px\" \/><span class=\"wp-block-post-featured-image__overlay has-background-dim has-background-dim-20 has-custom-color-5-background-color\" style=\"border-bottom-left-radius:0px;border-top-left-radius:200px;border-top-right-radius:200px;border-bottom-right-radius:200px\" aria-hidden=\"true\"><\/span><\/a><\/figure>\n\n<p class=\"has-text-align-center has-base-2-color has-text-color has-link-color has-josefin-sans-font-family wp-elements-99b060f440e77f054d300614587a717e\" style=\"margin-top:0px;font-size:clamp(1.092rem, 1.092rem + ((1vw - 0.2rem) * 0.824), 1.7rem);font-style:normal;font-weight:400;line-height:1\">Les march\u00e9s de S\u00e9rignan et alentours<\/p>\n\n<a style=\"font-size:0rem;font-style:normal;font-weight:400;line-height:1; padding-right:var(--wp--preset--spacing--30);padding-left:var(--wp--preset--spacing--30);padding-top:var(--wp--preset--spacing--50);margin-top:0px;\" class=\"is-style-lien-cover wp-elements-44177c36591ec1f6183ef0a3a4a1ac10 wp-block-read-more has-text-color has-base-2-color has-josefin-sans-font-family\" href=\"https:\/\/www.lemasdeslavandes.fr\/nl\/toerisme-herault\/markten-in-en-rond-serignan\/\" target=\"_self\">Lees verder<span class=\"screen-reader-text\">: Markten in en rond S\u00e9rignan<\/span><\/a>\n<\/li><li class=\"wp-block-post post-9097 page type-page status-publish has-post-thumbnail hentry\">\n<figure style=\"aspect-ratio:3\/4;\" class=\"wp-block-post-featured-image\"><a href=\"https:\/\/www.lemasdeslavandes.fr\/nl\/toerisme-herault\/ontdek-valras-plage\/\" target=\"_self\"  ><img loading=\"lazy\" decoding=\"async\" width=\"2000\" height=\"1450\" src=\"https:\/\/www.lemasdeslavandes.fr\/wp-content\/uploads\/sites\/2\/2025\/02\/plage-vacances-a-valras.jpg\" class=\"attachment-post-thumbnail size-post-thumbnail wp-post-image\" alt=\"Valras\" style=\"border-bottom-left-radius:0px;border-top-left-radius:200px;border-top-right-radius:200px;border-bottom-right-radius:200px;width:100%;height:100%;object-fit:cover;\" srcset=\"https:\/\/www.lemasdeslavandes.fr\/wp-content\/uploads\/sites\/2\/2025\/02\/plage-vacances-a-valras.jpg 2000w, https:\/\/www.lemasdeslavandes.fr\/wp-content\/uploads\/sites\/2\/2025\/02\/plage-vacances-a-valras-300x218.jpg 300w, https:\/\/www.lemasdeslavandes.fr\/wp-content\/uploads\/sites\/2\/2025\/02\/plage-vacances-a-valras-1024x742.jpg 1024w, https:\/\/www.lemasdeslavandes.fr\/wp-content\/uploads\/sites\/2\/2025\/02\/plage-vacances-a-valras-768x557.jpg 768w, https:\/\/www.lemasdeslavandes.fr\/wp-content\/uploads\/sites\/2\/2025\/02\/plage-vacances-a-valras-1536x1114.jpg 1536w\" sizes=\"auto, (max-width: 2000px) 100vw, 2000px\" \/><span class=\"wp-block-post-featured-image__overlay has-background-dim has-background-dim-20 has-custom-color-5-background-color\" style=\"border-bottom-left-radius:0px;border-top-left-radius:200px;border-top-right-radius:200px;border-bottom-right-radius:200px\" aria-hidden=\"true\"><\/span><\/a><\/figure>\n\n<p class=\"has-text-align-center has-base-2-color has-text-color has-link-color has-josefin-sans-font-family wp-elements-99b060f440e77f054d300614587a717e\" style=\"margin-top:0px;font-size:clamp(1.092rem, 1.092rem + ((1vw - 0.2rem) * 0.824), 1.7rem);font-style:normal;font-weight:400;line-height:1\">Valras Plage<\/p>\n\n<a style=\"font-size:0rem;font-style:normal;font-weight:400;line-height:1; padding-right:var(--wp--preset--spacing--30);padding-left:var(--wp--preset--spacing--30);padding-top:var(--wp--preset--spacing--50);margin-top:0px;\" class=\"is-style-lien-cover wp-elements-44177c36591ec1f6183ef0a3a4a1ac10 wp-block-read-more has-text-color has-base-2-color has-josefin-sans-font-family\" href=\"https:\/\/www.lemasdeslavandes.fr\/nl\/toerisme-herault\/ontdek-valras-plage\/\" target=\"_self\">Lees verder<span class=\"screen-reader-text\">: Valras<\/span><\/a>\n<\/li><li class=\"wp-block-post post-9102 page type-page status-publish has-post-thumbnail hentry\">\n<figure style=\"aspect-ratio:3\/4;\" class=\"wp-block-post-featured-image\"><a href=\"https:\/\/www.lemasdeslavandes.fr\/nl\/toerisme-herault\/bezoek-vendres\/\" target=\"_self\"  ><img loading=\"lazy\" decoding=\"async\" width=\"2000\" height=\"1450\" src=\"https:\/\/www.lemasdeslavandes.fr\/wp-content\/uploads\/sites\/2\/2025\/01\/visiter-vendres.webp\" class=\"attachment-post-thumbnail size-post-thumbnail wp-post-image\" alt=\"Vendres\" style=\"border-bottom-left-radius:0px;border-top-left-radius:200px;border-top-right-radius:200px;border-bottom-right-radius:200px;width:100%;height:100%;object-fit:cover;\" srcset=\"https:\/\/www.lemasdeslavandes.fr\/wp-content\/uploads\/sites\/2\/2025\/01\/visiter-vendres.webp 2000w, https:\/\/www.lemasdeslavandes.fr\/wp-content\/uploads\/sites\/2\/2025\/01\/visiter-vendres-300x218.webp 300w, https:\/\/www.lemasdeslavandes.fr\/wp-content\/uploads\/sites\/2\/2025\/01\/visiter-vendres-1024x742.webp 1024w, https:\/\/www.lemasdeslavandes.fr\/wp-content\/uploads\/sites\/2\/2025\/01\/visiter-vendres-768x557.webp 768w, https:\/\/www.lemasdeslavandes.fr\/wp-content\/uploads\/sites\/2\/2025\/01\/visiter-vendres-1536x1114.webp 1536w\" sizes=\"auto, (max-width: 2000px) 100vw, 2000px\" \/><span class=\"wp-block-post-featured-image__overlay has-background-dim has-background-dim-20 has-custom-color-5-background-color\" style=\"border-bottom-left-radius:0px;border-top-left-radius:200px;border-top-right-radius:200px;border-bottom-right-radius:200px\" aria-hidden=\"true\"><\/span><\/a><\/figure>\n\n<p class=\"has-text-align-center has-base-2-color has-text-color has-link-color has-josefin-sans-font-family wp-elements-99b060f440e77f054d300614587a717e\" style=\"margin-top:0px;font-size:clamp(1.092rem, 1.092rem + ((1vw - 0.2rem) * 0.824), 1.7rem);font-style:normal;font-weight:400;line-height:1\">Vendres<\/p>\n\n<a style=\"font-size:0rem;font-style:normal;font-weight:400;line-height:1; padding-right:var(--wp--preset--spacing--30);padding-left:var(--wp--preset--spacing--30);padding-top:var(--wp--preset--spacing--50);margin-top:0px;\" class=\"is-style-lien-cover wp-elements-44177c36591ec1f6183ef0a3a4a1ac10 wp-block-read-more has-text-color has-base-2-color has-josefin-sans-font-family\" href=\"https:\/\/www.lemasdeslavandes.fr\/nl\/toerisme-herault\/bezoek-vendres\/\" target=\"_self\">Lees verder<span class=\"screen-reader-text\">: Vendres<\/span><\/a>\n<\/li><li class=\"wp-block-post post-9106 page type-page status-publish has-post-thumbnail hentry\">\n<figure style=\"aspect-ratio:3\/4;\" class=\"wp-block-post-featured-image\"><a href=\"https:\/\/www.lemasdeslavandes.fr\/nl\/toerisme-herault\/stranden-van-camping-herault\/\" target=\"_self\"  ><img loading=\"lazy\" decoding=\"async\" width=\"2000\" height=\"1450\" src=\"https:\/\/www.lemasdeslavandes.fr\/wp-content\/uploads\/sites\/2\/2025\/01\/vue-panoramique-cap-agde.webp\" class=\"attachment-post-thumbnail size-post-thumbnail wp-post-image\" alt=\"De stranden\" style=\"border-bottom-left-radius:0px;border-top-left-radius:200px;border-top-right-radius:200px;border-bottom-right-radius:200px;width:100%;height:100%;object-fit:cover;\" srcset=\"https:\/\/www.lemasdeslavandes.fr\/wp-content\/uploads\/sites\/2\/2025\/01\/vue-panoramique-cap-agde.webp 2000w, https:\/\/www.lemasdeslavandes.fr\/wp-content\/uploads\/sites\/2\/2025\/01\/vue-panoramique-cap-agde-300x218.webp 300w, https:\/\/www.lemasdeslavandes.fr\/wp-content\/uploads\/sites\/2\/2025\/01\/vue-panoramique-cap-agde-1024x742.webp 1024w, https:\/\/www.lemasdeslavandes.fr\/wp-content\/uploads\/sites\/2\/2025\/01\/vue-panoramique-cap-agde-768x557.webp 768w, https:\/\/www.lemasdeslavandes.fr\/wp-content\/uploads\/sites\/2\/2025\/01\/vue-panoramique-cap-agde-1536x1114.webp 1536w\" sizes=\"auto, (max-width: 2000px) 100vw, 2000px\" \/><span class=\"wp-block-post-featured-image__overlay has-background-dim has-background-dim-20 has-custom-color-5-background-color\" style=\"border-bottom-left-radius:0px;border-top-left-radius:200px;border-top-right-radius:200px;border-bottom-right-radius:200px\" aria-hidden=\"true\"><\/span><\/a><\/figure>\n\n<p class=\"has-text-align-center has-base-2-color has-text-color has-link-color has-josefin-sans-font-family wp-elements-99b060f440e77f054d300614587a717e\" style=\"margin-top:0px;font-size:clamp(1.092rem, 1.092rem + ((1vw - 0.2rem) * 0.824), 1.7rem);font-style:normal;font-weight:400;line-height:1\">Les Plages<\/p>\n\n<a style=\"font-size:0rem;font-style:normal;font-weight:400;line-height:1; padding-right:var(--wp--preset--spacing--30);padding-left:var(--wp--preset--spacing--30);padding-top:var(--wp--preset--spacing--50);margin-top:0px;\" class=\"is-style-lien-cover wp-elements-44177c36591ec1f6183ef0a3a4a1ac10 wp-block-read-more has-text-color has-base-2-color has-josefin-sans-font-family\" href=\"https:\/\/www.lemasdeslavandes.fr\/nl\/toerisme-herault\/stranden-van-camping-herault\/\" target=\"_self\">Lees verder<span class=\"screen-reader-text\">: De stranden<\/span><\/a>\n<\/li><li class=\"wp-block-post post-9110 page type-page status-publish has-post-thumbnail hentry\">\n<figure style=\"aspect-ratio:3\/4;\" class=\"wp-block-post-featured-image\"><a href=\"https:\/\/www.lemasdeslavandes.fr\/nl\/toerisme-herault\/ontdek-sete\/\" target=\"_self\"  ><img loading=\"lazy\" decoding=\"async\" width=\"2000\" height=\"1450\" src=\"https:\/\/www.lemasdeslavandes.fr\/wp-content\/uploads\/sites\/2\/2025\/01\/visiter-sete-herault.webp\" class=\"attachment-post-thumbnail size-post-thumbnail wp-post-image\" alt=\"S\u00e8te\" style=\"border-bottom-left-radius:0px;border-top-left-radius:200px;border-top-right-radius:200px;border-bottom-right-radius:200px;width:100%;height:100%;object-fit:cover;\" srcset=\"https:\/\/www.lemasdeslavandes.fr\/wp-content\/uploads\/sites\/2\/2025\/01\/visiter-sete-herault.webp 2000w, https:\/\/www.lemasdeslavandes.fr\/wp-content\/uploads\/sites\/2\/2025\/01\/visiter-sete-herault-300x218.webp 300w, https:\/\/www.lemasdeslavandes.fr\/wp-content\/uploads\/sites\/2\/2025\/01\/visiter-sete-herault-1024x742.webp 1024w, https:\/\/www.lemasdeslavandes.fr\/wp-content\/uploads\/sites\/2\/2025\/01\/visiter-sete-herault-768x557.webp 768w, https:\/\/www.lemasdeslavandes.fr\/wp-content\/uploads\/sites\/2\/2025\/01\/visiter-sete-herault-1536x1114.webp 1536w\" sizes=\"auto, (max-width: 2000px) 100vw, 2000px\" \/><span class=\"wp-block-post-featured-image__overlay has-background-dim has-background-dim-20 has-custom-color-5-background-color\" style=\"border-bottom-left-radius:0px;border-top-left-radius:200px;border-top-right-radius:200px;border-bottom-right-radius:200px\" aria-hidden=\"true\"><\/span><\/a><\/figure>\n\n<p class=\"has-text-align-center has-base-2-color has-text-color has-link-color has-josefin-sans-font-family wp-elements-99b060f440e77f054d300614587a717e\" style=\"margin-top:0px;font-size:clamp(1.092rem, 1.092rem + ((1vw - 0.2rem) * 0.824), 1.7rem);font-style:normal;font-weight:400;line-height:1\">S\u00e8te<\/p>\n\n<a style=\"font-size:0rem;font-style:normal;font-weight:400;line-height:1; padding-right:var(--wp--preset--spacing--30);padding-left:var(--wp--preset--spacing--30);padding-top:var(--wp--preset--spacing--50);margin-top:0px;\" class=\"is-style-lien-cover wp-elements-44177c36591ec1f6183ef0a3a4a1ac10 wp-block-read-more has-text-color has-base-2-color has-josefin-sans-font-family\" href=\"https:\/\/www.lemasdeslavandes.fr\/nl\/toerisme-herault\/ontdek-sete\/\" target=\"_self\">Lees verder<span class=\"screen-reader-text\">: S\u00e8te<\/span><\/a>\n<\/li><li class=\"wp-block-post post-9114 page type-page status-publish has-post-thumbnail hentry\">\n<figure style=\"aspect-ratio:3\/4;\" class=\"wp-block-post-featured-image\"><a href=\"https:\/\/www.lemasdeslavandes.fr\/nl\/toerisme-herault\/kamperen-in-de-buurt-cap-dagde\/\" target=\"_self\"  ><img loading=\"lazy\" decoding=\"async\" width=\"2000\" height=\"1450\" src=\"https:\/\/www.lemasdeslavandes.fr\/wp-content\/uploads\/sites\/2\/2025\/01\/camping-proche-du-cap-d-agde.jpg\" class=\"attachment-post-thumbnail size-post-thumbnail wp-post-image\" alt=\"Cap d&#8217;Agde\" style=\"border-bottom-left-radius:0px;border-top-left-radius:200px;border-top-right-radius:200px;border-bottom-right-radius:200px;width:100%;height:100%;object-fit:cover;\" srcset=\"https:\/\/www.lemasdeslavandes.fr\/wp-content\/uploads\/sites\/2\/2025\/01\/camping-proche-du-cap-d-agde.jpg 2000w, https:\/\/www.lemasdeslavandes.fr\/wp-content\/uploads\/sites\/2\/2025\/01\/camping-proche-du-cap-d-agde-300x218.jpg 300w, https:\/\/www.lemasdeslavandes.fr\/wp-content\/uploads\/sites\/2\/2025\/01\/camping-proche-du-cap-d-agde-1024x742.jpg 1024w, https:\/\/www.lemasdeslavandes.fr\/wp-content\/uploads\/sites\/2\/2025\/01\/camping-proche-du-cap-d-agde-768x557.jpg 768w, https:\/\/www.lemasdeslavandes.fr\/wp-content\/uploads\/sites\/2\/2025\/01\/camping-proche-du-cap-d-agde-1536x1114.jpg 1536w\" sizes=\"auto, (max-width: 2000px) 100vw, 2000px\" \/><span class=\"wp-block-post-featured-image__overlay has-background-dim has-background-dim-20 has-custom-color-5-background-color\" style=\"border-bottom-left-radius:0px;border-top-left-radius:200px;border-top-right-radius:200px;border-bottom-right-radius:200px\" aria-hidden=\"true\"><\/span><\/a><\/figure>\n\n<p class=\"has-text-align-center has-base-2-color has-text-color has-link-color has-josefin-sans-font-family wp-elements-99b060f440e77f054d300614587a717e\" style=\"margin-top:0px;font-size:clamp(1.092rem, 1.092rem + ((1vw - 0.2rem) * 0.824), 1.7rem);font-style:normal;font-weight:400;line-height:1\">Cap d&#8217;Agde<\/p>\n\n<a style=\"font-size:0rem;font-style:normal;font-weight:400;line-height:1; padding-right:var(--wp--preset--spacing--30);padding-left:var(--wp--preset--spacing--30);padding-top:var(--wp--preset--spacing--50);margin-top:0px;\" class=\"is-style-lien-cover wp-elements-44177c36591ec1f6183ef0a3a4a1ac10 wp-block-read-more has-text-color has-base-2-color has-josefin-sans-font-family\" href=\"https:\/\/www.lemasdeslavandes.fr\/nl\/toerisme-herault\/kamperen-in-de-buurt-cap-dagde\/\" target=\"_self\">Lees verder<span class=\"screen-reader-text\">: Cap d&#8217;Agde<\/span><\/a>\n<\/li><li class=\"wp-block-post post-9118 page type-page status-publish has-post-thumbnail hentry\">\n<figure style=\"aspect-ratio:3\/4;\" class=\"wp-block-post-featured-image\"><a href=\"https:\/\/www.lemasdeslavandes.fr\/nl\/toerisme-herault\/kamperen-van-beziers-kanaal-van-midi\/\" target=\"_self\"  ><img loading=\"lazy\" decoding=\"async\" width=\"2000\" height=\"1450\" src=\"https:\/\/www.lemasdeslavandes.fr\/wp-content\/uploads\/sites\/2\/2025\/01\/camping-proche-de-beziers.webp\" class=\"attachment-post-thumbnail size-post-thumbnail wp-post-image\" alt=\"B\u00e9ziers en het Canal du Midi\" style=\"border-bottom-left-radius:0px;border-top-left-radius:200px;border-top-right-radius:200px;border-bottom-right-radius:200px;width:100%;height:100%;object-fit:cover;\" srcset=\"https:\/\/www.lemasdeslavandes.fr\/wp-content\/uploads\/sites\/2\/2025\/01\/camping-proche-de-beziers.webp 2000w, https:\/\/www.lemasdeslavandes.fr\/wp-content\/uploads\/sites\/2\/2025\/01\/camping-proche-de-beziers-300x218.webp 300w, https:\/\/www.lemasdeslavandes.fr\/wp-content\/uploads\/sites\/2\/2025\/01\/camping-proche-de-beziers-1024x742.webp 1024w, https:\/\/www.lemasdeslavandes.fr\/wp-content\/uploads\/sites\/2\/2025\/01\/camping-proche-de-beziers-768x557.webp 768w, https:\/\/www.lemasdeslavandes.fr\/wp-content\/uploads\/sites\/2\/2025\/01\/camping-proche-de-beziers-1536x1114.webp 1536w\" sizes=\"auto, (max-width: 2000px) 100vw, 2000px\" \/><span class=\"wp-block-post-featured-image__overlay has-background-dim has-background-dim-20 has-custom-color-5-background-color\" style=\"border-bottom-left-radius:0px;border-top-left-radius:200px;border-top-right-radius:200px;border-bottom-right-radius:200px\" aria-hidden=\"true\"><\/span><\/a><\/figure>\n\n<p class=\"has-text-align-center has-base-2-color has-text-color has-link-color has-josefin-sans-font-family wp-elements-99b060f440e77f054d300614587a717e\" style=\"margin-top:0px;font-size:clamp(1.092rem, 1.092rem + ((1vw - 0.2rem) * 0.824), 1.7rem);font-style:normal;font-weight:400;line-height:1\">B\u00e9ziers et Canal du Midi<\/p>\n\n<a style=\"font-size:0rem;font-style:normal;font-weight:400;line-height:1; padding-right:var(--wp--preset--spacing--30);padding-left:var(--wp--preset--spacing--30);padding-top:var(--wp--preset--spacing--50);margin-top:0px;\" class=\"is-style-lien-cover wp-elements-44177c36591ec1f6183ef0a3a4a1ac10 wp-block-read-more has-text-color has-base-2-color has-josefin-sans-font-family\" href=\"https:\/\/www.lemasdeslavandes.fr\/nl\/toerisme-herault\/kamperen-van-beziers-kanaal-van-midi\/\" target=\"_self\">Lees verder<span class=\"screen-reader-text\">: B\u00e9ziers en het Canal du Midi<\/span><\/a>\n<\/li><li class=\"wp-block-post post-9122 page type-page status-publish has-post-thumbnail hentry\">\n<figure style=\"aspect-ratio:3\/4;\" class=\"wp-block-post-featured-image\"><a href=\"https:\/\/www.lemasdeslavandes.fr\/nl\/toerisme-herault\/ontdek-montpellier\/\" target=\"_self\"  ><img loading=\"lazy\" decoding=\"async\" width=\"2000\" height=\"1450\" src=\"https:\/\/www.lemasdeslavandes.fr\/wp-content\/uploads\/sites\/2\/2025\/01\/decouverte-de-montpellier.jpg\" class=\"attachment-post-thumbnail size-post-thumbnail wp-post-image\" alt=\"Montpellier\" style=\"border-bottom-left-radius:0px;border-top-left-radius:200px;border-top-right-radius:200px;border-bottom-right-radius:200px;width:100%;height:100%;object-fit:cover;\" srcset=\"https:\/\/www.lemasdeslavandes.fr\/wp-content\/uploads\/sites\/2\/2025\/01\/decouverte-de-montpellier.jpg 2000w, https:\/\/www.lemasdeslavandes.fr\/wp-content\/uploads\/sites\/2\/2025\/01\/decouverte-de-montpellier-300x218.jpg 300w, https:\/\/www.lemasdeslavandes.fr\/wp-content\/uploads\/sites\/2\/2025\/01\/decouverte-de-montpellier-1024x742.jpg 1024w, https:\/\/www.lemasdeslavandes.fr\/wp-content\/uploads\/sites\/2\/2025\/01\/decouverte-de-montpellier-768x557.jpg 768w, https:\/\/www.lemasdeslavandes.fr\/wp-content\/uploads\/sites\/2\/2025\/01\/decouverte-de-montpellier-1536x1114.jpg 1536w\" sizes=\"auto, (max-width: 2000px) 100vw, 2000px\" \/><span class=\"wp-block-post-featured-image__overlay has-background-dim has-background-dim-20 has-custom-color-5-background-color\" style=\"border-bottom-left-radius:0px;border-top-left-radius:200px;border-top-right-radius:200px;border-bottom-right-radius:200px\" aria-hidden=\"true\"><\/span><\/a><\/figure>\n\n<p class=\"has-text-align-center has-base-2-color has-text-color has-link-color has-josefin-sans-font-family wp-elements-99b060f440e77f054d300614587a717e\" style=\"margin-top:0px;font-size:clamp(1.092rem, 1.092rem + ((1vw - 0.2rem) * 0.824), 1.7rem);font-style:normal;font-weight:400;line-height:1\">Montpellier <\/p>\n\n<a style=\"font-size:0rem;font-style:normal;font-weight:400;line-height:1; padding-right:var(--wp--preset--spacing--30);padding-left:var(--wp--preset--spacing--30);padding-top:var(--wp--preset--spacing--50);margin-top:0px;\" class=\"is-style-lien-cover wp-elements-44177c36591ec1f6183ef0a3a4a1ac10 wp-block-read-more has-text-color has-base-2-color has-josefin-sans-font-family\" href=\"https:\/\/www.lemasdeslavandes.fr\/nl\/toerisme-herault\/ontdek-montpellier\/\" target=\"_self\">Lees verder<span class=\"screen-reader-text\">: Montpellier<\/span><\/a>\n<\/li><li class=\"wp-block-post post-9126 page type-page status-publish has-post-thumbnail hentry\">\n<figure style=\"aspect-ratio:3\/4;\" class=\"wp-block-post-featured-image\"><a href=\"https:\/\/www.lemasdeslavandes.fr\/nl\/toerisme-herault\/toerisme-pezenas\/\" target=\"_self\"  ><img loading=\"lazy\" decoding=\"async\" width=\"2000\" height=\"1450\" src=\"https:\/\/www.lemasdeslavandes.fr\/wp-content\/uploads\/sites\/2\/2025\/01\/camping-proche-de-pezenas.webp\" class=\"attachment-post-thumbnail size-post-thumbnail wp-post-image\" alt=\"P\u00e9zenas\" style=\"border-bottom-left-radius:0px;border-top-left-radius:200px;border-top-right-radius:200px;border-bottom-right-radius:200px;width:100%;height:100%;object-fit:cover;\" srcset=\"https:\/\/www.lemasdeslavandes.fr\/wp-content\/uploads\/sites\/2\/2025\/01\/camping-proche-de-pezenas.webp 2000w, https:\/\/www.lemasdeslavandes.fr\/wp-content\/uploads\/sites\/2\/2025\/01\/camping-proche-de-pezenas-300x218.webp 300w, https:\/\/www.lemasdeslavandes.fr\/wp-content\/uploads\/sites\/2\/2025\/01\/camping-proche-de-pezenas-1024x742.webp 1024w, https:\/\/www.lemasdeslavandes.fr\/wp-content\/uploads\/sites\/2\/2025\/01\/camping-proche-de-pezenas-768x557.webp 768w, https:\/\/www.lemasdeslavandes.fr\/wp-content\/uploads\/sites\/2\/2025\/01\/camping-proche-de-pezenas-1536x1114.webp 1536w\" sizes=\"auto, (max-width: 2000px) 100vw, 2000px\" \/><span class=\"wp-block-post-featured-image__overlay has-background-dim has-background-dim-20 has-custom-color-5-background-color\" style=\"border-bottom-left-radius:0px;border-top-left-radius:200px;border-top-right-radius:200px;border-bottom-right-radius:200px\" aria-hidden=\"true\"><\/span><\/a><\/figure>\n\n<p class=\"has-text-align-center has-base-2-color has-text-color has-link-color has-josefin-sans-font-family wp-elements-99b060f440e77f054d300614587a717e\" style=\"margin-top:0px;font-size:clamp(1.092rem, 1.092rem + ((1vw - 0.2rem) * 0.824), 1.7rem);font-style:normal;font-weight:400;line-height:1\">P\u00e9zenas<\/p>\n\n<a style=\"font-size:0rem;font-style:normal;font-weight:400;line-height:1; padding-right:var(--wp--preset--spacing--30);padding-left:var(--wp--preset--spacing--30);padding-top:var(--wp--preset--spacing--50);margin-top:0px;\" class=\"is-style-lien-cover wp-elements-44177c36591ec1f6183ef0a3a4a1ac10 wp-block-read-more has-text-color has-base-2-color has-josefin-sans-font-family\" href=\"https:\/\/www.lemasdeslavandes.fr\/nl\/toerisme-herault\/toerisme-pezenas\/\" target=\"_self\">Lees verder<span class=\"screen-reader-text\">: P\u00e9zenas<\/span><\/a>\n<\/li><li class=\"wp-block-post post-9144 page type-page status-publish has-post-thumbnail hentry\">\n<figure style=\"aspect-ratio:3\/4;\" class=\"wp-block-post-featured-image\"><a href=\"https:\/\/www.lemasdeslavandes.fr\/nl\/toerisme-herault\/afrikaans-reservaat-sigean\/\" target=\"_self\"  ><img loading=\"lazy\" decoding=\"async\" width=\"2000\" height=\"1450\" src=\"https:\/\/www.lemasdeslavandes.fr\/wp-content\/uploads\/sites\/2\/2025\/01\/reserve-africain-familiale-a-sigean.webp\" class=\"attachment-post-thumbnail size-post-thumbnail wp-post-image\" alt=\"Afrikaans reservaat Sigean\" style=\"border-bottom-left-radius:0px;border-top-left-radius:200px;border-top-right-radius:200px;border-bottom-right-radius:200px;width:100%;height:100%;object-fit:cover;\" srcset=\"https:\/\/www.lemasdeslavandes.fr\/wp-content\/uploads\/sites\/2\/2025\/01\/reserve-africain-familiale-a-sigean.webp 2000w, https:\/\/www.lemasdeslavandes.fr\/wp-content\/uploads\/sites\/2\/2025\/01\/reserve-africain-familiale-a-sigean-300x218.webp 300w, https:\/\/www.lemasdeslavandes.fr\/wp-content\/uploads\/sites\/2\/2025\/01\/reserve-africain-familiale-a-sigean-1024x742.webp 1024w, https:\/\/www.lemasdeslavandes.fr\/wp-content\/uploads\/sites\/2\/2025\/01\/reserve-africain-familiale-a-sigean-768x557.webp 768w, https:\/\/www.lemasdeslavandes.fr\/wp-content\/uploads\/sites\/2\/2025\/01\/reserve-africain-familiale-a-sigean-1536x1114.webp 1536w\" sizes=\"auto, (max-width: 2000px) 100vw, 2000px\" \/><span class=\"wp-block-post-featured-image__overlay has-background-dim has-background-dim-20 has-custom-color-5-background-color\" style=\"border-bottom-left-radius:0px;border-top-left-radius:200px;border-top-right-radius:200px;border-bottom-right-radius:200px\" aria-hidden=\"true\"><\/span><\/a><\/figure>\n\n<p class=\"has-text-align-center has-base-2-color has-text-color has-link-color has-josefin-sans-font-family wp-elements-99b060f440e77f054d300614587a717e\" style=\"margin-top:0px;font-size:clamp(1.092rem, 1.092rem + ((1vw - 0.2rem) * 0.824), 1.7rem);font-style:normal;font-weight:400;line-height:1\">Sigean<\/p>\n\n<a style=\"font-size:0rem;font-style:normal;font-weight:400;line-height:1; padding-right:var(--wp--preset--spacing--30);padding-left:var(--wp--preset--spacing--30);padding-top:var(--wp--preset--spacing--50);margin-top:0px;\" class=\"is-style-lien-cover wp-elements-44177c36591ec1f6183ef0a3a4a1ac10 wp-block-read-more has-text-color has-base-2-color has-josefin-sans-font-family\" href=\"https:\/\/www.lemasdeslavandes.fr\/nl\/toerisme-herault\/afrikaans-reservaat-sigean\/\" target=\"_self\">Lees verder<span class=\"screen-reader-text\">: Afrikaans reservaat Sigean<\/span><\/a>\n<\/li><li class=\"wp-block-post post-9130 page type-page status-publish has-post-thumbnail hentry\">\n<figure style=\"aspect-ratio:3\/4;\" class=\"wp-block-post-featured-image\"><a href=\"https:\/\/www.lemasdeslavandes.fr\/nl\/toerisme-herault\/keteldal-van-navacelle\/\" target=\"_self\"  ><img loading=\"lazy\" decoding=\"async\" width=\"2000\" height=\"1450\" src=\"https:\/\/www.lemasdeslavandes.fr\/wp-content\/uploads\/sites\/2\/2025\/01\/camping-proche-du-cirque-de-navacelle.webp\" class=\"attachment-post-thumbnail size-post-thumbnail wp-post-image\" alt=\"Cirque de Navacelle\" style=\"border-bottom-left-radius:0px;border-top-left-radius:200px;border-top-right-radius:200px;border-bottom-right-radius:200px;width:100%;height:100%;object-fit:cover;\" srcset=\"https:\/\/www.lemasdeslavandes.fr\/wp-content\/uploads\/sites\/2\/2025\/01\/camping-proche-du-cirque-de-navacelle.webp 2000w, https:\/\/www.lemasdeslavandes.fr\/wp-content\/uploads\/sites\/2\/2025\/01\/camping-proche-du-cirque-de-navacelle-300x218.webp 300w, https:\/\/www.lemasdeslavandes.fr\/wp-content\/uploads\/sites\/2\/2025\/01\/camping-proche-du-cirque-de-navacelle-1024x742.webp 1024w, https:\/\/www.lemasdeslavandes.fr\/wp-content\/uploads\/sites\/2\/2025\/01\/camping-proche-du-cirque-de-navacelle-768x557.webp 768w, https:\/\/www.lemasdeslavandes.fr\/wp-content\/uploads\/sites\/2\/2025\/01\/camping-proche-du-cirque-de-navacelle-1536x1114.webp 1536w\" sizes=\"auto, (max-width: 2000px) 100vw, 2000px\" \/><span class=\"wp-block-post-featured-image__overlay has-background-dim has-background-dim-20 has-custom-color-5-background-color\" style=\"border-bottom-left-radius:0px;border-top-left-radius:200px;border-top-right-radius:200px;border-bottom-right-radius:200px\" aria-hidden=\"true\"><\/span><\/a><\/figure>\n\n<p class=\"has-text-align-center has-base-2-color has-text-color has-link-color has-josefin-sans-font-family wp-elements-99b060f440e77f054d300614587a717e\" style=\"margin-top:0px;font-size:clamp(1.092rem, 1.092rem + ((1vw - 0.2rem) * 0.824), 1.7rem);font-style:normal;font-weight:400;line-height:1\">Cirque de Navacelle<\/p>\n\n<a style=\"font-size:0rem;font-style:normal;font-weight:400;line-height:1; padding-right:var(--wp--preset--spacing--30);padding-left:var(--wp--preset--spacing--30);padding-top:var(--wp--preset--spacing--50);margin-top:0px;\" class=\"is-style-lien-cover wp-elements-44177c36591ec1f6183ef0a3a4a1ac10 wp-block-read-more has-text-color has-base-2-color has-josefin-sans-font-family\" href=\"https:\/\/www.lemasdeslavandes.fr\/nl\/toerisme-herault\/keteldal-van-navacelle\/\" target=\"_self\">Lees verder<span class=\"screen-reader-text\">: Cirque de Navacelle<\/span><\/a>\n<\/li><li class=\"wp-block-post post-9136 page type-page status-publish has-post-thumbnail hentry\">\n<figure style=\"aspect-ratio:3\/4;\" class=\"wp-block-post-featured-image\"><a href=\"https:\/\/www.lemasdeslavandes.fr\/nl\/toerisme-herault\/kamperen-in-de-buurt-van-nissan-lez-enserune\/\" target=\"_self\"  ><img loading=\"lazy\" decoding=\"async\" width=\"2000\" height=\"1450\" src=\"https:\/\/www.lemasdeslavandes.fr\/wp-content\/uploads\/sites\/2\/2025\/01\/visiter-Nissan-lez-Enserune.webp\" class=\"attachment-post-thumbnail size-post-thumbnail wp-post-image\" alt=\"Nissan-lez-Enserune\" style=\"border-bottom-left-radius:0px;border-top-left-radius:200px;border-top-right-radius:200px;border-bottom-right-radius:200px;width:100%;height:100%;object-fit:cover;\" srcset=\"https:\/\/www.lemasdeslavandes.fr\/wp-content\/uploads\/sites\/2\/2025\/01\/visiter-Nissan-lez-Enserune.webp 2000w, https:\/\/www.lemasdeslavandes.fr\/wp-content\/uploads\/sites\/2\/2025\/01\/visiter-Nissan-lez-Enserune-300x218.webp 300w, https:\/\/www.lemasdeslavandes.fr\/wp-content\/uploads\/sites\/2\/2025\/01\/visiter-Nissan-lez-Enserune-1024x742.webp 1024w, https:\/\/www.lemasdeslavandes.fr\/wp-content\/uploads\/sites\/2\/2025\/01\/visiter-Nissan-lez-Enserune-768x557.webp 768w, https:\/\/www.lemasdeslavandes.fr\/wp-content\/uploads\/sites\/2\/2025\/01\/visiter-Nissan-lez-Enserune-1536x1114.webp 1536w\" sizes=\"auto, (max-width: 2000px) 100vw, 2000px\" \/><span class=\"wp-block-post-featured-image__overlay has-background-dim has-background-dim-20 has-custom-color-5-background-color\" style=\"border-bottom-left-radius:0px;border-top-left-radius:200px;border-top-right-radius:200px;border-bottom-right-radius:200px\" aria-hidden=\"true\"><\/span><\/a><\/figure>\n\n<p class=\"has-text-align-center has-base-2-color has-text-color has-link-color has-josefin-sans-font-family wp-elements-99b060f440e77f054d300614587a717e\" style=\"margin-top:0px;font-size:clamp(1.092rem, 1.092rem + ((1vw - 0.2rem) * 0.824), 1.7rem);font-style:normal;font-weight:400;line-height:1\">Nissan-lez-Enserune<\/p>\n\n<a style=\"font-size:0rem;font-style:normal;font-weight:400;line-height:1; padding-right:var(--wp--preset--spacing--30);padding-left:var(--wp--preset--spacing--30);padding-top:var(--wp--preset--spacing--50);margin-top:0px;\" class=\"is-style-lien-cover wp-elements-44177c36591ec1f6183ef0a3a4a1ac10 wp-block-read-more has-text-color has-base-2-color has-josefin-sans-font-family\" href=\"https:\/\/www.lemasdeslavandes.fr\/nl\/toerisme-herault\/kamperen-in-de-buurt-van-nissan-lez-enserune\/\" target=\"_self\">Lees verder<span class=\"screen-reader-text\">: Nissan-lez-Enserune<\/span><\/a>\n<\/li><li class=\"wp-block-post post-8992 page type-page status-publish has-post-thumbnail hentry\">\n<figure style=\"aspect-ratio:3\/4;\" class=\"wp-block-post-featured-image\"><a href=\"https:\/\/www.lemasdeslavandes.fr\/nl\/toerisme-herault\/camping-in-de-buurt-van-villeneuve-les-beziers\/\" target=\"_self\"  ><img loading=\"lazy\" decoding=\"async\" width=\"2000\" height=\"1450\" src=\"https:\/\/www.lemasdeslavandes.fr\/wp-content\/uploads\/sites\/2\/2025\/01\/tourisme-villeneuve-les-beziers.webp\" class=\"attachment-post-thumbnail size-post-thumbnail wp-post-image\" alt=\"Villeneuve-l\u00e8s-B\u00e9ziers\" style=\"border-bottom-left-radius:0px;border-top-left-radius:200px;border-top-right-radius:200px;border-bottom-right-radius:200px;width:100%;height:100%;object-fit:cover;\" srcset=\"https:\/\/www.lemasdeslavandes.fr\/wp-content\/uploads\/sites\/2\/2025\/01\/tourisme-villeneuve-les-beziers.webp 2000w, https:\/\/www.lemasdeslavandes.fr\/wp-content\/uploads\/sites\/2\/2025\/01\/tourisme-villeneuve-les-beziers-300x218.webp 300w, https:\/\/www.lemasdeslavandes.fr\/wp-content\/uploads\/sites\/2\/2025\/01\/tourisme-villeneuve-les-beziers-1024x742.webp 1024w, https:\/\/www.lemasdeslavandes.fr\/wp-content\/uploads\/sites\/2\/2025\/01\/tourisme-villeneuve-les-beziers-768x557.webp 768w, https:\/\/www.lemasdeslavandes.fr\/wp-content\/uploads\/sites\/2\/2025\/01\/tourisme-villeneuve-les-beziers-1536x1114.webp 1536w\" sizes=\"auto, (max-width: 2000px) 100vw, 2000px\" \/><span class=\"wp-block-post-featured-image__overlay has-background-dim has-background-dim-20 has-custom-color-5-background-color\" style=\"border-bottom-left-radius:0px;border-top-left-radius:200px;border-top-right-radius:200px;border-bottom-right-radius:200px\" aria-hidden=\"true\"><\/span><\/a><\/figure>\n\n<p class=\"has-text-align-center has-base-2-color has-text-color has-link-color has-josefin-sans-font-family wp-elements-99b060f440e77f054d300614587a717e\" style=\"margin-top:0px;font-size:clamp(1.092rem, 1.092rem + ((1vw - 0.2rem) * 0.824), 1.7rem);font-style:normal;font-weight:400;line-height:1\">Villeneuve-l\u00e8s-B\u00e9ziers<\/p>\n\n<a style=\"font-size:0rem;font-style:normal;font-weight:400;line-height:1; padding-right:var(--wp--preset--spacing--30);padding-left:var(--wp--preset--spacing--30);padding-top:var(--wp--preset--spacing--50);margin-top:0px;\" class=\"is-style-lien-cover wp-elements-44177c36591ec1f6183ef0a3a4a1ac10 wp-block-read-more has-text-color has-base-2-color has-josefin-sans-font-family\" href=\"https:\/\/www.lemasdeslavandes.fr\/nl\/toerisme-herault\/camping-in-de-buurt-van-villeneuve-les-beziers\/\" target=\"_self\">Lees verder<span class=\"screen-reader-text\">: Villeneuve-l\u00e8s-B\u00e9ziers<\/span><\/a>\n<\/li><\/ul>\n\n<\/div>\n<\/div>\n<\/section>\n\n<section class=\"wp-block-group home-third page-two is-layout-flow wp-block-group-is-layout-flow\" style=\"margin-top:var(--wp--preset--spacing--50);margin-bottom:var(--wp--preset--spacing--50)\">\n<div class=\"wp-block-columns has-custom-color-2-background-color has-background is-layout-flex wp-container-core-columns-is-layout-28f84493 wp-block-columns-is-layout-flex\">\n<div class=\"wp-block-column is-layout-flow wp-block-column-is-layout-flow\" style=\"flex-basis:50%\">\n<div data-swiper=\"{&quot;speed&quot;:400,&quot;spaceBetween&quot;:15,&quot;slidesPerView&quot;:1,&quot;createElements&quot;:true,&quot;loop&quot;:true,&quot;freemode&quot;:true,&quot;navigation&quot;:{&quot;nextEl&quot;:&quot;buttonNext&quot;,&quot;prevEl&quot;:&quot;buttonPrev&quot;},&quot;breakpoints&quot;:[{&quot;slidesPerView&quot;:1}],&quot;pagination&quot;:false,&quot;parallax&quot;:true,&quot;autoplay&quot;:{&quot;delay&quot;:3500}}\" class=\"wp-block-group left gt-is-slider gt-is-slider-desktop has-global-padding is-content-justification-left is-layout-constrained wp-container-core-group-is-layout-16a8afda wp-block-group-is-layout-constrained\" style=\"padding-top:0;padding-bottom:0\">\n<figure class=\"wp-block-image size-full has-custom-border\"><img loading=\"lazy\" decoding=\"async\" width=\"1000\" height=\"700\" src=\"https:\/\/www.lemasdeslavandes.fr\/wp-content\/uploads\/sites\/2\/2025\/02\/visiter-les-ruelles-de-pezenas-en-herault.jpg\" alt=\"bezoek de smalle straatjes van pezenas in herault\" class=\"wp-image-2383\" style=\"border-bottom-left-radius:0px\" srcset=\"https:\/\/www.lemasdeslavandes.fr\/wp-content\/uploads\/sites\/2\/2025\/02\/visiter-les-ruelles-de-pezenas-en-herault.jpg 1000w, https:\/\/www.lemasdeslavandes.fr\/wp-content\/uploads\/sites\/2\/2025\/02\/visiter-les-ruelles-de-pezenas-en-herault-300x210.jpg 300w, https:\/\/www.lemasdeslavandes.fr\/wp-content\/uploads\/sites\/2\/2025\/02\/visiter-les-ruelles-de-pezenas-en-herault-768x538.jpg 768w\" sizes=\"auto, (max-width: 1000px) 100vw, 1000px\" \/><figcaption class=\"wp-element-caption\">Smalle straatjes van P\u00e9zenas<\/figcaption><\/figure>\n\n\n\n<figure class=\"wp-block-image size-full has-custom-border\"><img loading=\"lazy\" decoding=\"async\" width=\"1000\" height=\"700\" src=\"https:\/\/www.lemasdeslavandes.fr\/wp-content\/uploads\/sites\/2\/2025\/02\/visiter-les-ecluses-de-beziers.jpg\" alt=\"bezoek de sluizen van beziers\" class=\"wp-image-2388\" style=\"border-bottom-left-radius:0px\" srcset=\"https:\/\/www.lemasdeslavandes.fr\/wp-content\/uploads\/sites\/2\/2025\/02\/visiter-les-ecluses-de-beziers.jpg 1000w, https:\/\/www.lemasdeslavandes.fr\/wp-content\/uploads\/sites\/2\/2025\/02\/visiter-les-ecluses-de-beziers-300x210.jpg 300w, https:\/\/www.lemasdeslavandes.fr\/wp-content\/uploads\/sites\/2\/2025\/02\/visiter-les-ecluses-de-beziers-768x538.jpg 768w\" sizes=\"auto, (max-width: 1000px) 100vw, 1000px\" \/><figcaption class=\"wp-element-caption\">Fonseranes sluizen<\/figcaption><\/figure>\n<\/div>\n<\/div>\n\n\n\n<div class=\"wp-block-column is-layout-flow wp-block-column-is-layout-flow\" style=\"flex-basis:50%\">\n<div class=\"wp-block-group right has-global-padding is-content-justification-left is-layout-constrained wp-container-core-group-is-layout-12dd3699 wp-block-group-is-layout-constrained\">\n<div class=\"wp-block-group h2-container has-global-padding is-layout-constrained wp-block-group-is-layout-constrained\">\n<h2 class=\"wp-block-heading has-base-2-background-color has-background\" style=\"padding-top:var(--wp--preset--spacing--50);padding-bottom:var(--wp--preset--spacing--40);padding-left:var(--wp--preset--spacing--50)\"><br \/> <span><mark class=\"has-inline-color has-custom-color-5-color\">De mooiste steden<\/mark><\/span> in de H\u00e9rault  <\/h2>\n<\/div>\n\n\n\n<div class=\"wp-block-group bottom has-link-color wp-elements-da16913ea6690a467690161f465d34f3 has-global-padding is-layout-constrained wp-container-core-group-is-layout-36453ffe wp-block-group-is-layout-constrained\" style=\"padding-top:var(--wp--preset--spacing--20);padding-right:15rem;padding-bottom:0;padding-left:var(--wp--preset--spacing--50)\">\n<p>Ontdek de belangrijkste steden van de H\u00e9rault tijdens je verblijf op onze camping Mas des Lavandes in S\u00e9rignan, vlakbij Valras-Plage.  <\/p>\n\n\n\n<p>Wandel door de geplaveide straten van <a href=\"https:\/\/www.lemasdeslavandes.fr\/nl\/toerisme-herault\/toerisme-pezenas\/\" data-type=\"page\" data-id=\"91\">P\u00e9zenas<\/a>, bekend als de stad van Moli\u00e8re en vol kunst en geschiedenis, of bezoek B\u00e9ziers en de prachtige sluizen bij Fonseranes aan het <a href=\"https:\/\/www.lemasdeslavandes.fr\/nl\/toerisme-herault\/kamperen-van-beziers-kanaal-van-midi\/\" data-type=\"page\" data-id=\"83\">Canal du Midi<\/a>. <a href=\"https:\/\/www.lemasdeslavandes.fr\/nl\/toerisme-herault\/ontdek-montpellier\/\" data-type=\"page\" data-id=\"87\">Montpellier<\/a>, de regionale hoofdstad, valt op door zijn erfgoed en levendige pleinen.  <\/p>\n\n\n\n<p>Dichter bij onze camping kun je een uitstapje maken naar Cap d&#8217;Agde of <a href=\"https:\/\/www.lemasdeslavandes.fr\/nl\/toerisme-herault\/ontdek-sete\/\" data-type=\"page\" data-id=\"75\">S\u00e8te<\/a>, waar zee en traditie hand in hand gaan. Deze nabijgelegen bestemmingen bieden culturele ontdekkingen en gevarieerde landschappen om je vakantie te verrijken. <\/p>\n<\/div>\n<\/div>\n<\/div>\n<\/div>\n\n\n\n<p class=\"h1-like\"><span>l&#8217;h\u00e9rault<\/span> ontdekken  <\/p>\n<\/section>\n\n<section class=\"wp-block-group home-third page-two reverse is-layout-flow wp-block-group-is-layout-flow\">\n<div class=\"wp-block-columns has-custom-color-2-background-color has-background is-layout-flex wp-container-core-columns-is-layout-20858fb0 wp-block-columns-is-layout-flex\" style=\"margin-bottom:0;padding-bottom:var(--wp--preset--spacing--60)\">\n<div class=\"wp-block-column is-layout-flow wp-block-column-is-layout-flow\" style=\"flex-basis:50%\">\n<div class=\"wp-block-group right has-global-padding is-content-justification-center is-layout-constrained wp-block-group-is-layout-constrained\">\n<div class=\"wp-block-group h2-container has-global-padding is-layout-constrained wp-block-group-is-layout-constrained\">\n<h2 class=\"wp-block-heading has-base-2-background-color has-background\" style=\"padding-top:var(--wp--preset--spacing--50);padding-right:var(--wp--preset--spacing--10);padding-bottom:var(--wp--preset--spacing--40);padding-left:var(--wp--preset--spacing--50)\"><span>Must-sees <\/span><\/h2>\n<\/div>\n\n\n\n<div class=\"wp-block-group bottom has-link-color wp-elements-8c05f82d31746dacc7092cb7f0a091a6 has-global-padding is-layout-constrained wp-container-core-group-is-layout-0a497845 wp-block-group-is-layout-constrained\" style=\"padding-top:var(--wp--preset--spacing--20);padding-right:10rem;padding-bottom:0;padding-left:var(--wp--preset--spacing--50)\">\n<p>Ons <a href=\"https:\/\/www.lemasdeslavandes.fr\/nl\/\" data-type=\"page\" data-id=\"9\">Kamperen in S\u00e9rignan<\/a>, de 4-sterren Mas des Lavandes,<strong> <\/strong>ligt in het zuiden van Frankrijk aan de Middellandse Zeekust. De centrale ligging tussen <strong>Valras-Plage en S\u00e9rignan<\/strong> betekent dat je vanuit je vakantiehuis het departement<strong>H\u00e9rault<\/strong> en de regio Occitanie, voorheen de regio <strong>Languedoc-Roussillon<\/strong>, kunt bezoeken.   <\/p>\n\n\n    <div id=\"gt-fse-lire-plus-69f3c31ee245c\" class=\"gt-fse-lire-plus\" data-min-height=\"130\" style=\"background-color: #f7f4f1;\">\n        <input id=\"gt-fse-lire-plus-69f3c31ee245c-toggle\" type=\"checkbox\" class=\"gt-fse-lire-plus__toggle\" \/>\n        <label for=\"gt-fse-lire-plus-69f3c31ee245c-toggle\" class=\"gt-fse-lire-plus__toggle-label\">\n            <span>Meer lezen<\/span>\n            <span>Minder lezen<\/span>\n        <\/label>\n        <div class=\"gt-fse-lire-plus__content\" style=\"height: 130px;\">\n            \n\n<p>Niet ver van de <strong>fijne zandstranden<\/strong> is de <a href=\"https:\/\/www.lemasdeslavandes.fr\/nl\/toerisme-herault\/ontdek-valras-plage\/\" data-type=\"page\" data-id=\"63\">badplaats Valras-Plage<\/a> de perfecte uitvalsbasis om het achterland, de ruige bergen en de rivieren te verkennen. In de regio Occitanie is S\u00e9rignan de perfecte uitvalsbasis voor je kampeervakantie om de Middellandse Zeekust te aanschouwen, tussen de markten met streekproducten in de smalle straatjes van onze <strong>dorpen<\/strong>, het <strong>natuurpark en de kastelen<\/strong> zal je gezinsvakantie je vullen met herinneringen.  <\/p>\n\n\n\n<p>De <strong>H\u00e9rault<\/strong>, gelegen tussen de departementen Gard en Aude, biedt je de mogelijkheid om de wijngaarden van de Languedoc te ontdekken. Tijdens je uitstapjes heb je genoeg te doen tussen de bezoeken en activiteiten in de omgeving van onze camping in S\u00e9rignan. Ga op ontdekking in onze mooie streek en rust &#8217;s avonds uit in je Stacaravan en ontspan in de verschillende faciliteiten op onze camping met <a href=\"https:\/\/www.lemasdeslavandes.fr\/nl\/camping-waterpark-herault\/\" data-type=\"page\" data-id=\"39\">waterpark in S\u00e9rignan<\/a>.    <\/p>\n\n\n\n<p>Het Kamperen ligt dicht bij de <a href=\"https:\/\/www.lemasdeslavandes.fr\/nl\/toerisme-herault\/stranden-van-camping-herault\/\" data-type=\"page\" data-id=\"71\">natuurlijke stranden van S\u00e9rignan<\/a> en op 15 minuten lopen van de stranden van Valras-Plage. Een pendelbus rijdt voor de camping langs en brengt je er elke dag naartoe! <\/p>\n\n            <div class=\"gt-fse-lire-plus__gradient\" style=\"background: linear-gradient(to bottom,rgba(247,244,241,0) 0%,rgba(247,244,241,1) 100%);\"><\/div>\n        <\/div>\n    <\/div>\n    <\/div>\n<\/div>\n<\/div>\n\n\n\n<div class=\"wp-block-column is-layout-flow wp-block-column-is-layout-flow\" style=\"flex-basis:50%\">\n<div data-swiper=\"{&quot;speed&quot;:400,&quot;spaceBetween&quot;:15,&quot;slidesPerView&quot;:1,&quot;createElements&quot;:true,&quot;loop&quot;:true,&quot;freemode&quot;:true,&quot;navigation&quot;:{&quot;nextEl&quot;:&quot;buttonNext&quot;,&quot;prevEl&quot;:&quot;buttonPrev&quot;},&quot;breakpoints&quot;:[{&quot;slidesPerView&quot;:1}],&quot;pagination&quot;:false,&quot;parallax&quot;:true,&quot;autoplay&quot;:{&quot;delay&quot;:3500}}\" class=\"wp-block-group left gt-is-slider gt-is-slider-desktop has-global-padding is-content-justification-left is-layout-constrained wp-container-core-group-is-layout-16a8afda wp-block-group-is-layout-constrained\" style=\"padding-top:0;padding-bottom:0\">\n<figure class=\"wp-block-image size-full has-custom-border\"><img loading=\"lazy\" decoding=\"async\" width=\"1000\" height=\"700\" src=\"https:\/\/www.lemasdeslavandes.fr\/wp-content\/uploads\/sites\/2\/2025\/02\/station-balneaire-valras-plage.jpg\" alt=\"resort valras plage\" class=\"wp-image-2393\" style=\"border-bottom-left-radius:150px;object-fit:cover\" srcset=\"https:\/\/www.lemasdeslavandes.fr\/wp-content\/uploads\/sites\/2\/2025\/02\/station-balneaire-valras-plage.jpg 1000w, https:\/\/www.lemasdeslavandes.fr\/wp-content\/uploads\/sites\/2\/2025\/02\/station-balneaire-valras-plage-300x210.jpg 300w, https:\/\/www.lemasdeslavandes.fr\/wp-content\/uploads\/sites\/2\/2025\/02\/station-balneaire-valras-plage-768x538.jpg 768w\" sizes=\"auto, (max-width: 1000px) 100vw, 1000px\" \/><\/figure>\n\n\n\n<figure class=\"wp-block-image size-full has-custom-border\"><img loading=\"lazy\" decoding=\"async\" width=\"1000\" height=\"700\" src=\"https:\/\/www.lemasdeslavandes.fr\/wp-content\/uploads\/sites\/2\/2025\/02\/arche-herault.jpg\" alt=\"arche herault\" class=\"wp-image-2397\" style=\"border-bottom-left-radius:150px;object-fit:cover\" srcset=\"https:\/\/www.lemasdeslavandes.fr\/wp-content\/uploads\/sites\/2\/2025\/02\/arche-herault.jpg 1000w, https:\/\/www.lemasdeslavandes.fr\/wp-content\/uploads\/sites\/2\/2025\/02\/arche-herault-300x210.jpg 300w, https:\/\/www.lemasdeslavandes.fr\/wp-content\/uploads\/sites\/2\/2025\/02\/arche-herault-768x538.jpg 768w\" sizes=\"auto, (max-width: 1000px) 100vw, 1000px\" \/><\/figure>\n<\/div>\n<\/div>\n<\/div>\n\n\n\n<div class=\"wp-block-columns has-custom-color-2-background-color has-background is-layout-flex wp-container-core-columns-is-layout-fe7b159d wp-block-columns-is-layout-flex\" style=\"margin-top:0px;padding-top:0;padding-bottom:var(--wp--preset--spacing--60)\">\n<div class=\"wp-block-column is-layout-flow wp-block-column-is-layout-flow\" style=\"flex-basis:50%\">\n<div data-swiper=\"{&quot;speed&quot;:400,&quot;spaceBetween&quot;:15,&quot;slidesPerView&quot;:1,&quot;createElements&quot;:true,&quot;loop&quot;:true,&quot;freemode&quot;:true,&quot;navigation&quot;:{&quot;nextEl&quot;:&quot;buttonNext&quot;,&quot;prevEl&quot;:&quot;buttonPrev&quot;},&quot;breakpoints&quot;:[{&quot;slidesPerView&quot;:1}],&quot;pagination&quot;:false,&quot;parallax&quot;:true,&quot;autoplay&quot;:{&quot;delay&quot;:3500}}\" class=\"wp-block-group left gt-is-slider gt-is-slider-desktop has-global-padding is-content-justification-center is-layout-constrained wp-block-group-is-layout-constrained\" style=\"padding-top:0;padding-bottom:0\">\n<figure class=\"wp-block-image size-full has-custom-border\"><img loading=\"lazy\" decoding=\"async\" width=\"1000\" height=\"700\" src=\"https:\/\/www.lemasdeslavandes.fr\/wp-content\/uploads\/sites\/2\/2025\/02\/faire-du-canoe-sur-l-orb.jpg\" alt=\"kano&#xEB;n op de orb\" class=\"wp-image-2401\" style=\"border-top-right-radius:150px\" srcset=\"https:\/\/www.lemasdeslavandes.fr\/wp-content\/uploads\/sites\/2\/2025\/02\/faire-du-canoe-sur-l-orb.jpg 1000w, https:\/\/www.lemasdeslavandes.fr\/wp-content\/uploads\/sites\/2\/2025\/02\/faire-du-canoe-sur-l-orb-300x210.jpg 300w, https:\/\/www.lemasdeslavandes.fr\/wp-content\/uploads\/sites\/2\/2025\/02\/faire-du-canoe-sur-l-orb-768x538.jpg 768w\" sizes=\"auto, (max-width: 1000px) 100vw, 1000px\" \/><figcaption class=\"wp-element-caption\">Gorges de l&#8217;H\u00e9rault<\/figcaption><\/figure>\n\n\n\n<figure class=\"wp-block-image size-full has-custom-border\"><img loading=\"lazy\" decoding=\"async\" width=\"840\" height=\"700\" src=\"https:\/\/www.lemasdeslavandes.fr\/wp-content\/uploads\/sites\/2\/2025\/03\/balade-a-velo-en-herault-2.webp\" alt=\"salagou meer\" class=\"wp-image-11148\" style=\"border-top-right-radius:150px\" srcset=\"https:\/\/www.lemasdeslavandes.fr\/wp-content\/uploads\/sites\/2\/2025\/03\/balade-a-velo-en-herault-2.webp 840w, https:\/\/www.lemasdeslavandes.fr\/wp-content\/uploads\/sites\/2\/2025\/03\/balade-a-velo-en-herault-2-300x250.webp 300w, https:\/\/www.lemasdeslavandes.fr\/wp-content\/uploads\/sites\/2\/2025\/03\/balade-a-velo-en-herault-2-768x640.webp 768w\" sizes=\"auto, (max-width: 840px) 100vw, 840px\" \/><figcaption class=\"wp-element-caption\">Meer van Salagou<\/figcaption><\/figure>\n<\/div>\n<\/div>\n\n\n\n<div class=\"wp-block-column is-vertically-aligned-center is-layout-flow wp-block-column-is-layout-flow\" style=\"flex-basis:50%\">\n<div class=\"wp-block-group right has-global-padding is-content-justification-left is-layout-constrained wp-container-core-group-is-layout-12dd3699 wp-block-group-is-layout-constrained\">\n<div class=\"wp-block-group h2-container has-global-padding is-layout-constrained wp-block-group-is-layout-constrained\">\n<h2 class=\"wp-block-heading\" style=\"padding-top:var(--wp--preset--spacing--50);padding-right:var(--wp--preset--spacing--10);padding-bottom:var(--wp--preset--spacing--40);padding-left:var(--wp--preset--spacing--50)\"><span>De leukste dingen om te doen<\/span> in H\u00e9rault <br \/><\/h2>\n<\/div>\n\n\n\n<div class=\"wp-block-group bottom has-link-color wp-elements-d00321457bb6c2deb6117e49ae8dc06f has-global-padding is-layout-constrained wp-container-core-group-is-layout-a796f9df wp-block-group-is-layout-constrained\" style=\"padding-top:0;padding-right:10rem;padding-bottom:0;padding-left:var(--wp--preset--spacing--50)\">\n<p>De H\u00e9rault biedt een breed scala aan activiteiten voor elk wat wils. Sportievelingen kunnen <strong>kano\u00ebn op de Orb<\/strong>, klimmen in de kloven van de H\u00e9rault of duiken bij <a href=\"https:\/\/www.lemasdeslavandes.fr\/nl\/toerisme-herault\/kamperen-in-de-buurt-cap-dagde\/\" data-type=\"page\" data-id=\"79\">Cap d&#8217;Agde<\/a>.   <\/p>\n\n\n\n<p>Cultuurliefhebbers kunnen het hedendaagse <strong>museum <\/strong>in <a href=\"https:\/\/www.lemasdeslavandes.fr\/nl\/toerisme-herault\/bezoek-serignan\/\" data-type=\"page\" data-id=\"55\">S\u00e9rignan<\/a> bezoeken of genieten van live optredens in <strong>plaatselijke theaters<\/strong> zoals het originele Th\u00e9\u00e2tre de la mer in S\u00e8te.  <\/p>\n\n\n\n<p><strong>Wandelingen langs de zee<\/strong> bieden een prachtig uitzicht op de kustlijn en het Etang de Thau, terwijl excursies naar de Pic Saint-Loup spectaculaire landschappen opleveren. Tot slot zullen de <strong>wandelpaden rond het Lac du Salagou<\/strong> natuurliefhebbers in verrukking brengen. <\/p>\n<\/div>\n<\/div>\n<\/div>\n<\/div>\n<\/section>\n","protected":false},"excerpt":{"rendered":"<p>Ontdek de charmes van de H\u00e9rault De mooiste steden in de H\u00e9rault Ontdek de belangrijkste steden van de H\u00e9rault tijdens je verblijf op onze camping Mas des Lavandes in S\u00e9rignan, vlakbij Valras-Plage. Wandel door de geplaveide straten van P\u00e9zenas, bekend als de stad van Moli\u00e8re en vol kunst en geschiedenis, of bezoek B\u00e9ziers en de [&hellip;]<\/p>\n","protected":false},"author":1,"featured_media":2414,"parent":0,"menu_order":67,"comment_status":"closed","ping_status":"closed","template":"","meta":{"_acf_changed":false,"_seopress_robots_primary_cat":"","_seopress_titles_title":"Toerisme H\u00e9rault | H\u00e9rault bezoeken (34) | Wat te doen in H\u00e9rault?","_seopress_titles_desc":"Ontdek vanuit ons 4-sterren Kamperen in S\u00e9rignan het culturele erfgoed van de dorpen, wijngaarden en kastelen van de H\u00e9rault in Occitanie.","_seopress_robots_index":"","inline_featured_image":false,"gt_fse_maillage_image":"https:\/\/www.lemasdeslavandes.fr\/wp-content\/uploads\/sites\/2\/2025\/02\/decouvrez-les-charmes-de-l-herault.webp","gt_fse_maillage_titre":"Brouillon auto","gt_fse_maillage_alt":"Toerisme","gt_fse_maillage_resume":"","footnotes":""},"categories":[],"tags":[],"class_list":["post-9082","page","type-page","status-publish","has-post-thumbnail","hentry"],"acf":[],"_links":{"self":[{"href":"https:\/\/www.lemasdeslavandes.fr\/nl\/wp-json\/wp\/v2\/pages\/9082","targetHints":{"allow":["GET"]}}],"collection":[{"href":"https:\/\/www.lemasdeslavandes.fr\/nl\/wp-json\/wp\/v2\/pages"}],"about":[{"href":"https:\/\/www.lemasdeslavandes.fr\/nl\/wp-json\/wp\/v2\/types\/page"}],"author":[{"embeddable":true,"href":"https:\/\/www.lemasdeslavandes.fr\/nl\/wp-json\/wp\/v2\/users\/1"}],"replies":[{"embeddable":true,"href":"https:\/\/www.lemasdeslavandes.fr\/nl\/wp-json\/wp\/v2\/comments?post=9082"}],"version-history":[{"count":10,"href":"https:\/\/www.lemasdeslavandes.fr\/nl\/wp-json\/wp\/v2\/pages\/9082\/revisions"}],"predecessor-version":[{"id":11327,"href":"https:\/\/www.lemasdeslavandes.fr\/nl\/wp-json\/wp\/v2\/pages\/9082\/revisions\/11327"}],"wp:featuredmedia":[{"embeddable":true,"href":"https:\/\/www.lemasdeslavandes.fr\/nl\/wp-json\/wp\/v2\/media\/2414"}],"wp:attachment":[{"href":"https:\/\/www.lemasdeslavandes.fr\/nl\/wp-json\/wp\/v2\/media?parent=9082"}],"wp:term":[{"taxonomy":"category","embeddable":true,"href":"https:\/\/www.lemasdeslavandes.fr\/nl\/wp-json\/wp\/v2\/categories?post=9082"},{"taxonomy":"post_tag","embeddable":true,"href":"https:\/\/www.lemasdeslavandes.fr\/nl\/wp-json\/wp\/v2\/tags?post=9082"}],"curies":[{"name":"wp","href":"https:\/\/api.w.org\/{rel}","templated":true}]}}