{"id":9087,"date":"2025-01-20T16:24:33","date_gmt":"2025-01-20T15:24:33","guid":{"rendered":"https:\/\/www.lemasdeslavandes.fr\/toerisme-herault\/bezoek-serignan\/"},"modified":"2026-04-30T10:30:44","modified_gmt":"2026-04-30T08:30:44","slug":"bezoek-serignan","status":"publish","type":"page","link":"https:\/\/www.lemasdeslavandes.fr\/nl\/toerisme-herault\/bezoek-serignan\/","title":{"rendered":"S\u00e9rignan"},"content":{"rendered":"\n<section class=\"wp-block-group page-one is-layout-flow wp-block-group-is-layout-flow\" style=\"margin-top:var(--wp--preset--spacing--50);margin-bottom:var(--wp--preset--spacing--50)\">\n<h1 class=\"wp-block-heading has-text-align-center\"><br \/><span><mark class=\"has-inline-color has-custom-color-5-color\">Bezoek S\u00e9rignan<\/mark><\/span> <br \/>in de H\u00e9rault<\/h1>\n<\/section>\n\n<section class=\"wp-block-group home-third page-two is-layout-flow wp-block-group-is-layout-flow\" style=\"margin-top:var(--wp--preset--spacing--50);margin-bottom:var(--wp--preset--spacing--50)\">\n<div class=\"wp-block-columns has-custom-color-2-background-color has-background is-layout-flex wp-container-core-columns-is-layout-28f84493 wp-block-columns-is-layout-flex\">\n<div class=\"wp-block-column is-layout-flow wp-block-column-is-layout-flow\" style=\"flex-basis:50%\">\n<div data-swiper=\"{&quot;speed&quot;:400,&quot;spaceBetween&quot;:15,&quot;slidesPerView&quot;:1,&quot;createElements&quot;:true,&quot;loop&quot;:true,&quot;freemode&quot;:true,&quot;navigation&quot;:{&quot;nextEl&quot;:&quot;buttonNext&quot;,&quot;prevEl&quot;:&quot;buttonPrev&quot;},&quot;breakpoints&quot;:[{&quot;slidesPerView&quot;:1}],&quot;pagination&quot;:false,&quot;parallax&quot;:true,&quot;autoplay&quot;:{&quot;delay&quot;:3500}}\" class=\"wp-block-group left gt-is-slider gt-is-slider-desktop has-global-padding is-content-justification-left is-layout-constrained wp-container-core-group-is-layout-16a8afda wp-block-group-is-layout-constrained\" style=\"padding-top:0;padding-bottom:0\">\n<figure class=\"wp-block-image size-full has-custom-border\"><img loading=\"lazy\" decoding=\"async\" width=\"2000\" height=\"1450\" src=\"https:\/\/www.lemasdeslavandes.fr\/wp-content\/uploads\/sites\/2\/2025\/01\/que-faire-a-serignan.jpg\" alt=\"wat te doen in serignan\" class=\"wp-image-1179\" style=\"border-bottom-left-radius:0px;aspect-ratio:4\/3;object-fit:cover\" srcset=\"https:\/\/www.lemasdeslavandes.fr\/wp-content\/uploads\/sites\/2\/2025\/01\/que-faire-a-serignan.jpg 2000w, https:\/\/www.lemasdeslavandes.fr\/wp-content\/uploads\/sites\/2\/2025\/01\/que-faire-a-serignan-300x218.jpg 300w, https:\/\/www.lemasdeslavandes.fr\/wp-content\/uploads\/sites\/2\/2025\/01\/que-faire-a-serignan-1024x742.jpg 1024w, https:\/\/www.lemasdeslavandes.fr\/wp-content\/uploads\/sites\/2\/2025\/01\/que-faire-a-serignan-768x557.jpg 768w, https:\/\/www.lemasdeslavandes.fr\/wp-content\/uploads\/sites\/2\/2025\/01\/que-faire-a-serignan-1536x1114.jpg 1536w\" sizes=\"auto, (max-width: 2000px) 100vw, 2000px\" \/><\/figure>\n\n\n\n<figure class=\"wp-block-image size-full has-custom-border\"><img loading=\"lazy\" decoding=\"async\" width=\"640\" height=\"426\" src=\"https:\/\/www.lemasdeslavandes.fr\/wp-content\/uploads\/sites\/2\/2025\/01\/plage-de-serignan.jpg\" alt=\"strand van serignan\" class=\"wp-image-1191\" style=\"border-bottom-left-radius:0px;aspect-ratio:4\/3;object-fit:cover\" srcset=\"https:\/\/www.lemasdeslavandes.fr\/wp-content\/uploads\/sites\/2\/2025\/01\/plage-de-serignan.jpg 640w, https:\/\/www.lemasdeslavandes.fr\/wp-content\/uploads\/sites\/2\/2025\/01\/plage-de-serignan-300x200.jpg 300w\" sizes=\"auto, (max-width: 640px) 100vw, 640px\" \/><\/figure>\n<\/div>\n<\/div>\n\n\n\n<div class=\"wp-block-column is-layout-flow wp-block-column-is-layout-flow\" style=\"flex-basis:50%\">\n<div class=\"wp-block-group right has-global-padding is-content-justification-left is-layout-constrained wp-container-core-group-is-layout-12dd3699 wp-block-group-is-layout-constrained\">\n<div class=\"wp-block-group h2-container has-global-padding is-layout-constrained wp-block-group-is-layout-constrained\">\n<h2 class=\"wp-block-heading has-base-2-background-color has-background\" style=\"padding-top:var(--wp--preset--spacing--50);padding-bottom:var(--wp--preset--spacing--10);padding-left:var(--wp--preset--spacing--50)\"><br \/> <span><mark class=\"has-inline-color has-custom-color-5-color\">Wat te doen<\/mark><\/span> in S\u00e9rignan?  <\/h2>\n<\/div>\n\n\n\n<div class=\"wp-block-group bottom has-global-padding is-layout-constrained wp-container-core-group-is-layout-36453ffe wp-block-group-is-layout-constrained\" style=\"padding-top:var(--wp--preset--spacing--20);padding-right:15rem;padding-bottom:0;padding-left:var(--wp--preset--spacing--50)\">\n<p>S\u00e9rignan is een Franse stad in het <strong>departement H\u00e9rault<\/strong> en een van de mooiste bestemmingen in de regio Occitanie. De stad zit boordevol natuurlijke en historische wonderen en heeft alles om bezoekers aan te trekken.   <\/p>\n\n\n\n<p class=\"has-link-color wp-elements-730f32648413fc4fce727f647e6686ac\">De nombreuses activit\u00e9s \u00e0 S\u00e9rignan Plage sont accessibles pour vous divertir durant votre <a href=\"https:\/\/www.lemasdeslavandes.fr\/tourisme-herault\/\" data-type=\"page\" data-id=\"91\">s\u00e9jour dans l\u2019H\u00e9rault<\/a>. Elle se d\u00e9tache en deux parties distinctes : le centre historique et le littoral avec les 5 plages de S\u00e9rignan.<\/p>\n<\/div>\n<\/div>\n<\/div>\n<\/div>\n\n\n\n<p class=\"h1-like\"><span>de regio<\/span> om te ontdekken  <\/p>\n<\/section>\n\n<section class=\"wp-block-group home-third page-two reverse is-layout-flow wp-block-group-is-layout-flow\">\n<div class=\"wp-block-columns has-custom-color-2-background-color has-background is-layout-flex wp-container-core-columns-is-layout-e477a36d wp-block-columns-is-layout-flex\" style=\"padding-bottom:var(--wp--preset--spacing--60)\">\n<div class=\"wp-block-column is-layout-flow wp-block-column-is-layout-flow\" style=\"flex-basis:50%\">\n<div class=\"wp-block-group right has-global-padding is-content-justification-center is-layout-constrained wp-block-group-is-layout-constrained\">\n<div class=\"wp-block-group h2-container has-global-padding is-layout-constrained wp-block-group-is-layout-constrained\">\n<h3 class=\"wp-block-heading has-base-2-background-color has-background\" style=\"padding-top:var(--wp--preset--spacing--50);padding-bottom:var(--wp--preset--spacing--40);padding-left:var(--wp--preset--spacing--50)\"><span><mark class=\"has-inline-color has-custom-color-5-color\">Ontdek<\/mark><\/span> zijn erfgoed<\/h3>\n<\/div>\n\n\n\n<div class=\"wp-block-group bottom has-link-color wp-elements-6141e8b215445f76c84da6fa2f3c7232 has-global-padding is-layout-constrained wp-container-core-group-is-layout-0a497845 wp-block-group-is-layout-constrained\" style=\"padding-top:var(--wp--preset--spacing--20);padding-right:10rem;padding-bottom:0;padding-left:var(--wp--preset--spacing--50)\">\n<p><a href=\"https:\/\/www.ville-serignan.fr\/\" data-type=\"link\" data-id=\"https:\/\/www.ville-serignan.fr\/\" target=\"_blank\" rel=\"noreferrer noopener nofollow\">S\u00e9rignan<\/a> is een van de mooiste badplaatsen van het departement H\u00e9rault. Het is al heel lang een toeristische bestemming. Het is altijd een zeer interessante bestemming geweest dankzij het uitzonderlijke culturele erfgoed.    <\/p>\n\n\n\n<p>S\u00e9rignan heeft een rijk en gevarieerd<strong> erfgoed <\/strong>. Het omvat een aantal historische monumenten zoals <strong>kerken<\/strong>, <strong>kastelen<\/strong>, oude huizen en vele andere. Wat toeristische attracties betreft, heeft S\u00e9rignan er een groot aantal.    <\/p>\n\n\n\n<p>Des salles de spectacle, aux domaines prot\u00e9g\u00e9s et aux mus\u00e9es, en passant par le patrimoine historique de la commune, elle ne cessera pas de vous surprendre. Ne ratez pas non plus <a href=\"https:\/\/www.lemasdeslavandes.fr\/tourisme-herault\/marches-de-serignan-et-alentours\/\" data-type=\"page\" data-id=\"59\">les march\u00e9s de S\u00e9rignan<\/a>, <strong>artisanaux et du terroir<\/strong>, qui mettent en valeur les produits r\u00e9gionaux.<\/p>\n<\/div>\n<\/div>\n<\/div>\n\n\n\n<div class=\"wp-block-column is-layout-flow wp-block-column-is-layout-flow\" style=\"flex-basis:50%\">\n<div data-swiper=\"{&quot;speed&quot;:400,&quot;spaceBetween&quot;:15,&quot;slidesPerView&quot;:1,&quot;createElements&quot;:true,&quot;loop&quot;:true,&quot;freemode&quot;:true,&quot;navigation&quot;:{&quot;nextEl&quot;:&quot;buttonNext&quot;,&quot;prevEl&quot;:&quot;buttonPrev&quot;},&quot;breakpoints&quot;:[{&quot;slidesPerView&quot;:1}],&quot;pagination&quot;:false,&quot;parallax&quot;:true,&quot;autoplay&quot;:{&quot;delay&quot;:3500}}\" class=\"wp-block-group left gt-is-slider gt-is-slider-desktop has-global-padding is-content-justification-left is-layout-constrained wp-container-core-group-is-layout-16a8afda wp-block-group-is-layout-constrained\" style=\"padding-top:0;padding-bottom:0\">\n<figure class=\"wp-block-image size-full has-custom-border\"><img loading=\"lazy\" decoding=\"async\" width=\"1200\" height=\"800\" src=\"https:\/\/www.lemasdeslavandes.fr\/wp-content\/uploads\/sites\/2\/2025\/01\/patrimoine-de-serignan.jpg\" alt=\"erfgoed van serignan\" class=\"wp-image-1195\" style=\"border-bottom-left-radius:150px;object-fit:cover\" srcset=\"https:\/\/www.lemasdeslavandes.fr\/wp-content\/uploads\/sites\/2\/2025\/01\/patrimoine-de-serignan.jpg 1200w, https:\/\/www.lemasdeslavandes.fr\/wp-content\/uploads\/sites\/2\/2025\/01\/patrimoine-de-serignan-300x200.jpg 300w, https:\/\/www.lemasdeslavandes.fr\/wp-content\/uploads\/sites\/2\/2025\/01\/patrimoine-de-serignan-1024x683.jpg 1024w, https:\/\/www.lemasdeslavandes.fr\/wp-content\/uploads\/sites\/2\/2025\/01\/patrimoine-de-serignan-768x512.jpg 768w\" sizes=\"auto, (max-width: 1200px) 100vw, 1200px\" \/><\/figure>\n<\/div>\n<\/div>\n<\/div>\n\n\n\n<div class=\"wp-block-columns has-custom-color-2-background-color has-background is-layout-flex wp-container-core-columns-is-layout-616294e8 wp-block-columns-is-layout-flex\" style=\"margin-top:0px;padding-top:0\">\n<div class=\"wp-block-column is-layout-flow wp-block-column-is-layout-flow\" style=\"flex-basis:50%\">\n<div data-swiper=\"{&quot;speed&quot;:400,&quot;spaceBetween&quot;:15,&quot;slidesPerView&quot;:1,&quot;createElements&quot;:true,&quot;loop&quot;:true,&quot;freemode&quot;:true,&quot;navigation&quot;:{&quot;nextEl&quot;:&quot;buttonNext&quot;,&quot;prevEl&quot;:&quot;buttonPrev&quot;},&quot;breakpoints&quot;:[{&quot;slidesPerView&quot;:1}],&quot;pagination&quot;:false,&quot;parallax&quot;:true,&quot;autoplay&quot;:{&quot;delay&quot;:3500}}\" class=\"wp-block-group left gt-is-slider gt-is-slider-desktop has-global-padding is-content-justification-center is-layout-constrained wp-block-group-is-layout-constrained\" style=\"padding-top:0;padding-bottom:0\">\n<figure class=\"wp-block-image size-full has-custom-border\"><img loading=\"lazy\" decoding=\"async\" width=\"1024\" height=\"640\" src=\"https:\/\/www.lemasdeslavandes.fr\/wp-content\/uploads\/sites\/2\/2025\/01\/balade-a-velo-a-serignan.jpg\" alt=\"fietstocht in serignan\" class=\"wp-image-1206\" style=\"border-top-right-radius:150px;aspect-ratio:4\/3;object-fit:cover\" srcset=\"https:\/\/www.lemasdeslavandes.fr\/wp-content\/uploads\/sites\/2\/2025\/01\/balade-a-velo-a-serignan.jpg 1024w, https:\/\/www.lemasdeslavandes.fr\/wp-content\/uploads\/sites\/2\/2025\/01\/balade-a-velo-a-serignan-300x188.jpg 300w, https:\/\/www.lemasdeslavandes.fr\/wp-content\/uploads\/sites\/2\/2025\/01\/balade-a-velo-a-serignan-768x480.jpg 768w\" sizes=\"auto, (max-width: 1024px) 100vw, 1024px\" \/><\/figure>\n\n\n\n<figure class=\"wp-block-image size-full has-custom-border\"><img loading=\"lazy\" decoding=\"async\" width=\"800\" height=\"600\" src=\"https:\/\/www.lemasdeslavandes.fr\/wp-content\/uploads\/sites\/2\/2025\/01\/stand-up-paddle-serignan-plage.jpg\" alt=\"stand up paddle serignan plage\" class=\"wp-image-1202\" style=\"border-top-right-radius:150px\" srcset=\"https:\/\/www.lemasdeslavandes.fr\/wp-content\/uploads\/sites\/2\/2025\/01\/stand-up-paddle-serignan-plage.jpg 800w, https:\/\/www.lemasdeslavandes.fr\/wp-content\/uploads\/sites\/2\/2025\/01\/stand-up-paddle-serignan-plage-300x225.jpg 300w, https:\/\/www.lemasdeslavandes.fr\/wp-content\/uploads\/sites\/2\/2025\/01\/stand-up-paddle-serignan-plage-768x576.jpg 768w\" sizes=\"auto, (max-width: 800px) 100vw, 800px\" \/><\/figure>\n<\/div>\n<\/div>\n\n\n\n<div class=\"wp-block-column is-vertically-aligned-center is-layout-flow wp-block-column-is-layout-flow\" style=\"flex-basis:50%\">\n<div class=\"wp-block-group right has-global-padding is-content-justification-left is-layout-constrained wp-container-core-group-is-layout-12dd3699 wp-block-group-is-layout-constrained\">\n<div class=\"wp-block-group h2-container has-global-padding is-layout-constrained wp-block-group-is-layout-constrained\">\n<h3 class=\"wp-block-heading has-custom-color-2-background-color has-background\" style=\"padding-top:var(--wp--preset--spacing--50);padding-right:var(--wp--preset--spacing--10);padding-bottom:var(--wp--preset--spacing--40);padding-left:var(--wp--preset--spacing--50);font-style:normal;font-weight:100\"><mark class=\"has-inline-color has-custom-color-5-color\">Geniet van<\/mark> natuuractiviteiten<\/h3>\n<\/div>\n\n\n\n<div class=\"wp-block-group bottom has-global-padding is-layout-constrained wp-container-core-group-is-layout-a796f9df wp-block-group-is-layout-constrained\" style=\"padding-top:0;padding-right:10rem;padding-bottom:0;padding-left:var(--wp--preset--spacing--50)\">\n<p>Er zijn ook allerlei natuurgebieden, zoals stranden, waterwegen, een jachthaven en andere plekken waar de natuur garant staat voor een uniek gevoel van welzijn.  <\/p>\n\n\n\n<p>Op weg naar de haven heb je de<strong> vrijheid om te rijden, wandelen of fietsen<\/strong> tussen de wijngaarden en zandduinen. Omdat de rivier de Orb uitmondt in de Middellandse Zee is er volop gelegenheid voor <strong>watersporten<\/strong> op de rivier of in zee.   <\/p>\n\n\n\n<p>Maak ten slotte een <strong>wandeling in het Natura 2000-reservaat Orpelli\u00e8res<\/strong>, waar de flora en fauna speciaal worden beschermd.<\/p>\n<\/div>\n<\/div>\n<\/div>\n<\/div>\n\n\n\n<p class=\"h1-like\">visit <span>s\u00e9rignan <\/span> <\/p>\n<\/section>\n\n<section class=\"wp-block-group page-one is-layout-flow wp-block-group-is-layout-flow\" style=\"margin-top:var(--wp--preset--spacing--40);margin-bottom:var(--wp--preset--spacing--60)\">\n<div class=\"wp-block-group h2-container has-global-padding is-content-justification-center is-layout-constrained wp-block-group-is-layout-constrained\">\n<h2 class=\"wp-block-heading has-text-align-center\"><span>Wat te zien<\/span><br \/> in S\u00e9rignan<\/h2>\n<\/div>\n\n\n\n<div data-swiper=\"{&quot;speed&quot;:400,&quot;spaceBetween&quot;:30,&quot;slidesPerView&quot;:2,&quot;loop&quot;:true,&quot;breakpoints&quot;:{&quot;0&quot;:{&quot;slidesPerView&quot;:1,&quot;centeredSlides&quot;:true},&quot;380&quot;:{&quot;slidesPerView&quot;:2,&quot;centeredSlides&quot;:true}},&quot;navigation&quot;:{&quot;nextEl&quot;:&quot;buttonNext&quot;,&quot;prevEl&quot;:&quot;buttonPrev&quot;},&quot;pagination&quot;:false,&quot;centeredSlides&quot;:true,&quot;parallax&quot;:true,&quot;autoplay&quot;:{&quot;delay&quot;:3500}}\" class=\"wp-block-group slider-container gt-is-slider gt-is-slider-desktop is-layout-flow wp-block-group-is-layout-flow\">\n<div data-swiper=\"{&quot;speed&quot;:1000,&quot;autoplay&quot;:{&quot;delay&quot;:5000,&quot;disableOnInteraction&quot;:false},&quot;spaceBetween&quot;:0,&quot;slidesPerView&quot;:1,&quot;pagination&quot;:{&quot;el&quot;:&quot;.swiper-pagination&quot;,&quot;dynamicBullets&quot;:true,&quot;clickable&quot;:true,&quot;type&quot;:&quot;bullets&quot;},&quot;navigation&quot;:{&quot;nextEl&quot;:&quot;.swiper-button-next&quot;,&quot;prevEl&quot;:&quot;.swiper-button-prev&quot;},&quot;breakpoints&quot;:[{&quot;slidesPerView&quot;:1}]}\" class=\"wp-block-cover has-custom-content-position is-position-bottom-center\" style=\"border-top-right-radius:150px;min-height:700px;aspect-ratio:unset;\"><span aria-hidden=\"true\" class=\"wp-block-cover__background has-background-dim-0 has-background-dim\" style=\"background-color:#a56943\"><\/span><img loading=\"lazy\" decoding=\"async\" width=\"1024\" height=\"640\" class=\"wp-block-cover__image-background wp-image-1212\" alt=\"collegiale notre dame de grace a serignan\" src=\"https:\/\/www.lemasdeslavandes.fr\/wp-content\/uploads\/sites\/2\/2025\/01\/collegiale-notre-dame-de-grace-a-serignan.jpg\" data-object-fit=\"cover\" srcset=\"https:\/\/www.lemasdeslavandes.fr\/wp-content\/uploads\/sites\/2\/2025\/01\/collegiale-notre-dame-de-grace-a-serignan.jpg 1024w, https:\/\/www.lemasdeslavandes.fr\/wp-content\/uploads\/sites\/2\/2025\/01\/collegiale-notre-dame-de-grace-a-serignan-300x188.jpg 300w, https:\/\/www.lemasdeslavandes.fr\/wp-content\/uploads\/sites\/2\/2025\/01\/collegiale-notre-dame-de-grace-a-serignan-768x480.jpg 768w\" sizes=\"auto, (max-width: 1024px) 100vw, 1024px\" \/><div class=\"wp-block-cover__inner-container has-global-padding is-layout-constrained wp-block-cover-is-layout-constrained\">\n<p class=\"has-text-align-center has-base-2-color has-text-color has-link-color has-josefin-sans-font-family wp-elements-c0fb5ce79a8fef5ccd3187154ec3ab99\" style=\"font-size:clamp(0.875rem, 0.875rem + ((1vw - 0.2rem) * 0.576), 1.3rem);letter-spacing:1px\">Collegiale kerk van Notre Dame de Grace de Serignan<\/p>\n<\/div><\/div>\n\n\n\n<div data-swiper=\"{&quot;speed&quot;:1000,&quot;autoplay&quot;:{&quot;delay&quot;:5000,&quot;disableOnInteraction&quot;:false},&quot;spaceBetween&quot;:0,&quot;slidesPerView&quot;:1,&quot;pagination&quot;:{&quot;el&quot;:&quot;.swiper-pagination&quot;,&quot;dynamicBullets&quot;:true,&quot;clickable&quot;:true,&quot;type&quot;:&quot;bullets&quot;},&quot;navigation&quot;:{&quot;nextEl&quot;:&quot;.swiper-button-next&quot;,&quot;prevEl&quot;:&quot;.swiper-button-prev&quot;},&quot;breakpoints&quot;:[{&quot;slidesPerView&quot;:1}]}\" class=\"wp-block-cover has-custom-content-position is-position-bottom-center\" style=\"border-top-right-radius:150px;min-height:700px;aspect-ratio:unset;\"><span aria-hidden=\"true\" class=\"wp-block-cover__background has-background-dim-0 has-background-dim\" style=\"background-color:#766e43\"><\/span><img loading=\"lazy\" decoding=\"async\" width=\"785\" height=\"460\" class=\"wp-block-cover__image-background wp-image-1226\" alt=\"salicorne valras herault\" src=\"https:\/\/www.lemasdeslavandes.fr\/wp-content\/uploads\/sites\/2\/2025\/01\/salicorne-valras-herault.jpg\" data-object-fit=\"cover\" srcset=\"https:\/\/www.lemasdeslavandes.fr\/wp-content\/uploads\/sites\/2\/2025\/01\/salicorne-valras-herault.jpg 785w, https:\/\/www.lemasdeslavandes.fr\/wp-content\/uploads\/sites\/2\/2025\/01\/salicorne-valras-herault-300x176.jpg 300w, https:\/\/www.lemasdeslavandes.fr\/wp-content\/uploads\/sites\/2\/2025\/01\/salicorne-valras-herault-768x450.jpg 768w\" sizes=\"auto, (max-width: 785px) 100vw, 785px\" \/><div class=\"wp-block-cover__inner-container has-global-padding is-layout-constrained wp-block-cover-is-layout-constrained\">\n<p class=\"has-text-align-center has-base-2-color has-text-color has-link-color has-josefin-sans-font-family wp-elements-4c651948a3c203fb419b261bd38fcf52\" style=\"font-size:clamp(0.875rem, 0.875rem + ((1vw - 0.2rem) * 0.576), 1.3rem);letter-spacing:1px\"><\/p>\n<\/div><\/div>\n\n\n\n<div data-swiper=\"{&quot;speed&quot;:1000,&quot;autoplay&quot;:{&quot;delay&quot;:5000,&quot;disableOnInteraction&quot;:false},&quot;spaceBetween&quot;:0,&quot;slidesPerView&quot;:1,&quot;pagination&quot;:{&quot;el&quot;:&quot;.swiper-pagination&quot;,&quot;dynamicBullets&quot;:true,&quot;clickable&quot;:true,&quot;type&quot;:&quot;bullets&quot;},&quot;navigation&quot;:{&quot;nextEl&quot;:&quot;.swiper-button-next&quot;,&quot;prevEl&quot;:&quot;.swiper-button-prev&quot;},&quot;breakpoints&quot;:[{&quot;slidesPerView&quot;:1}]}\" class=\"wp-block-cover has-custom-content-position is-position-bottom-center\" style=\"border-top-right-radius:150px;min-height:700px;aspect-ratio:unset;\"><span aria-hidden=\"true\" class=\"wp-block-cover__background has-background-dim-0 has-background-dim\" style=\"background-color:#746f66\"><\/span><img loading=\"lazy\" decoding=\"async\" width=\"640\" height=\"428\" class=\"wp-block-cover__image-background wp-image-1230\" alt=\"vignes languedoc herault\" src=\"https:\/\/www.lemasdeslavandes.fr\/wp-content\/uploads\/sites\/2\/2025\/01\/vignes-languedoc-herault.jpg\" data-object-fit=\"cover\" srcset=\"https:\/\/www.lemasdeslavandes.fr\/wp-content\/uploads\/sites\/2\/2025\/01\/vignes-languedoc-herault.jpg 640w, https:\/\/www.lemasdeslavandes.fr\/wp-content\/uploads\/sites\/2\/2025\/01\/vignes-languedoc-herault-300x201.jpg 300w\" sizes=\"auto, (max-width: 640px) 100vw, 640px\" \/><div class=\"wp-block-cover__inner-container has-global-padding is-layout-constrained wp-block-cover-is-layout-constrained\">\n<p class=\"has-text-align-center has-base-2-color has-text-color has-link-color has-josefin-sans-font-family wp-elements-4c651948a3c203fb419b261bd38fcf52\" style=\"font-size:clamp(0.875rem, 0.875rem + ((1vw - 0.2rem) * 0.576), 1.3rem);letter-spacing:1px\"><\/p>\n<\/div><\/div>\n\n\n\n<div data-swiper=\"{&quot;speed&quot;:1000,&quot;autoplay&quot;:{&quot;delay&quot;:5000,&quot;disableOnInteraction&quot;:false},&quot;spaceBetween&quot;:0,&quot;slidesPerView&quot;:1,&quot;pagination&quot;:{&quot;el&quot;:&quot;.swiper-pagination&quot;,&quot;dynamicBullets&quot;:true,&quot;clickable&quot;:true,&quot;type&quot;:&quot;bullets&quot;},&quot;navigation&quot;:{&quot;nextEl&quot;:&quot;.swiper-button-next&quot;,&quot;prevEl&quot;:&quot;.swiper-button-prev&quot;},&quot;breakpoints&quot;:[{&quot;slidesPerView&quot;:1}]}\" class=\"wp-block-cover has-custom-content-position is-position-bottom-center\" style=\"border-top-right-radius:150px;min-height:700px;aspect-ratio:unset;\"><span aria-hidden=\"true\" class=\"wp-block-cover__background has-background-dim-0 has-background-dim\" style=\"background-color:#837d6d\"><\/span><img loading=\"lazy\" decoding=\"async\" width=\"1024\" height=\"640\" class=\"wp-block-cover__image-background wp-image-1237\" alt=\"tourisme pont rouge serignan herault\" src=\"https:\/\/www.lemasdeslavandes.fr\/wp-content\/uploads\/sites\/2\/2025\/01\/tourisme-pont-rouge-serignan-herault.jpg\" data-object-fit=\"cover\" srcset=\"https:\/\/www.lemasdeslavandes.fr\/wp-content\/uploads\/sites\/2\/2025\/01\/tourisme-pont-rouge-serignan-herault.jpg 1024w, https:\/\/www.lemasdeslavandes.fr\/wp-content\/uploads\/sites\/2\/2025\/01\/tourisme-pont-rouge-serignan-herault-300x188.jpg 300w, https:\/\/www.lemasdeslavandes.fr\/wp-content\/uploads\/sites\/2\/2025\/01\/tourisme-pont-rouge-serignan-herault-768x480.jpg 768w\" sizes=\"auto, (max-width: 1024px) 100vw, 1024px\" \/><div class=\"wp-block-cover__inner-container has-global-padding is-layout-constrained wp-block-cover-is-layout-constrained\">\n<p class=\"has-text-align-center has-base-2-color has-text-color has-link-color has-josefin-sans-font-family wp-elements-62453adc573788f4a9f8615d10571217\" style=\"font-size:clamp(0.875rem, 0.875rem + ((1vw - 0.2rem) * 0.576), 1.3rem);letter-spacing:1px\">Pont Rouge<\/p>\n<\/div><\/div>\n<\/div>\n\n\n\n<p class=\"has-text-align-center\" style=\"padding-top:var(--wp--preset--spacing--40);padding-right:30rem;padding-left:30rem\">De historische stad <strong>S\u00e9rignan is een prachtige plek<\/strong> waar veel te ontdekken valt. Maak een wandeling en ontdek de charmante straatjes en verschillende evenementen. Je zult de prachtige vlakte niet willen missen die bevrucht is <strong>door de overstroming van de Orb<\/strong>.  <\/p>\n\n\n\n<div class=\"wp-block-columns is-layout-flex wp-container-core-columns-is-layout-61b70d3c wp-block-columns-is-layout-flex\" style=\"padding-top:0;padding-right:20rem;padding-left:20rem\">\n<div class=\"wp-block-column is-layout-flow wp-block-column-is-layout-flow\">\n<ul class=\"wp-block-list\">\n<li><strong>De collegiale kerk van Notre-Dame-de-Gr\u00e2ce: <\/strong>de collegiale kerk van Notre-Dame-de-Gr\u00e2ce, die op 16 december 1907 op de monumentenlijst werd geplaatst, is een kerk in gotische stijl. Ze behoorde toe aan de abdij van Saint-Thib\u00e9ry en werd in de loop van verschillende eeuwen gebouwd. <\/li>\n\n\n\n<li><strong>Rue Saint-Roch of Carri\u00e9ra de Saint-Roch:<\/strong> Deze straat staat vol huizen met oude gevels.<\/li>\n\n\n\n<li><strong>Ch\u00e2teau de S\u00e9rignan:<\/strong> Ch\u00e2teau Vargoz de Serignan heeft zijn stempel gedrukt op de geschiedenis van de gemeente. Het ging over van familie op familie voordat het een kunstenaarsresidentie werd die bezoekers verwelkomt. <\/li>\n<\/ul>\n<\/div>\n\n\n\n<div class=\"wp-block-column is-layout-flow wp-block-column-is-layout-flow\">\n<ul class=\"wp-block-list\">\n<li><strong>De Pont Rouge (Rode Brug): <\/strong>Dit was de eerste hangbrug in de gemeente, gebouwd in 1851, met een overspanning van meer dan 80 meter.<\/li>\n\n\n\n<li><strong>La passejade del Cr\u00e8s (Romeinse geschiedenis) :<\/strong> De stad S\u00e9rignan heeft een aantal wandelroutes. Je kunt er op verschillende manieren wandelen, paardrijden en fietsen. <strong>De Passejade del Cr\u00e8s<\/strong> is een van de vele routes die je tijdens je verblijf zult willen uitproberen. De route <strong>begint in S\u00e9rignan<\/strong> en is bijna 15 km lang (4 uur). Je ontdekt de stad en haar Romeinse verleden. Je hebt ook een prachtig uitzicht op de wijngaarden, de zee en het architecturale en culturele erfgoed van de stad.   <\/li>\n<\/ul>\n<\/div>\n<\/div>\n<\/section>\n\n<section class=\"wp-block-group home-third page-two reverse is-layout-flow wp-block-group-is-layout-flow\">\n<div class=\"wp-block-columns has-custom-color-2-background-color has-background is-layout-flex wp-container-core-columns-is-layout-616294e8 wp-block-columns-is-layout-flex\" style=\"margin-top:0px;padding-top:0\">\n<div class=\"wp-block-column is-layout-flow wp-block-column-is-layout-flow\" style=\"flex-basis:50%\">\n<div data-swiper=\"{&quot;speed&quot;:400,&quot;spaceBetween&quot;:15,&quot;slidesPerView&quot;:1,&quot;createElements&quot;:true,&quot;loop&quot;:true,&quot;freemode&quot;:true,&quot;navigation&quot;:{&quot;nextEl&quot;:&quot;buttonNext&quot;,&quot;prevEl&quot;:&quot;buttonPrev&quot;},&quot;breakpoints&quot;:[{&quot;slidesPerView&quot;:1}],&quot;pagination&quot;:false,&quot;parallax&quot;:true,&quot;autoplay&quot;:{&quot;delay&quot;:3500}}\" class=\"wp-block-group left gt-is-slider gt-is-slider-desktop has-global-padding is-content-justification-center is-layout-constrained wp-block-group-is-layout-constrained\" style=\"padding-top:0;padding-bottom:0\">\n<figure class=\"wp-block-image size-full has-custom-border\"><img loading=\"lazy\" decoding=\"async\" width=\"1280\" height=\"720\" src=\"https:\/\/www.lemasdeslavandes.fr\/wp-content\/uploads\/sites\/2\/2025\/01\/port-de-serignan.jpg\" alt=\"haven van serignan\" class=\"wp-image-1216\" style=\"border-top-right-radius:150px\" srcset=\"https:\/\/www.lemasdeslavandes.fr\/wp-content\/uploads\/sites\/2\/2025\/01\/port-de-serignan.jpg 1280w, https:\/\/www.lemasdeslavandes.fr\/wp-content\/uploads\/sites\/2\/2025\/01\/port-de-serignan-300x169.jpg 300w, https:\/\/www.lemasdeslavandes.fr\/wp-content\/uploads\/sites\/2\/2025\/01\/port-de-serignan-1024x576.jpg 1024w, https:\/\/www.lemasdeslavandes.fr\/wp-content\/uploads\/sites\/2\/2025\/01\/port-de-serignan-768x432.jpg 768w\" sizes=\"auto, (max-width: 1280px) 100vw, 1280px\" \/><\/figure>\n<\/div>\n<\/div>\n\n\n\n<div class=\"wp-block-column is-vertically-aligned-center is-layout-flow wp-block-column-is-layout-flow\" style=\"flex-basis:50%\">\n<div class=\"wp-block-group right has-global-padding is-content-justification-left is-layout-constrained wp-container-core-group-is-layout-12dd3699 wp-block-group-is-layout-constrained\">\n<div class=\"wp-block-group h2-container has-global-padding is-layout-constrained wp-block-group-is-layout-constrained\">\n<h2 class=\"wp-block-heading\" style=\"padding-top:var(--wp--preset--spacing--50);padding-right:var(--wp--preset--spacing--10);padding-bottom:var(--wp--preset--spacing--30);padding-left:var(--wp--preset--spacing--50)\"><span>Bezoek de jachthaven<\/span> <br \/>in S\u00e9rignan<\/h2>\n<\/div>\n\n\n\n<div class=\"wp-block-group bottom has-global-padding is-layout-constrained wp-container-core-group-is-layout-a796f9df wp-block-group-is-layout-constrained\" style=\"padding-top:0;padding-right:10rem;padding-bottom:0;padding-left:var(--wp--preset--spacing--50)\">\n<p>De jachthaven van S\u00e9rignan, gelegen aan<strong>de monding van de rivier de Orb<\/strong>, is een van de populairste plekken van de stad. Dankzij de ligging ten westen van<strong> Cap d&#8217;Agde<\/strong> geniet het van een panoramisch uitzicht over de Middellandse Zee. <\/p>\n\n\n\n<p>De <strong>haven van S\u00e9rignan <\/strong>biedt het hele jaar door plaats aan 320 boten en 80 seizoensligplaatsen, waardoor het een <strong>populaire ontmoetingsplaats is voor zeilers<\/strong> langs de C\u00f4te d&#8217;Azur. De haven van S\u00e9rignan wordt 24 uur per dag bewaakt, zodat schippers gerust kunnen zijn. <\/p>\n\n\n\n<p>Deze <strong>haven van S\u00e9rignan<\/strong> heeft ook gratis parkeergelegenheid, toegang tot Sanitaire voorzieningen en een water- en elektriciteitsvoorziening.<\/p>\n<\/div>\n<\/div>\n<\/div>\n<\/div>\n<\/section>\n\n<section class=\"wp-block-group page-one has-link-color wp-elements-fedfd79630fbfdc743ff85e5079ecca1 is-layout-flow wp-block-group-is-layout-flow\" style=\"margin-top:var(--wp--preset--spacing--60);margin-bottom:var(--wp--preset--spacing--60)\">\n<div class=\"wp-block-group h2-container has-global-padding is-content-justification-center is-layout-constrained wp-block-group-is-layout-constrained\">\n<h2 class=\"wp-block-heading has-text-align-center\"><span>Het plezier van de stranden<\/span><br \/> van S\u00e9rignan<\/h2>\n<\/div>\n\n\n\n<div data-swiper=\"{&quot;speed&quot;:400,&quot;spaceBetween&quot;:30,&quot;slidesPerView&quot;:2,&quot;loop&quot;:true,&quot;breakpoints&quot;:{&quot;0&quot;:{&quot;slidesPerView&quot;:1,&quot;centeredSlides&quot;:true},&quot;380&quot;:{&quot;slidesPerView&quot;:2,&quot;centeredSlides&quot;:true}},&quot;navigation&quot;:{&quot;nextEl&quot;:&quot;buttonNext&quot;,&quot;prevEl&quot;:&quot;buttonPrev&quot;},&quot;pagination&quot;:false,&quot;centeredSlides&quot;:true,&quot;parallax&quot;:true,&quot;autoplay&quot;:{&quot;delay&quot;:3500}}\" class=\"wp-block-group slider-container gt-is-slider gt-is-slider-desktop is-layout-flow wp-block-group-is-layout-flow\">\n<div data-swiper=\"{&quot;speed&quot;:1000,&quot;autoplay&quot;:{&quot;delay&quot;:5000,&quot;disableOnInteraction&quot;:false},&quot;spaceBetween&quot;:0,&quot;slidesPerView&quot;:1,&quot;pagination&quot;:{&quot;el&quot;:&quot;.swiper-pagination&quot;,&quot;dynamicBullets&quot;:true,&quot;clickable&quot;:true,&quot;type&quot;:&quot;bullets&quot;},&quot;navigation&quot;:{&quot;nextEl&quot;:&quot;.swiper-button-next&quot;,&quot;prevEl&quot;:&quot;.swiper-button-prev&quot;},&quot;breakpoints&quot;:[{&quot;slidesPerView&quot;:1}]}\" class=\"wp-block-cover is-light has-custom-content-position is-position-bottom-center\" style=\"border-top-right-radius:150px;min-height:700px;aspect-ratio:unset;\"><span aria-hidden=\"true\" class=\"wp-block-cover__background has-background-dim-0 has-background-dim\" style=\"background-color:#a09e93\"><\/span><img loading=\"lazy\" decoding=\"async\" width=\"800\" height=\"600\" class=\"wp-block-cover__image-background wp-image-1220\" alt=\"plage orpellieres serignan\" src=\"https:\/\/www.lemasdeslavandes.fr\/wp-content\/uploads\/sites\/2\/2025\/01\/plage-orpellieres-serignan.jpg\" data-object-fit=\"cover\" srcset=\"https:\/\/www.lemasdeslavandes.fr\/wp-content\/uploads\/sites\/2\/2025\/01\/plage-orpellieres-serignan.jpg 800w, https:\/\/www.lemasdeslavandes.fr\/wp-content\/uploads\/sites\/2\/2025\/01\/plage-orpellieres-serignan-300x225.jpg 300w, https:\/\/www.lemasdeslavandes.fr\/wp-content\/uploads\/sites\/2\/2025\/01\/plage-orpellieres-serignan-768x576.jpg 768w\" sizes=\"auto, (max-width: 800px) 100vw, 800px\" \/><div class=\"wp-block-cover__inner-container has-global-padding is-layout-constrained wp-block-cover-is-layout-constrained\">\n<p class=\"has-text-align-center has-base-2-color has-text-color has-link-color has-josefin-sans-font-family wp-elements-99df69d5879771014096e1a54c168cb5\" style=\"font-size:clamp(0.875rem, 0.875rem + ((1vw - 0.2rem) * 0.576), 1.3rem);letter-spacing:1px\">Les Orpelli\u00e8res<\/p>\n<\/div><\/div>\n\n\n\n<div data-swiper=\"{&quot;speed&quot;:1000,&quot;autoplay&quot;:{&quot;delay&quot;:5000,&quot;disableOnInteraction&quot;:false},&quot;spaceBetween&quot;:0,&quot;slidesPerView&quot;:1,&quot;pagination&quot;:{&quot;el&quot;:&quot;.swiper-pagination&quot;,&quot;dynamicBullets&quot;:true,&quot;clickable&quot;:true,&quot;type&quot;:&quot;bullets&quot;},&quot;navigation&quot;:{&quot;nextEl&quot;:&quot;.swiper-button-next&quot;,&quot;prevEl&quot;:&quot;.swiper-button-prev&quot;},&quot;breakpoints&quot;:[{&quot;slidesPerView&quot;:1}]}\" class=\"wp-block-cover is-light has-custom-content-position is-position-bottom-center\" style=\"border-top-right-radius:150px;min-height:700px;aspect-ratio:unset;\"><span aria-hidden=\"true\" class=\"wp-block-cover__background has-background-dim-0 has-background-dim\" style=\"background-color:#7184ab\"><\/span><img loading=\"lazy\" decoding=\"async\" width=\"1024\" height=\"640\" class=\"wp-block-cover__image-background wp-image-1243\" alt=\"plage familiale de serignan occitanie\" src=\"https:\/\/www.lemasdeslavandes.fr\/wp-content\/uploads\/sites\/2\/2025\/01\/plage-familiale-de-serignan-occitanie.jpg\" data-object-fit=\"cover\" srcset=\"https:\/\/www.lemasdeslavandes.fr\/wp-content\/uploads\/sites\/2\/2025\/01\/plage-familiale-de-serignan-occitanie.jpg 1024w, https:\/\/www.lemasdeslavandes.fr\/wp-content\/uploads\/sites\/2\/2025\/01\/plage-familiale-de-serignan-occitanie-300x188.jpg 300w, https:\/\/www.lemasdeslavandes.fr\/wp-content\/uploads\/sites\/2\/2025\/01\/plage-familiale-de-serignan-occitanie-768x480.jpg 768w\" sizes=\"auto, (max-width: 1024px) 100vw, 1024px\" \/><div class=\"wp-block-cover__inner-container has-global-padding is-layout-constrained wp-block-cover-is-layout-constrained\">\n<p class=\"has-text-align-center has-base-2-color has-text-color has-link-color has-josefin-sans-font-family wp-elements-4c651948a3c203fb419b261bd38fcf52\" style=\"font-size:clamp(0.875rem, 0.875rem + ((1vw - 0.2rem) * 0.576), 1.3rem);letter-spacing:1px\"><\/p>\n<\/div><\/div>\n\n\n\n<div data-swiper=\"{&quot;speed&quot;:1000,&quot;autoplay&quot;:{&quot;delay&quot;:5000,&quot;disableOnInteraction&quot;:false},&quot;spaceBetween&quot;:0,&quot;slidesPerView&quot;:1,&quot;pagination&quot;:{&quot;el&quot;:&quot;.swiper-pagination&quot;,&quot;dynamicBullets&quot;:true,&quot;clickable&quot;:true,&quot;type&quot;:&quot;bullets&quot;},&quot;navigation&quot;:{&quot;nextEl&quot;:&quot;.swiper-button-next&quot;,&quot;prevEl&quot;:&quot;.swiper-button-prev&quot;},&quot;breakpoints&quot;:[{&quot;slidesPerView&quot;:1}]}\" class=\"wp-block-cover has-custom-content-position is-position-bottom-center\" style=\"border-top-right-radius:150px;min-height:700px;aspect-ratio:unset;\"><span aria-hidden=\"true\" class=\"wp-block-cover__background has-background-dim-0 has-background-dim\" style=\"background-color:#626c77\"><\/span><img loading=\"lazy\" decoding=\"async\" width=\"1024\" height=\"640\" class=\"wp-block-cover__image-background wp-image-1247\" alt=\"plage proche camping a serignan\" src=\"https:\/\/www.lemasdeslavandes.fr\/wp-content\/uploads\/sites\/2\/2025\/01\/plage-proche-camping-a-serignan.jpg\" data-object-fit=\"cover\" srcset=\"https:\/\/www.lemasdeslavandes.fr\/wp-content\/uploads\/sites\/2\/2025\/01\/plage-proche-camping-a-serignan.jpg 1024w, https:\/\/www.lemasdeslavandes.fr\/wp-content\/uploads\/sites\/2\/2025\/01\/plage-proche-camping-a-serignan-300x188.jpg 300w, https:\/\/www.lemasdeslavandes.fr\/wp-content\/uploads\/sites\/2\/2025\/01\/plage-proche-camping-a-serignan-768x480.jpg 768w\" sizes=\"auto, (max-width: 1024px) 100vw, 1024px\" \/><div class=\"wp-block-cover__inner-container has-global-padding is-layout-constrained wp-block-cover-is-layout-constrained\">\n<p class=\"has-text-align-center has-base-2-color has-text-color has-link-color has-josefin-sans-font-family wp-elements-4c651948a3c203fb419b261bd38fcf52\" style=\"font-size:clamp(0.875rem, 0.875rem + ((1vw - 0.2rem) * 0.576), 1.3rem);letter-spacing:1px\"><\/p>\n<\/div><\/div>\n\n\n\n<div data-swiper=\"{&quot;speed&quot;:1000,&quot;autoplay&quot;:{&quot;delay&quot;:5000,&quot;disableOnInteraction&quot;:false},&quot;spaceBetween&quot;:0,&quot;slidesPerView&quot;:1,&quot;pagination&quot;:{&quot;el&quot;:&quot;.swiper-pagination&quot;,&quot;dynamicBullets&quot;:true,&quot;clickable&quot;:true,&quot;type&quot;:&quot;bullets&quot;},&quot;navigation&quot;:{&quot;nextEl&quot;:&quot;.swiper-button-next&quot;,&quot;prevEl&quot;:&quot;.swiper-button-prev&quot;},&quot;breakpoints&quot;:[{&quot;slidesPerView&quot;:1}]}\" class=\"wp-block-cover has-custom-content-position is-position-bottom-center\" style=\"border-top-right-radius:150px;min-height:700px;aspect-ratio:unset;\"><span aria-hidden=\"true\" class=\"wp-block-cover__background has-background-dim-0 has-background-dim\" style=\"background-color:#887783\"><\/span><img loading=\"lazy\" decoding=\"async\" width=\"1920\" height=\"1280\" class=\"wp-block-cover__image-background wp-image-1251\" alt=\"orpellieres collado a serignan\" src=\"https:\/\/www.lemasdeslavandes.fr\/wp-content\/uploads\/sites\/2\/2025\/01\/orpellieres-collado-a-serignan.jpg\" data-object-fit=\"cover\" srcset=\"https:\/\/www.lemasdeslavandes.fr\/wp-content\/uploads\/sites\/2\/2025\/01\/orpellieres-collado-a-serignan.jpg 1920w, https:\/\/www.lemasdeslavandes.fr\/wp-content\/uploads\/sites\/2\/2025\/01\/orpellieres-collado-a-serignan-300x200.jpg 300w, https:\/\/www.lemasdeslavandes.fr\/wp-content\/uploads\/sites\/2\/2025\/01\/orpellieres-collado-a-serignan-1024x683.jpg 1024w, https:\/\/www.lemasdeslavandes.fr\/wp-content\/uploads\/sites\/2\/2025\/01\/orpellieres-collado-a-serignan-768x512.jpg 768w, https:\/\/www.lemasdeslavandes.fr\/wp-content\/uploads\/sites\/2\/2025\/01\/orpellieres-collado-a-serignan-1536x1024.jpg 1536w\" sizes=\"auto, (max-width: 1920px) 100vw, 1920px\" \/><div class=\"wp-block-cover__inner-container has-global-padding is-layout-constrained wp-block-cover-is-layout-constrained\">\n<p class=\"has-text-align-center has-base-2-color has-text-color has-link-color has-josefin-sans-font-family wp-elements-99df69d5879771014096e1a54c168cb5\" style=\"font-size:clamp(0.875rem, 0.875rem + ((1vw - 0.2rem) * 0.576), 1.3rem);letter-spacing:1px\">Les Orpelli\u00e8res<\/p>\n<\/div><\/div>\n<\/div>\n\n\n\n<p class=\"has-text-align-center\" style=\"padding-top:var(--wp--preset--spacing--40);padding-right:30rem;padding-left:30rem\">Avec ses 5 km de sable, le bord de mer de S\u00e9rignan et ses plages permettent aux amateurs de baignades de profiter de <strong>deux grandes plages principales<\/strong> \u00e0 l\u2019atmosph\u00e8re intimiste. D\u2019abord <strong>la Grande Ma\u00efre<\/strong> du c\u00f4t\u00e9 de Portiragnes qui d\u00e9bouche sur <strong>l\u2019\u00e9tang de la Ma\u00efre<\/strong>. Cette plage de S\u00e9rignan dispose de quelques installations, succinctes, mais essentielles pour le confort des visiteurs : restauration, poste de secours, sanitaires et acc\u00e8s PMR. Puis son oppos\u00e9 g\u00e9ographique,<strong> les Orpelli\u00e8res<\/strong>, une \u00e9tendue de sable et de dunes sauvages qui combleront les amoureux de nature et de marche. Cette autre plage borde la<strong> r\u00e9serve naturelle des Orpelli\u00e8res<\/strong>. Pas d\u2019infrastructures sur celle-ci, mais un poste de surveillance en \u00e9t\u00e9. Au milieu de ces deux plages \u00e0 S\u00e9rignan, un espace naturiste et quelques petites plages (la Chapelle et la S\u00e9oune). Lors de votre s\u00e9jour dans notre <a href=\"https:\/\/www.lemasdeslavandes.fr\/\" data-type=\"page\" data-id=\"9\">camping \u00e0 S\u00e9rignan Plage<\/a> vous trouverez 5 plages au total que voici (de l\u2019est \u00e0 l\u2019ouest) : La plage de la Grande Ma\u00efre \/ La plage de la Chapelle \/ La plage de la S\u00e9oune \/ La plage Naturiste \/ La plage des Orpelli\u00e8res.<\/p>\n<\/section>\n\n<section class=\"wp-block-group home-third page-two has-custom-color-2-background-color has-background is-layout-flow wp-block-group-is-layout-flow\" style=\"margin-top:var(--wp--preset--spacing--50);margin-bottom:0\">\n<div class=\"wp-block-columns has-custom-color-2-background-color has-background is-layout-flex wp-container-core-columns-is-layout-e6f27d69 wp-block-columns-is-layout-flex\" style=\"padding-bottom:var(--wp--preset--spacing--30)\">\n<div class=\"wp-block-column is-vertically-aligned-top is-layout-flow wp-block-column-is-layout-flow\" style=\"flex-basis:50%\">\n<div data-swiper=\"{&quot;speed&quot;:400,&quot;spaceBetween&quot;:15,&quot;slidesPerView&quot;:1,&quot;createElements&quot;:true,&quot;loop&quot;:true,&quot;freemode&quot;:true,&quot;navigation&quot;:{&quot;nextEl&quot;:&quot;buttonNext&quot;,&quot;prevEl&quot;:&quot;buttonPrev&quot;},&quot;breakpoints&quot;:[{&quot;slidesPerView&quot;:1}],&quot;pagination&quot;:false,&quot;parallax&quot;:true,&quot;autoplay&quot;:{&quot;delay&quot;:3500}}\" class=\"wp-block-group left gt-is-slider gt-is-slider-desktop has-global-padding is-content-justification-left is-layout-constrained wp-container-core-group-is-layout-16a8afda wp-block-group-is-layout-constrained\" style=\"padding-top:0;padding-bottom:0\">\n<figure class=\"wp-block-image size-full has-custom-border\"><img loading=\"lazy\" decoding=\"async\" width=\"887\" height=\"592\" src=\"https:\/\/www.lemasdeslavandes.fr\/wp-content\/uploads\/sites\/2\/2025\/01\/balade-a-cheval-aux-opellieres.jpg\" alt=\"paardrijden bij de opellieres\" class=\"wp-image-1255\" style=\"border-bottom-left-radius:0px;aspect-ratio:4\/3;object-fit:cover\" srcset=\"https:\/\/www.lemasdeslavandes.fr\/wp-content\/uploads\/sites\/2\/2025\/01\/balade-a-cheval-aux-opellieres.jpg 887w, https:\/\/www.lemasdeslavandes.fr\/wp-content\/uploads\/sites\/2\/2025\/01\/balade-a-cheval-aux-opellieres-300x200.jpg 300w, https:\/\/www.lemasdeslavandes.fr\/wp-content\/uploads\/sites\/2\/2025\/01\/balade-a-cheval-aux-opellieres-768x513.jpg 768w\" sizes=\"auto, (max-width: 887px) 100vw, 887px\" \/><\/figure>\n\n\n\n<figure class=\"wp-block-image size-full has-custom-border\"><img loading=\"lazy\" decoding=\"async\" width=\"1200\" height=\"801\" src=\"https:\/\/www.lemasdeslavandes.fr\/wp-content\/uploads\/sites\/2\/2025\/01\/balade-a-pied-a-serignan.jpg\" alt=\"wandeltocht door serignan\" class=\"wp-image-1258\" style=\"border-bottom-left-radius:0px;aspect-ratio:4\/3;object-fit:cover\" srcset=\"https:\/\/www.lemasdeslavandes.fr\/wp-content\/uploads\/sites\/2\/2025\/01\/balade-a-pied-a-serignan.jpg 1200w, https:\/\/www.lemasdeslavandes.fr\/wp-content\/uploads\/sites\/2\/2025\/01\/balade-a-pied-a-serignan-300x200.jpg 300w, https:\/\/www.lemasdeslavandes.fr\/wp-content\/uploads\/sites\/2\/2025\/01\/balade-a-pied-a-serignan-1024x684.jpg 1024w, https:\/\/www.lemasdeslavandes.fr\/wp-content\/uploads\/sites\/2\/2025\/01\/balade-a-pied-a-serignan-768x513.jpg 768w\" sizes=\"auto, (max-width: 1200px) 100vw, 1200px\" \/><\/figure>\n<\/div>\n<\/div>\n\n\n\n<div class=\"wp-block-column is-vertically-aligned-center is-layout-flow wp-block-column-is-layout-flow\" style=\"flex-basis:50%\">\n<div class=\"wp-block-group right has-global-padding is-content-justification-left is-layout-constrained wp-container-core-group-is-layout-70e6b937 wp-block-group-is-layout-constrained\" style=\"padding-bottom:var(--wp--preset--spacing--20)\">\n<div class=\"wp-block-group h2-container has-global-padding is-layout-constrained wp-block-group-is-layout-constrained\">\n<h2 class=\"wp-block-heading has-base-2-background-color has-background\" style=\"padding-top:var(--wp--preset--spacing--50);padding-bottom:var(--wp--preset--spacing--40);padding-left:var(--wp--preset--spacing--50)\"><br \/> <span><mark class=\"has-inline-color has-custom-color-5-color\">Wandelingen in de natuur<\/mark><\/span> rond S\u00e9rignan<\/h2>\n<\/div>\n\n\n\n<div class=\"wp-block-group bottom has-global-padding is-layout-constrained wp-container-core-group-is-layout-36453ffe wp-block-group-is-layout-constrained\" style=\"padding-top:var(--wp--preset--spacing--20);padding-right:15rem;padding-bottom:0;padding-left:var(--wp--preset--spacing--50)\">\n<p>Met zijn mediterrane klimaat en natuurlijke omgeving aan de kust is Serignan ook een ideale gemeente voor buitenactiviteiten. Breid je bezoek aan de stad uit door andere bezienswaardigheden in en rond Serignan te bezoeken. <\/p>\n\n\n\n<h3 class=\"wp-block-heading has-large-font-size\" style=\"font-style:normal;font-weight:100\">Een wandeling <mark class=\"has-inline-color has-custom-color-5-color\">door het hart van de Orpelli\u00e8res<\/mark><\/h3>\n\n\n    <div id=\"gt-fse-lire-plus-69f329e8a203d\" class=\"gt-fse-lire-plus\" data-min-height=\"130\" style=\"background-color: #f7f4f1;\">\n        <input id=\"gt-fse-lire-plus-69f329e8a203d-toggle\" type=\"checkbox\" class=\"gt-fse-lire-plus__toggle\" \/>\n        <label for=\"gt-fse-lire-plus-69f329e8a203d-toggle\" class=\"gt-fse-lire-plus__toggle-label\">\n            <span>Meer lezen<\/span>\n            <span>Minder lezen<\/span>\n        <\/label>\n        <div class=\"gt-fse-lire-plus__content\" style=\"height: 130px;\">\n            \n\n<p>Het Domaine des Orpelli\u00e8res, gelegen aan de monding van de rivier de Orb, is een andere bezienswaardigheid die je niet mag missen. Het ligt tussen Valras Plage en S\u00e9rignan en is een natuurgebied van meer dan 150 hectare waar je een uitzonderlijke flora en fauna kunt ontdekken.   <\/p>\n\n\n\n<p>In het hart van Les Orpelli\u00e8res regeert alleen de natuur. Bovendien is dit een bijzondere plek dankzij het landschap dat bestaat uit een droge duingordel en een vochtige, zilte omgeving. De wandelroute neemt je mee langs de oevers van de Orb en langs de duinstranden van S\u00e9rignan om dit Natura 2000-reservaat te ontdekken.  <\/p>\n\n            <div class=\"gt-fse-lire-plus__gradient\" style=\"background: linear-gradient(to bottom,rgba(247,244,241,0) 0%,rgba(247,244,241,1) 100%);\"><\/div>\n        <\/div>\n    <\/div>\n    <\/div>\n<\/div>\n<\/div>\n<\/div>\n\n\n\n<section class=\"wp-block-group home-third page-two reverse is-layout-flow wp-block-group-is-layout-flow\">\n<div class=\"wp-block-columns has-custom-color-2-background-color has-background is-layout-flex wp-container-core-columns-is-layout-e477a36d wp-block-columns-is-layout-flex\" style=\"padding-bottom:var(--wp--preset--spacing--60)\">\n<div class=\"wp-block-column is-layout-flow wp-block-column-is-layout-flow\" style=\"flex-basis:50%\">\n<div class=\"wp-block-group right has-custom-color-2-background-color has-background has-global-padding is-content-justification-center is-layout-constrained wp-block-group-is-layout-constrained\">\n<div class=\"wp-block-group h2-container has-global-padding is-layout-constrained wp-block-group-is-layout-constrained\">\n<h3 class=\"wp-block-heading has-large-font-size\" style=\"padding-top:var(--wp--preset--spacing--50);padding-right:var(--wp--preset--spacing--10);padding-bottom:0;padding-left:var(--wp--preset--spacing--50);font-style:normal;font-weight:100\"><mark class=\"has-inline-color has-custom-color-5-color\">Fietsen<\/mark> <\/h3>\n<\/div>\n\n\n\n<div class=\"wp-block-group bottom has-link-color wp-elements-2c3ef378eab6d9635adc415601b28869 has-global-padding is-layout-constrained wp-container-core-group-is-layout-a796f9df wp-block-group-is-layout-constrained\" style=\"padding-top:0;padding-right:10rem;padding-bottom:0;padding-left:var(--wp--preset--spacing--50)\">\n<p>De stad heeft een aantal fietspaden die ideaal zijn om te fietsen. Dus terwijl je wat lichaamsbeweging krijgt op je fiets, kun je ook de toeristische attracties van de stad ontdekken.   <\/p>\n\n\n\n<p>Certaines de ces pistes longent la plage et offrent durant vos balades une vue incomparable sur le bord de mer. Retrouvez un service de <a href=\"https:\/\/www.lemasdeslavandes.fr\/camping-services-herault\/#location-velo\">location de v\u00e9los \u00e0 S\u00e9rignan<\/a> au camping le Mas des Lavandes.<\/p>\n\n\n\n<h3 class=\"wp-block-heading has-large-font-size\" style=\"font-style:normal;font-weight:100\"><mark class=\"has-inline-color has-custom-color-5-color\">Wijngaarden en wijn<\/mark> uit S\u00e9rignan<\/h3>\n\n\n\n<p>De kustrivier Orb en een aantal zijrivieren irrigeren de wetlands in de buurt van de stad. Dit natuurgebied, dat wordt beschermd door het<strong> Natura 2000-programma<\/strong>, is erg populair bij ornithologen en andere liefhebbers van beschermde vogels. <\/p>\n\n\n\n<p>Het <strong>regionale natuurpark van de Haut Languedoc<\/strong> ligt ook vlakbij en biedt talloze mogelijkheden voor natuurwandelingen.<\/p>\n<\/div>\n<\/div>\n<\/div>\n\n\n\n<div class=\"wp-block-column is-layout-flow wp-block-column-is-layout-flow\" style=\"flex-basis:50%\">\n<div class=\"wp-block-group left is-layout-flow wp-block-group-is-layout-flow\" style=\"padding-top:0;padding-bottom:0\">\n<figure class=\"wp-block-image size-full has-custom-border\"><img loading=\"lazy\" decoding=\"async\" width=\"1000\" height=\"700\" src=\"https:\/\/www.lemasdeslavandes.fr\/wp-content\/uploads\/sites\/2\/2025\/02\/visiter-les-vignes-de-serignan-en-herault.jpg\" alt=\"bezoek de wijngaarden van serignan en herault\" class=\"wp-image-2437\" style=\"border-bottom-left-radius:150px;object-fit:cover\" srcset=\"https:\/\/www.lemasdeslavandes.fr\/wp-content\/uploads\/sites\/2\/2025\/02\/visiter-les-vignes-de-serignan-en-herault.jpg 1000w, https:\/\/www.lemasdeslavandes.fr\/wp-content\/uploads\/sites\/2\/2025\/02\/visiter-les-vignes-de-serignan-en-herault-300x210.jpg 300w, https:\/\/www.lemasdeslavandes.fr\/wp-content\/uploads\/sites\/2\/2025\/02\/visiter-les-vignes-de-serignan-en-herault-768x538.jpg 768w\" sizes=\"auto, (max-width: 1000px) 100vw, 1000px\" \/><\/figure>\n<\/div>\n<\/div>\n<\/div>\n\n\n\n<div class=\"wp-block-columns has-custom-color-2-background-color has-background is-layout-flex wp-container-core-columns-is-layout-616294e8 wp-block-columns-is-layout-flex\" style=\"margin-top:0px;padding-top:0\">\n<div class=\"wp-block-column is-layout-flow wp-block-column-is-layout-flow\" style=\"flex-basis:50%\">\n<div data-swiper=\"{&quot;speed&quot;:400,&quot;spaceBetween&quot;:15,&quot;slidesPerView&quot;:1,&quot;createElements&quot;:true,&quot;loop&quot;:true,&quot;freemode&quot;:true,&quot;navigation&quot;:{&quot;nextEl&quot;:&quot;buttonNext&quot;,&quot;prevEl&quot;:&quot;buttonPrev&quot;},&quot;breakpoints&quot;:[{&quot;slidesPerView&quot;:1}],&quot;pagination&quot;:false,&quot;parallax&quot;:true,&quot;autoplay&quot;:{&quot;delay&quot;:3500}}\" class=\"wp-block-group left gt-is-slider gt-is-slider-desktop has-global-padding is-content-justification-center is-layout-constrained wp-block-group-is-layout-constrained\" style=\"padding-top:0;padding-bottom:0\">\n<figure class=\"wp-block-image size-full has-custom-border\"><img loading=\"lazy\" decoding=\"async\" width=\"1000\" height=\"700\" src=\"https:\/\/www.lemasdeslavandes.fr\/wp-content\/uploads\/sites\/2\/2025\/02\/faire-du-jetski-en-herault.jpg\" alt=\"jetski&#xEB;n in de herault\" class=\"wp-image-2441\" style=\"border-top-right-radius:150px\" srcset=\"https:\/\/www.lemasdeslavandes.fr\/wp-content\/uploads\/sites\/2\/2025\/02\/faire-du-jetski-en-herault.jpg 1000w, https:\/\/www.lemasdeslavandes.fr\/wp-content\/uploads\/sites\/2\/2025\/02\/faire-du-jetski-en-herault-300x210.jpg 300w, https:\/\/www.lemasdeslavandes.fr\/wp-content\/uploads\/sites\/2\/2025\/02\/faire-du-jetski-en-herault-768x538.jpg 768w\" sizes=\"auto, (max-width: 1000px) 100vw, 1000px\" \/><\/figure>\n<\/div>\n<\/div>\n\n\n\n<div class=\"wp-block-column is-vertically-aligned-center is-layout-flow wp-block-column-is-layout-flow\" style=\"flex-basis:50%\">\n<div class=\"wp-block-group right has-global-padding is-content-justification-left is-layout-constrained wp-container-core-group-is-layout-12dd3699 wp-block-group-is-layout-constrained\">\n<div class=\"wp-block-group h2-container has-global-padding is-layout-constrained wp-block-group-is-layout-constrained\">\n<h3 class=\"wp-block-heading has-large-font-size\" style=\"padding-top:var(--wp--preset--spacing--50);padding-right:var(--wp--preset--spacing--10);padding-bottom:0;padding-left:var(--wp--preset--spacing--50);font-style:normal;font-weight:100\"><mark class=\"has-inline-color has-custom-color-5-color\">Buitenactiviteiten om te doen<\/mark> in S\u00e9rignan<\/h3>\n<\/div>\n\n\n\n<div class=\"wp-block-group bottom has-link-color wp-elements-8e53c614c8ae4c388b3f783e4cdff9b0 has-global-padding is-layout-constrained wp-container-core-group-is-layout-a796f9df wp-block-group-is-layout-constrained\" style=\"padding-top:0;padding-right:10rem;padding-bottom:0;padding-left:var(--wp--preset--spacing--50)\">\n<p>Maar wandelen is niet de enige vrijetijdsbesteding in S\u00e9rignan. De ligging van S\u00e9rignan vlakbij de Middellandse Zee, de stranden van de H\u00e9rault en het kanaal maakt het ideaal voor een breed scala aan watersporten.   <\/p>\n\n\n\n<p>Tijdens je verblijf op een camping in S\u00e9rignan nodigen we je uit om te zeilen (catamaran, rubberboot of windsurfen), aan boardsport te doen (surfen, jetski\u00ebn, paddleboarden&#8230;), te kano\u00ebn op de rivier de Orb of te wandelen in zee.<\/p>\n<\/div>\n<\/div>\n<\/div>\n<\/div>\n<\/section>\n<\/section>\n\n<p class=\"h1-like\"><span>met de familie bezoeken<\/span> <\/p>\n\n<section class=\"wp-block-group home-third page-two is-layout-flow wp-block-group-is-layout-flow\" style=\"margin-top:var(--wp--preset--spacing--50);margin-bottom:var(--wp--preset--spacing--50)\">\n<div class=\"wp-block-columns has-custom-color-2-background-color has-background is-layout-flex wp-container-core-columns-is-layout-28f84493 wp-block-columns-is-layout-flex\">\n<div class=\"wp-block-column is-layout-flow wp-block-column-is-layout-flow\" style=\"flex-basis:50%\">\n<div data-swiper=\"{&quot;speed&quot;:400,&quot;spaceBetween&quot;:15,&quot;slidesPerView&quot;:1,&quot;createElements&quot;:true,&quot;loop&quot;:true,&quot;freemode&quot;:true,&quot;navigation&quot;:{&quot;nextEl&quot;:&quot;buttonNext&quot;,&quot;prevEl&quot;:&quot;buttonPrev&quot;},&quot;breakpoints&quot;:[{&quot;slidesPerView&quot;:1}],&quot;pagination&quot;:false,&quot;parallax&quot;:true,&quot;autoplay&quot;:{&quot;delay&quot;:3500}}\" class=\"wp-block-group left gt-is-slider gt-is-slider-desktop has-global-padding is-content-justification-left is-layout-constrained wp-container-core-group-is-layout-16a8afda wp-block-group-is-layout-constrained\" style=\"padding-top:0;padding-bottom:0\">\n<figure class=\"wp-block-image size-full has-custom-border\"><img loading=\"lazy\" decoding=\"async\" width=\"1000\" height=\"700\" src=\"https:\/\/www.lemasdeslavandes.fr\/wp-content\/uploads\/sites\/2\/2025\/02\/balade-au-bord-du-littoral-languedocien.jpg\" alt=\"een wandeling langs de kustlijn van de Languedoc\" class=\"wp-image-2445\" style=\"border-bottom-left-radius:0px;border-bottom-right-radius:150px\" srcset=\"https:\/\/www.lemasdeslavandes.fr\/wp-content\/uploads\/sites\/2\/2025\/02\/balade-au-bord-du-littoral-languedocien.jpg 1000w, https:\/\/www.lemasdeslavandes.fr\/wp-content\/uploads\/sites\/2\/2025\/02\/balade-au-bord-du-littoral-languedocien-300x210.jpg 300w, https:\/\/www.lemasdeslavandes.fr\/wp-content\/uploads\/sites\/2\/2025\/02\/balade-au-bord-du-littoral-languedocien-768x538.jpg 768w\" sizes=\"auto, (max-width: 1000px) 100vw, 1000px\" \/><\/figure>\n<\/div>\n<\/div>\n\n\n\n<div class=\"wp-block-column is-layout-flow wp-block-column-is-layout-flow\" style=\"flex-basis:50%\">\n<div class=\"wp-block-group right has-global-padding is-content-justification-left is-layout-constrained wp-container-core-group-is-layout-12dd3699 wp-block-group-is-layout-constrained\">\n<div class=\"wp-block-group h2-container has-global-padding is-layout-constrained wp-block-group-is-layout-constrained\">\n<h2 class=\"wp-block-heading has-base-2-background-color has-background\" style=\"padding-top:var(--wp--preset--spacing--50);padding-bottom:0;padding-left:var(--wp--preset--spacing--50)\"><br \/><mark class=\"has-inline-color has-custom-color-5-color\">Wat te zien en te doen in<\/mark> de <mark class=\"has-inline-color has-custom-color-5-color\">omgeving van<\/mark> S\u00e9rignan<\/h2>\n<\/div>\n\n\n\n<div class=\"wp-block-group bottom has-link-color wp-elements-84b5b9ec731101fa81d2e5d29520b0aa has-global-padding is-layout-constrained wp-container-core-group-is-layout-18c45ae5 wp-block-group-is-layout-constrained\" style=\"padding-top:0;padding-right:15rem;padding-bottom:0;padding-left:var(--wp--preset--spacing--50)\">\n<p>Vous souhaitez vous aventurer hors de la ville ? En parcourant les<a href=\"https:\/\/www.lemasdeslavandes.fr\/tourisme-herault\/\" data-type=\"page\" data-id=\"51\"> alentours de S\u00e9rignan<\/a>, vous pourrez d\u00e9couvrir des villes baln\u00e9aires r\u00e9put\u00e9es dans l\u2019H\u00e9rault et dans l\u2019Aude, mais \u00e9galement des sites exceptionnels dans l\u2019int\u00e9rieur des terres.<\/p>\n\n\n\n<h3 class=\"wp-block-heading has-large-font-size\" style=\"font-style:normal;font-weight:100\"><mark class=\"has-inline-color has-custom-color-5-color\">Breid je bezoek<\/mark> aan de kustlijn van de Languedoc <mark class=\"has-inline-color has-custom-color-5-color\">uit<\/mark> <\/h3>\n\n\n\n<p>Dans la prolongation de Serignan, vous pourrez visiter <a href=\"https:\/\/www.lemasdeslavandes.fr\/tourisme-herault\/tourisme-valras-plage\/\" data-type=\"page\" data-id=\"63\">Valras-Plage<\/a> sur le littoral. C\u2019est une jolie station baln\u00e9aire avec de longues plages de sable fin et une vie anim\u00e9e en \u00e9t\u00e9.<\/p>\n\n\n\n<p>Cap d&#8217;Agde is de belangrijkste badplaats van de H\u00e9rault, met een ruim aanbod aan recreatiemogelijkheden en een bruisend nachtleven. Voor uitzonderlijk natuurschoon gaat u naar de lagune van Thau bij Marseillan-Plage of het dorp Gruissan bij Narbonne Plage. <\/p>\n<\/div>\n<\/div>\n<\/div>\n<\/div>\n<\/section>\n\n<section class=\"wp-block-group page-one has-link-color wp-elements-130efd6f9f126a4bf8dc90211aa932d2 is-layout-flow wp-block-group-is-layout-flow\" style=\"margin-top:var(--wp--preset--spacing--60);margin-bottom:var(--wp--preset--spacing--40)\">\n<div class=\"wp-block-group h2-container has-global-padding is-content-justification-center is-layout-constrained wp-block-group-is-layout-constrained\">\n<h3 class=\"wp-block-heading has-text-align-center has-large-font-size\" style=\"font-style:normal;font-weight:100\">Binnenlandse <mark class=\"has-inline-color has-custom-color-5-color\">ontdekking<\/mark> <\/h3>\n<\/div>\n\n\n\n<div data-swiper=\"{&quot;speed&quot;:400,&quot;spaceBetween&quot;:30,&quot;slidesPerView&quot;:2,&quot;loop&quot;:true,&quot;breakpoints&quot;:{&quot;0&quot;:{&quot;slidesPerView&quot;:1,&quot;centeredSlides&quot;:true},&quot;380&quot;:{&quot;slidesPerView&quot;:2,&quot;centeredSlides&quot;:true}},&quot;navigation&quot;:{&quot;nextEl&quot;:&quot;buttonNext&quot;,&quot;prevEl&quot;:&quot;buttonPrev&quot;},&quot;pagination&quot;:false,&quot;centeredSlides&quot;:true,&quot;parallax&quot;:true,&quot;autoplay&quot;:{&quot;delay&quot;:3500}}\" class=\"wp-block-group slider-container gt-is-slider gt-is-slider-desktop is-layout-flow wp-block-group-is-layout-flow\">\n<div data-swiper=\"{&quot;speed&quot;:1000,&quot;autoplay&quot;:{&quot;delay&quot;:5000,&quot;disableOnInteraction&quot;:false},&quot;spaceBetween&quot;:0,&quot;slidesPerView&quot;:1,&quot;pagination&quot;:{&quot;el&quot;:&quot;.swiper-pagination&quot;,&quot;dynamicBullets&quot;:true,&quot;clickable&quot;:true,&quot;type&quot;:&quot;bullets&quot;},&quot;navigation&quot;:{&quot;nextEl&quot;:&quot;.swiper-button-next&quot;,&quot;prevEl&quot;:&quot;.swiper-button-prev&quot;},&quot;breakpoints&quot;:[{&quot;slidesPerView&quot;:1}]}\" class=\"wp-block-cover has-custom-content-position is-position-bottom-center\" style=\"border-top-right-radius:150px;min-height:700px;aspect-ratio:unset;\"><span aria-hidden=\"true\" class=\"wp-block-cover__background has-background-dim-0 has-background-dim\" style=\"background-color:#75766d\"><\/span><img loading=\"lazy\" decoding=\"async\" width=\"1000\" height=\"700\" class=\"wp-block-cover__image-background wp-image-2450\" alt=\"visiter la cathedrale saint nazaire a beziers\" src=\"https:\/\/www.lemasdeslavandes.fr\/wp-content\/uploads\/sites\/2\/2025\/02\/visiter-la-cathedrale-saint-nazaire-a-beziers.jpg\" data-object-fit=\"cover\" srcset=\"https:\/\/www.lemasdeslavandes.fr\/wp-content\/uploads\/sites\/2\/2025\/02\/visiter-la-cathedrale-saint-nazaire-a-beziers.jpg 1000w, https:\/\/www.lemasdeslavandes.fr\/wp-content\/uploads\/sites\/2\/2025\/02\/visiter-la-cathedrale-saint-nazaire-a-beziers-300x210.jpg 300w, https:\/\/www.lemasdeslavandes.fr\/wp-content\/uploads\/sites\/2\/2025\/02\/visiter-la-cathedrale-saint-nazaire-a-beziers-768x538.jpg 768w\" sizes=\"auto, (max-width: 1000px) 100vw, 1000px\" \/><div class=\"wp-block-cover__inner-container has-global-padding is-layout-constrained wp-block-cover-is-layout-constrained\">\n<p class=\"has-text-align-center has-base-2-color has-text-color has-link-color has-josefin-sans-font-family wp-elements-58597a016716925fbbb76ffc10ab05c8\" style=\"font-size:clamp(0.875rem, 0.875rem + ((1vw - 0.2rem) * 0.576), 1.3rem);letter-spacing:1px\">Kathedraal Saint-Nazaire in B\u00e9ziers<\/p>\n<\/div><\/div>\n\n\n\n<div data-swiper=\"{&quot;speed&quot;:1000,&quot;autoplay&quot;:{&quot;delay&quot;:5000,&quot;disableOnInteraction&quot;:false},&quot;spaceBetween&quot;:0,&quot;slidesPerView&quot;:1,&quot;pagination&quot;:{&quot;el&quot;:&quot;.swiper-pagination&quot;,&quot;dynamicBullets&quot;:true,&quot;clickable&quot;:true,&quot;type&quot;:&quot;bullets&quot;},&quot;navigation&quot;:{&quot;nextEl&quot;:&quot;.swiper-button-next&quot;,&quot;prevEl&quot;:&quot;.swiper-button-prev&quot;},&quot;breakpoints&quot;:[{&quot;slidesPerView&quot;:1}]}\" class=\"wp-block-cover is-light has-custom-content-position is-position-bottom-center\" style=\"border-top-right-radius:150px;min-height:700px;aspect-ratio:unset;\"><span aria-hidden=\"true\" class=\"wp-block-cover__background has-background-dim-0 has-background-dim\" style=\"background-color:#8a8c97\"><\/span><img loading=\"lazy\" decoding=\"async\" width=\"1000\" height=\"700\" class=\"wp-block-cover__image-background wp-image-2454\" alt=\"visiter le musee fabre a montpellier\" src=\"https:\/\/www.lemasdeslavandes.fr\/wp-content\/uploads\/sites\/2\/2025\/02\/visiter-le-musee-fabre-a-montpellier.jpg\" data-object-fit=\"cover\" srcset=\"https:\/\/www.lemasdeslavandes.fr\/wp-content\/uploads\/sites\/2\/2025\/02\/visiter-le-musee-fabre-a-montpellier.jpg 1000w, https:\/\/www.lemasdeslavandes.fr\/wp-content\/uploads\/sites\/2\/2025\/02\/visiter-le-musee-fabre-a-montpellier-300x210.jpg 300w, https:\/\/www.lemasdeslavandes.fr\/wp-content\/uploads\/sites\/2\/2025\/02\/visiter-le-musee-fabre-a-montpellier-768x538.jpg 768w\" sizes=\"auto, (max-width: 1000px) 100vw, 1000px\" \/><div class=\"wp-block-cover__inner-container has-global-padding is-layout-constrained wp-block-cover-is-layout-constrained\">\n<p class=\"has-text-align-center has-base-2-color has-text-color has-link-color has-josefin-sans-font-family wp-elements-4a3598145cd9f8da049cf3e03762048a\" style=\"font-size:clamp(0.875rem, 0.875rem + ((1vw - 0.2rem) * 0.576), 1.3rem);letter-spacing:1px\">Fabre Museum in Montpellier<\/p>\n<\/div><\/div>\n\n\n\n<div data-swiper=\"{&quot;speed&quot;:1000,&quot;autoplay&quot;:{&quot;delay&quot;:5000,&quot;disableOnInteraction&quot;:false},&quot;spaceBetween&quot;:0,&quot;slidesPerView&quot;:1,&quot;pagination&quot;:{&quot;el&quot;:&quot;.swiper-pagination&quot;,&quot;dynamicBullets&quot;:true,&quot;clickable&quot;:true,&quot;type&quot;:&quot;bullets&quot;},&quot;navigation&quot;:{&quot;nextEl&quot;:&quot;.swiper-button-next&quot;,&quot;prevEl&quot;:&quot;.swiper-button-prev&quot;},&quot;breakpoints&quot;:[{&quot;slidesPerView&quot;:1}]}\" class=\"wp-block-cover is-light has-custom-content-position is-position-bottom-center\" style=\"border-top-right-radius:150px;min-height:700px;aspect-ratio:unset;\"><span aria-hidden=\"true\" class=\"wp-block-cover__background has-background-dim-0 has-background-dim\" style=\"background-color:#9f8c7e\"><\/span><img loading=\"lazy\" decoding=\"async\" width=\"1000\" height=\"700\" class=\"wp-block-cover__image-background wp-image-2458\" alt=\"visiter la grotte de clamouse a saint jean de fos\" src=\"https:\/\/www.lemasdeslavandes.fr\/wp-content\/uploads\/sites\/2\/2025\/02\/visiter-la-grotte-de-clamouse-a-saint-jean-de-fos.jpg\" data-object-fit=\"cover\" srcset=\"https:\/\/www.lemasdeslavandes.fr\/wp-content\/uploads\/sites\/2\/2025\/02\/visiter-la-grotte-de-clamouse-a-saint-jean-de-fos.jpg 1000w, https:\/\/www.lemasdeslavandes.fr\/wp-content\/uploads\/sites\/2\/2025\/02\/visiter-la-grotte-de-clamouse-a-saint-jean-de-fos-300x210.jpg 300w, https:\/\/www.lemasdeslavandes.fr\/wp-content\/uploads\/sites\/2\/2025\/02\/visiter-la-grotte-de-clamouse-a-saint-jean-de-fos-768x538.jpg 768w\" sizes=\"auto, (max-width: 1000px) 100vw, 1000px\" \/><div class=\"wp-block-cover__inner-container has-global-padding is-layout-constrained wp-block-cover-is-layout-constrained\">\n<p class=\"has-text-align-center has-base-2-color has-text-color has-link-color has-josefin-sans-font-family wp-elements-b21955cfd4f91046183218fa5a63edb0\" style=\"font-size:clamp(0.875rem, 0.875rem + ((1vw - 0.2rem) * 0.576), 1.3rem);letter-spacing:1px\">Clamouse grot bij St-Jean de Fos<\/p>\n<\/div><\/div>\n\n\n\n<div data-swiper=\"{&quot;speed&quot;:1000,&quot;autoplay&quot;:{&quot;delay&quot;:5000,&quot;disableOnInteraction&quot;:false},&quot;spaceBetween&quot;:0,&quot;slidesPerView&quot;:1,&quot;pagination&quot;:{&quot;el&quot;:&quot;.swiper-pagination&quot;,&quot;dynamicBullets&quot;:true,&quot;clickable&quot;:true,&quot;type&quot;:&quot;bullets&quot;},&quot;navigation&quot;:{&quot;nextEl&quot;:&quot;.swiper-button-next&quot;,&quot;prevEl&quot;:&quot;.swiper-button-prev&quot;},&quot;breakpoints&quot;:[{&quot;slidesPerView&quot;:1}]}\" class=\"wp-block-cover has-custom-content-position is-position-bottom-center\" style=\"border-top-right-radius:150px;min-height:700px;aspect-ratio:unset;\"><span aria-hidden=\"true\" class=\"wp-block-cover__background has-background-dim-0 has-background-dim\" style=\"background-color:#5f8189\"><\/span><img loading=\"lazy\" decoding=\"async\" width=\"1000\" height=\"700\" class=\"wp-block-cover__image-background wp-image-2463\" alt=\"visiter le village de saint guilhem le desert\" src=\"https:\/\/www.lemasdeslavandes.fr\/wp-content\/uploads\/sites\/2\/2025\/02\/visiter-le-village-de-saint-guilhem-le-desert.jpg\" data-object-fit=\"cover\" srcset=\"https:\/\/www.lemasdeslavandes.fr\/wp-content\/uploads\/sites\/2\/2025\/02\/visiter-le-village-de-saint-guilhem-le-desert.jpg 1000w, https:\/\/www.lemasdeslavandes.fr\/wp-content\/uploads\/sites\/2\/2025\/02\/visiter-le-village-de-saint-guilhem-le-desert-300x210.jpg 300w, https:\/\/www.lemasdeslavandes.fr\/wp-content\/uploads\/sites\/2\/2025\/02\/visiter-le-village-de-saint-guilhem-le-desert-768x538.jpg 768w\" sizes=\"auto, (max-width: 1000px) 100vw, 1000px\" \/><div class=\"wp-block-cover__inner-container has-global-padding is-layout-constrained wp-block-cover-is-layout-constrained\">\n<p class=\"has-text-align-center has-base-2-color has-text-color has-link-color has-josefin-sans-font-family wp-elements-528dab9a7fe7498a6a16b2617a8e3823\" style=\"font-size:clamp(0.875rem, 0.875rem + ((1vw - 0.2rem) * 0.576), 1.3rem);letter-spacing:1px\">Saint Guilhem Le D\u00e9sert<\/p>\n<\/div><\/div>\n<\/div>\n\n\n\n<p class=\"has-text-align-center\" style=\"padding-top:var(--wp--preset--spacing--40);padding-right:30rem;padding-left:30rem\">\u00c0 seulement quelques kilom\u00e8tres de S\u00e9rignan, vous pourrez <a href=\"https:\/\/www.lemasdeslavandes.fr\/tourisme-herault\/beziers-canal-du-midi\/\" data-type=\"page\" data-id=\"83\">visiter B\u00e9ziers<\/a>, une ville historique avec son pont-canal, sa cath\u00e9drale Saint-Nazaire et son th\u00e9\u00e2tre. Il y a \u00e9galement Montpellier, la capitale de l\u2019H\u00e9rault qui regroupe de nombreux mus\u00e9es, universit\u00e9s, restaurants et boutiques. Plus proche encore, il y a P\u00e9zenas, une jolie ville m\u00e9di\u00e9vale avec ses rues pav\u00e9es et ses maisons en pierre.<\/p>\n\n\n    <div id=\"gt-fse-lire-plus-69f329e8a3ef6\" class=\"gt-fse-lire-plus\" data-min-height=\"130\" style=\"background-color: #fff;\">\n        <input id=\"gt-fse-lire-plus-69f329e8a3ef6-toggle\" type=\"checkbox\" class=\"gt-fse-lire-plus__toggle\" \/>\n        <label for=\"gt-fse-lire-plus-69f329e8a3ef6-toggle\" class=\"gt-fse-lire-plus__toggle-label\">\n            <span>Meer lezen<\/span>\n            <span>Minder lezen<\/span>\n        <\/label>\n        <div class=\"gt-fse-lire-plus__content\" style=\"height: 130px;\">\n            \n\n<p class=\"has-text-align-center\" style=\"padding-top:var(--wp--preset--spacing--40);padding-right:30rem;padding-left:30rem\">Trek naar de Gorges de l&#8217;H\u00e9rault en maak een dagtocht om dit indrukwekkende natuurpark te ontdekken. Je vindt er twee symbolische plaatsen: Saint Guilhem le D\u00e9sert en de Grotte de Clamouse in St Jean de Fos. De Grotte de Clamouse is een prehistorische grot die geschiedenisliefhebbers van alle leeftijden zal bekoren. Hier kun je grotschilderingen ontdekken die meer dan 20.000 jaar oud zijn, terwijl je geniet van een reeks ongewone activiteiten (speleologieparcours, ontsnappingsspel). Saint Guilhem le D\u00e9sert is een van de mooiste dorpen van Frankrijk in de H\u00e9rault, met een mix van romaanse en middeleeuwse architectuur en een natuurlijk, heuvelachtig landschap.Om je te helpen bij het organiseren van je vakantie Kamperen in S\u00e9rignan en omgeving, raden we je aan contact op te nemen met <a href=\"http:\/\/www.beziers-in-mediterranee.com\/decouvrir-beziers-mediterranee\/cote-mer\/serignan\" target=\"_blank\" rel=\"noreferrer noopener nofollow\">het Office du Tourisme van S\u00e9rignan<\/a>. Zij kunnen je ook vertellen over de <a href=\"http:\/\/cms.ffrandonnee.fr\/data\/CD34\/files\/frh-la-passejade-del-cres.pdf\" target=\"_blank\" rel=\"noreferrer noopener nofollow\">wandelroutes rond S\u00e9rignan<\/a>.     <\/p>\n\n            <div class=\"gt-fse-lire-plus__gradient\" style=\"background: linear-gradient(to bottom,rgba(255,255,255,0) 0%,rgba(255,255,255,1) 100%);\"><\/div>\n        <\/div>\n    <\/div>\n    <\/section>\n\n<section class=\"wp-block-group alignfull home-intro home-fifth page-three has-custom-color-2-background-color has-background is-layout-flow wp-block-group-is-layout-flow\" style=\"margin-top:0;margin-bottom:0;padding-bottom:var(--wp--preset--spacing--60)\">\n<div class=\"wp-block-group is-layout-flow wp-block-group-is-layout-flow\" style=\"padding-top:4rem\">\n<div data-swiper=\"{&quot;speed&quot;:1000,&quot;autoplay&quot;:{&quot;delay&quot;:5000,&quot;disableOnInteraction&quot;:false},&quot;spaceBetween&quot;:0,&quot;slidesPerView&quot;:1,&quot;pagination&quot;:{&quot;el&quot;:&quot;.swiper-pagination&quot;,&quot;dynamicBullets&quot;:true,&quot;clickable&quot;:true,&quot;type&quot;:&quot;bullets&quot;},&quot;navigation&quot;:{&quot;nextEl&quot;:&quot;.swiper-button-next&quot;,&quot;prevEl&quot;:&quot;.swiper-button-prev&quot;},&quot;breakpoints&quot;:[{&quot;slidesPerView&quot;:1}]}\" class=\"wp-block-cover has-custom-content-position is-position-top-center\" style=\"min-height:800px;aspect-ratio:unset;\"><span aria-hidden=\"true\" class=\"wp-block-cover__background has-background-dim-100 has-background-dim wp-block-cover__gradient-background has-background-gradient\" style=\"background:linear-gradient(180deg,rgb(247,244,241) 16%,rgba(247,245,242,0.91) 31%,rgba(247,245,242,0.44) 49%)\"><\/span><img loading=\"lazy\" decoding=\"async\" width=\"2000\" height=\"800\" class=\"wp-block-cover__image-background wp-image-248\" alt=\"camping valras faq\" src=\"https:\/\/www.lemasdeslavandes.fr\/wp-content\/uploads\/sites\/2\/2025\/01\/camping-valras-faq.jpg\" data-object-fit=\"cover\" srcset=\"https:\/\/www.lemasdeslavandes.fr\/wp-content\/uploads\/sites\/2\/2025\/01\/camping-valras-faq.jpg 2000w, https:\/\/www.lemasdeslavandes.fr\/wp-content\/uploads\/sites\/2\/2025\/01\/camping-valras-faq-300x120.jpg 300w, https:\/\/www.lemasdeslavandes.fr\/wp-content\/uploads\/sites\/2\/2025\/01\/camping-valras-faq-1024x410.jpg 1024w, https:\/\/www.lemasdeslavandes.fr\/wp-content\/uploads\/sites\/2\/2025\/01\/camping-valras-faq-768x307.jpg 768w, https:\/\/www.lemasdeslavandes.fr\/wp-content\/uploads\/sites\/2\/2025\/01\/camping-valras-faq-1536x614.jpg 1536w\" sizes=\"auto, (max-width: 2000px) 100vw, 2000px\" \/><div class=\"wp-block-cover__inner-container has-global-padding is-layout-constrained wp-block-cover-is-layout-constrained\">\n<div class=\"wp-block-group h2-container has-global-padding is-layout-constrained wp-block-group-is-layout-constrained\">\n<p class=\"has-text-align-center has-josefin-sans-font-family\" style=\"margin-top:8rem;margin-bottom:0px;font-size:clamp(1.743rem, 1.743rem + ((1vw - 0.2rem) * 1.704), 3rem);line-height:1.2\"><strong>Ontdek<\/strong><\/p>\n\n\n\n<p class=\"has-text-align-center has-josefin-sans-font-family\" style=\"margin-top:0rem;font-size:clamp(3.35rem, 3.35rem + ((1vw - 0.2rem) * 4.678), 6.8rem);line-height:1.2\"><strong><mark class=\"has-inline-color has-custom-color-5-color\">de omgeving<\/mark><\/strong><\/p>\n<\/div>\n<\/div><\/div>\n\n\n\n<div class=\"wp-block-columns middle is-layout-flex wp-container-core-columns-is-layout-a92e52df wp-block-columns-is-layout-flex\" style=\"padding-top:0rem;padding-right:22rem;padding-left:22rem\">\n<div class=\"wp-block-column is-layout-flow wp-block-column-is-layout-flow\"><a href=\"https:\/\/www.lemasdeslavandes.fr\/tourisme-herault\/cirque-navacelle\/\"    class=\"aligncenter campsite-item wp-block-tiptip-hyperlink-group-block\" >\n<div data-swiper=\"{&quot;speed&quot;:1000,&quot;autoplay&quot;:{&quot;delay&quot;:5000,&quot;disableOnInteraction&quot;:false},&quot;spaceBetween&quot;:0,&quot;slidesPerView&quot;:1,&quot;pagination&quot;:{&quot;el&quot;:&quot;.swiper-pagination&quot;,&quot;dynamicBullets&quot;:true,&quot;clickable&quot;:true,&quot;type&quot;:&quot;bullets&quot;},&quot;navigation&quot;:{&quot;nextEl&quot;:&quot;.swiper-button-next&quot;,&quot;prevEl&quot;:&quot;.swiper-button-prev&quot;},&quot;breakpoints&quot;:[{&quot;slidesPerView&quot;:1}]}\" class=\"wp-block-cover is-light banner-campsite\" style=\"border-top-left-radius:200px;border-top-right-radius:200px;border-bottom-right-radius:200px;padding-right:var(--wp--preset--spacing--10);padding-left:var(--wp--preset--spacing--10);min-height:550px;aspect-ratio:unset;\"><span aria-hidden=\"true\" class=\"wp-block-cover__background has-custom-color-5-background-color has-background-dim-0 has-background-dim\"><\/span><img loading=\"lazy\" decoding=\"async\" width=\"840\" height=\"700\" class=\"wp-block-cover__image-background wp-image-1070\" alt=\"randonnee au cirque de navacelles en herault\" src=\"https:\/\/www.lemasdeslavandes.fr\/wp-content\/uploads\/sites\/2\/2025\/01\/randonnee-au-cirque-de-navacelles-en-herault.webp\" data-object-fit=\"cover\" srcset=\"https:\/\/www.lemasdeslavandes.fr\/wp-content\/uploads\/sites\/2\/2025\/01\/randonnee-au-cirque-de-navacelles-en-herault.webp 840w, https:\/\/www.lemasdeslavandes.fr\/wp-content\/uploads\/sites\/2\/2025\/01\/randonnee-au-cirque-de-navacelles-en-herault-300x250.webp 300w, https:\/\/www.lemasdeslavandes.fr\/wp-content\/uploads\/sites\/2\/2025\/01\/randonnee-au-cirque-de-navacelles-en-herault-768x640.webp 768w\" sizes=\"auto, (max-width: 840px) 100vw, 840px\" \/><div class=\"wp-block-cover__inner-container has-global-padding is-layout-constrained wp-container-core-cover-is-layout-b13d32f8 wp-block-cover-is-layout-constrained\">\n<p class=\"has-text-align-center has-base-2-color has-text-color has-link-color has-josefin-sans-font-family wp-elements-c0c641056e8b4543fcd0675df22acac0\" style=\"font-size:clamp(1.198rem, 1.198rem + ((1vw - 0.2rem) * 0.952), 1.9rem);font-style:normal;font-weight:400;line-height:1.2\">Cirque de Navacelle<\/p>\n<\/div><\/div>\n<\/a><\/div>\n\n\n\n<div class=\"wp-block-column is-layout-flow wp-block-column-is-layout-flow\"><a href=\"https:\/\/www.lemasdeslavandes.fr\/tourisme-herault\/vendres\/\"    class=\"campsite-item wp-block-tiptip-hyperlink-group-block\" >\n<div data-swiper=\"{&quot;speed&quot;:1000,&quot;autoplay&quot;:{&quot;delay&quot;:5000,&quot;disableOnInteraction&quot;:false},&quot;spaceBetween&quot;:0,&quot;slidesPerView&quot;:1,&quot;pagination&quot;:{&quot;el&quot;:&quot;.swiper-pagination&quot;,&quot;dynamicBullets&quot;:true,&quot;clickable&quot;:true,&quot;type&quot;:&quot;bullets&quot;},&quot;navigation&quot;:{&quot;nextEl&quot;:&quot;.swiper-button-next&quot;,&quot;prevEl&quot;:&quot;.swiper-button-prev&quot;},&quot;breakpoints&quot;:[{&quot;slidesPerView&quot;:1}]}\" class=\"wp-block-cover is-light banner-campsite\" style=\"border-top-left-radius:200px;border-top-right-radius:198px;border-bottom-right-radius:200px;padding-right:var(--wp--preset--spacing--10);padding-left:var(--wp--preset--spacing--10);min-height:550px;aspect-ratio:unset;\"><span aria-hidden=\"true\" class=\"wp-block-cover__background has-custom-color-5-background-color has-background-dim-0 has-background-dim\"><\/span><img loading=\"lazy\" decoding=\"async\" width=\"400\" height=\"640\" class=\"wp-block-cover__image-background wp-image-579\" alt=\"tourisme vendres\" src=\"https:\/\/www.lemasdeslavandes.fr\/wp-content\/uploads\/sites\/2\/2025\/01\/tourisme-vendres.jpg\" data-object-fit=\"cover\" srcset=\"https:\/\/www.lemasdeslavandes.fr\/wp-content\/uploads\/sites\/2\/2025\/01\/tourisme-vendres.jpg 400w, https:\/\/www.lemasdeslavandes.fr\/wp-content\/uploads\/sites\/2\/2025\/01\/tourisme-vendres-188x300.jpg 188w\" sizes=\"auto, (max-width: 400px) 100vw, 400px\" \/><div class=\"wp-block-cover__inner-container has-global-padding is-layout-constrained wp-container-core-cover-is-layout-b13d32f8 wp-block-cover-is-layout-constrained\">\n<p class=\"has-text-align-center has-base-2-color has-text-color has-link-color has-josefin-sans-font-family wp-elements-8c0480b8763bcc373b7407e0823573d3\" style=\"font-size:clamp(1.198rem, 1.198rem + ((1vw - 0.2rem) * 0.952), 1.9rem);font-style:normal;font-weight:400;line-height:1.2\">Vendres<\/p>\n<\/div><\/div>\n<\/a><\/div>\n\n\n\n<div class=\"wp-block-column is-layout-flow wp-block-column-is-layout-flow\"><a href=\"https:\/\/www.lemasdeslavandes.fr\/tourisme-herault\/pezenas\/\"    class=\"campsite-item wp-block-tiptip-hyperlink-group-block\" >\n<div data-swiper=\"{&quot;speed&quot;:1000,&quot;autoplay&quot;:{&quot;delay&quot;:5000,&quot;disableOnInteraction&quot;:false},&quot;spaceBetween&quot;:0,&quot;slidesPerView&quot;:1,&quot;pagination&quot;:{&quot;el&quot;:&quot;.swiper-pagination&quot;,&quot;dynamicBullets&quot;:true,&quot;clickable&quot;:true,&quot;type&quot;:&quot;bullets&quot;},&quot;navigation&quot;:{&quot;nextEl&quot;:&quot;.swiper-button-next&quot;,&quot;prevEl&quot;:&quot;.swiper-button-prev&quot;},&quot;breakpoints&quot;:[{&quot;slidesPerView&quot;:1}]}\" class=\"wp-block-cover banner-campsite\" style=\"border-top-left-radius:200px;border-top-right-radius:200px;border-bottom-right-radius:200px;padding-right:var(--wp--preset--spacing--10);padding-left:var(--wp--preset--spacing--10);min-height:550px;aspect-ratio:unset;\"><span aria-hidden=\"true\" class=\"wp-block-cover__background has-custom-color-5-background-color has-background-dim-0 has-background-dim\"><\/span><img loading=\"lazy\" decoding=\"async\" width=\"400\" height=\"640\" class=\"wp-block-cover__image-background wp-image-576\" alt=\"tourisme pezenas\" src=\"https:\/\/www.lemasdeslavandes.fr\/wp-content\/uploads\/sites\/2\/2025\/01\/tourisme-pezenas.jpg\" data-object-fit=\"cover\" srcset=\"https:\/\/www.lemasdeslavandes.fr\/wp-content\/uploads\/sites\/2\/2025\/01\/tourisme-pezenas.jpg 400w, https:\/\/www.lemasdeslavandes.fr\/wp-content\/uploads\/sites\/2\/2025\/01\/tourisme-pezenas-188x300.jpg 188w\" sizes=\"auto, (max-width: 400px) 100vw, 400px\" \/><div class=\"wp-block-cover__inner-container has-global-padding is-layout-constrained wp-container-core-cover-is-layout-b13d32f8 wp-block-cover-is-layout-constrained\">\n<p class=\"has-text-align-center has-base-2-color has-text-color has-link-color has-josefin-sans-font-family wp-elements-ed8bb5c09d018d2b765119b360595c36\" style=\"font-size:clamp(1.198rem, 1.198rem + ((1vw - 0.2rem) * 0.952), 1.9rem);line-height:1.3\">P\u00e9zenas<\/p>\n<\/div><\/div>\n<\/a><\/div>\n<\/div>\n<\/div>\n<\/section>\n","protected":false},"excerpt":{"rendered":"<p>Bezoek S\u00e9rignan in de H\u00e9rault Wat te doen in S\u00e9rignan? S\u00e9rignan is een Franse stad in het departement H\u00e9rault en een van de mooiste bestemmingen in de regio Occitanie. De stad zit boordevol natuurlijke en historische wonderen en heeft alles om bezoekers aan te trekken. De nombreuses activit\u00e9s \u00e0 S\u00e9rignan Plage sont accessibles pour vous [&hellip;]<\/p>\n","protected":false},"author":1,"featured_media":1176,"parent":9082,"menu_order":57,"comment_status":"closed","ping_status":"closed","template":"","meta":{"_acf_changed":false,"_seopress_robots_primary_cat":"","_seopress_titles_title":"Toerisme S\u00e9rignan | Activiteiten en bezoeken in S\u00e9rignan","_seopress_titles_desc":"Kom de schoonheid van S\u00e9rignan en zijn mediterrane stranden ontdekken vanaf ons 4-sterren Kamperen in Valras in de H\u00e9rault.","_seopress_robots_index":"","inline_featured_image":false,"gt_fse_maillage_image":"https:\/\/www.lemasdeslavandes.fr\/wp-content\/uploads\/sites\/2\/2025\/01\/visiter-serignan-en-herault.webp","gt_fse_maillage_titre":"S\u00e9rignan","gt_fse_maillage_alt":"S\u00e9rignan","gt_fse_maillage_resume":"","footnotes":""},"categories":[],"tags":[],"class_list":["post-9087","page","type-page","status-publish","has-post-thumbnail","hentry"],"acf":[],"_links":{"self":[{"href":"https:\/\/www.lemasdeslavandes.fr\/nl\/wp-json\/wp\/v2\/pages\/9087","targetHints":{"allow":["GET"]}}],"collection":[{"href":"https:\/\/www.lemasdeslavandes.fr\/nl\/wp-json\/wp\/v2\/pages"}],"about":[{"href":"https:\/\/www.lemasdeslavandes.fr\/nl\/wp-json\/wp\/v2\/types\/page"}],"author":[{"embeddable":true,"href":"https:\/\/www.lemasdeslavandes.fr\/nl\/wp-json\/wp\/v2\/users\/1"}],"replies":[{"embeddable":true,"href":"https:\/\/www.lemasdeslavandes.fr\/nl\/wp-json\/wp\/v2\/comments?post=9087"}],"version-history":[{"count":12,"href":"https:\/\/www.lemasdeslavandes.fr\/nl\/wp-json\/wp\/v2\/pages\/9087\/revisions"}],"predecessor-version":[{"id":11252,"href":"https:\/\/www.lemasdeslavandes.fr\/nl\/wp-json\/wp\/v2\/pages\/9087\/revisions\/11252"}],"up":[{"embeddable":true,"href":"https:\/\/www.lemasdeslavandes.fr\/nl\/wp-json\/wp\/v2\/pages\/9082"}],"wp:featuredmedia":[{"embeddable":true,"href":"https:\/\/www.lemasdeslavandes.fr\/nl\/wp-json\/wp\/v2\/media\/1176"}],"wp:attachment":[{"href":"https:\/\/www.lemasdeslavandes.fr\/nl\/wp-json\/wp\/v2\/media?parent=9087"}],"wp:term":[{"taxonomy":"category","embeddable":true,"href":"https:\/\/www.lemasdeslavandes.fr\/nl\/wp-json\/wp\/v2\/categories?post=9087"},{"taxonomy":"post_tag","embeddable":true,"href":"https:\/\/www.lemasdeslavandes.fr\/nl\/wp-json\/wp\/v2\/tags?post=9087"}],"curies":[{"name":"wp","href":"https:\/\/api.w.org\/{rel}","templated":true}]}}